{"id":1068,"date":"2018-03-15T19:47:29","date_gmt":"2018-03-15T19:47:29","guid":{"rendered":"https:\/\/www.cedpe.com\/publicaciones\/"},"modified":"2018-11-06T11:47:01","modified_gmt":"2018-11-06T16:47:01","slug":"publications","status":"publish","type":"page","link":"https:\/\/www.cedpe.com\/en\/publications\/","title":{"rendered":"Publications"},"content":{"rendered":"[vc_row full_width=&#8221;stretch_row&#8221; content_placement=&#8221;middle&#8221; el_id=&#8221;publicaciones&#8221; css=&#8221;.vc_custom_1521143829817{background-image: url(https:\/\/www.cedpe.com\/wp-content\/uploads\/2018\/03\/publicaciones-fondo-img.jpg?id=82) !important;}&#8221;][vc_column width=&#8221;1\/2&#8243;][vc_column_text el_class=&#8221;publicacion_titulo&#8221;]\n<h1><strong>PUBLICACIONES<\/strong><\/h1>\n[\/vc_column_text][\/vc_column][vc_column width=&#8221;1\/2&#8243;][\/vc_column][\/vc_row][vc_row full_width=&#8221;stretch_row&#8221; el_id=&#8221;publicaciones_contenido&#8221;][vc_column][vc_column_text]\n<p style=\"text-align: justify;\"><span style=\"font-size: 14px; font-family: verdana, geneva;\">Con el prop\u00f3sito de difundir la producci\u00f3n cient\u00edfica de nuestros investigadores o las obras de especial inter\u00e9s para el derecho penal econ\u00f3mico y empresarial, el CEDPE participa activamente en la publicaci\u00f3n de libros, revistas, manuales, boletines y otros medios de difusi\u00f3n, ya sea en formato f\u00edsico o electr\u00f3nico.<\/span><\/p>\n<p style=\"text-align: justify;\"><span style=\"font-size: 14px; font-family: verdana, geneva;\">Asimismo, con el auspicio directo de Caro &amp; Asociados, el CEDPE edita el Anuario de Derecho Penal Econ\u00f3mico y de la Empresa, revista donde se publican art\u00edculos de actualidad y con especial relevancia para el derecho penal empresarial.<\/span><\/p>\n[\/vc_column_text][\/vc_column][\/vc_row][vc_row full_width=&#8221;stretch_row&#8221; el_id=&#8221;publicaciones__tabs&#8221; css=&#8221;.vc_custom_1539964958595{background-color: #f1f1f1 !important;}&#8221;][vc_column][vc_tta_tabs color=&#8221;white&#8221; alignment=&#8221;center&#8221; active_section=&#8221;1&#8243; no_fill_content_area=&#8221;true&#8221; el_class=&#8221;publicaciones_tabs&#8221;][vc_tta_section i_icon_fontawesome=&#8221;fa fa-calendar&#8221; add_icon=&#8221;true&#8221; title=&#8221;2016&#8243; tab_id=&#8221;2016&#8243; el_class=&#8221;publicaciones_tab-title&#8221;][vc_row_inner el_class=&#8221;publicacion_row&#8221;][vc_column_inner width=&#8221;1\/3&#8243;][vc_single_image image=&#8221;874&#8243; el_class=&#8221;publicacion_img-item&#8221;][\/vc_column_inner][vc_column_inner width=&#8221;2\/3&#8243;][vc_column_text el_class=&#8221;publicacion_texto&#8221;]\n<h4>LIBRO: <strong>&#8220;Glosario de T\u00e9rminos Jur\u00eddicos Penales&#8221;<\/strong><\/h4>\n<p><strong>Autor(es):<\/strong><br \/>\nCEDPE<\/p>\n<p><strong>Editorial(es):<\/strong><br \/>\nCEDPE<\/p>\n<p><strong>Lugar y Fecha:<\/strong>\u00a0Lima, 2016.[\/vc_column_text][vc_btn title=&#8221;Ver PDF&#8221; style=&#8221;custom&#8221; custom_text=&#8221;#666666&#8243; align=&#8221;left&#8221; link=&#8221;url:https%3A%2F%2Fissuu.com%2Fccfirma%2Fdocs%2Fvoces_29.08.2016||target:%20_blank|&#8221; el_class=&#8221;publicacion_btn&#8221;][\/vc_column_inner][\/vc_row_inner][vc_row_inner el_class=&#8221;publicacion_row&#8221;][vc_column_inner width=&#8221;1\/3&#8243;][vc_single_image image=&#8221;874&#8243; el_class=&#8221;publicacion_img-item&#8221;][\/vc_column_inner][vc_column_inner width=&#8221;2\/3&#8243;][vc_column_text el_class=&#8221;publicacion_texto&#8221;]\n<h4>Libro: <strong>&#8220;Derecho Penal Econ\u00f3mico, Parte General y Parte Especial&#8221;<\/strong><\/h4>\n<p><strong>Autor(es):<\/strong><br \/>\nCARO CORIA, Dino Carlos; REYNA ALFARO, Luis Miguel; REATEGUI SANCHEZ, James<\/p>\n<p><strong>Editorial(es):<\/strong><br \/>\nJurista Editores<\/p>\n<p><strong>Lugar y Fecha:<\/strong>\u00a0Lima, 2016.[\/vc_column_text][vc_btn title=&#8221;Ver PDF&#8221; style=&#8221;custom&#8221; custom_text=&#8221;#666666&#8243; align=&#8221;left&#8221; link=&#8221;url:https%3A%2F%2Fwww.cedpe.com%2Fwp-content%2Fuploads%2F2018%2F08%2FDerecho-penal-economico-parte-general-y-parte-especial.pdf||target:%20_blank|&#8221; el_class=&#8221;publicacion_btn&#8221;][\/vc_column_inner][\/vc_row_inner][vc_row_inner el_class=&#8221;publicacion_row&#8221;][vc_column_inner width=&#8221;1\/3&#8243;][vc_single_image image=&#8221;874&#8243; el_class=&#8221;publicacion_img-item&#8221;][\/vc_column_inner][vc_column_inner width=&#8221;2\/3&#8243;][vc_column_text el_class=&#8221;publicacion_texto&#8221;]\n<h4>LIBRO: <strong>&#8220;La Impugnaci\u00f3n en el Proceso Penal&#8221;<\/strong><\/h4>\n<p><strong>Autor(es):<\/strong><br \/>\nIBERICO CASTA\u00d1EDA, Luis Fernando<\/p>\n<p><strong>Editorial(es):<\/strong><br \/>\nPac\u00edfico<\/p>\n<p><strong>Lugar y Fecha:<\/strong>\u00a0Lima, 2016.[\/vc_column_text][vc_btn title=&#8221;Ver PDF&#8221; style=&#8221;custom&#8221; custom_text=&#8221;#666666&#8243; align=&#8221;left&#8221; link=&#8221;url:http%3A%2F%2Fccfirma.blogspot.com%2F2016%2F04%2Flibro-prof-luis-fernando-iberico.html||target:%20_blank|&#8221; el_class=&#8221;publicacion_btn&#8221;][\/vc_column_inner][\/vc_row_inner][\/vc_tta_section][vc_tta_section i_icon_fontawesome=&#8221;fa fa-calendar&#8221; add_icon=&#8221;true&#8221; title=&#8221;2015&#8243; tab_id=&#8221;2015&#8243; el_class=&#8221;publicaciones_tab-title&#8221;][vc_row_inner el_class=&#8221;publicacion_row&#8221;][vc_column_inner width=&#8221;1\/3&#8243;][vc_single_image image=&#8221;874&#8243; el_class=&#8221;publicacion_img-item&#8221;][\/vc_column_inner][vc_column_inner width=&#8221;2\/3&#8243;][vc_column_text el_class=&#8221;publicacion_texto&#8221;]\n<h4>LIBRO: <strong>&#8220;El Proceso Penal Acusatorio&#8221;<\/strong><\/h4>\n<p><strong>Autor(es):<\/strong><br \/>\nREYNA ALFARO, Luis Miguel<\/p>\n<p><strong>Editorial(es):<\/strong><br \/>\nInstituto Pac\u00edfico<\/p>\n<p><strong>Lugar y Fecha:<\/strong>\u00a0Lima, 2015.[\/vc_column_text][vc_btn title=&#8221;Ver PDF&#8221; style=&#8221;custom&#8221; custom_text=&#8221;#666666&#8243; align=&#8221;left&#8221; link=&#8221;url:https%3A%2F%2Fwww.cedpe.com%2Fwp-content%2Fuploads%2F2018%2F08%2Fel-proceso-penal-acusatorio-luis-reyna.pdf||target:%20_blank|&#8221; el_class=&#8221;publicacion_btn&#8221;][\/vc_column_inner][\/vc_row_inner][vc_row_inner el_class=&#8221;publicacion_row&#8221;][vc_column_inner width=&#8221;1\/3&#8243;][vc_single_image image=&#8221;874&#8243; el_class=&#8221;publicacion_img-item&#8221;][\/vc_column_inner][vc_column_inner width=&#8221;2\/3&#8243;][vc_column_text el_class=&#8221;publicacion_texto&#8221;]\n<h4>LIBRO: <strong>&#8220;Defensa penal de la empresa y sus funcionarios en delitos ambientales&#8221;<\/strong><\/h4>\n<p><strong>Autor(es):<\/strong><br \/>\nCARO CORIA, Carlos; REYNA ALFARO, Luis Miguel; ASMAT COELLO, Diana Marisela; CARRI\u00d3N ZENTENO, Andy; HURTADO HUILLA, Ana; URQUIZO VIDELO, Gustavo; VASQUEZ SHIMAJUKO, Carlos Shikara<\/p>\n<p><strong>Editorial(es):<\/strong><br \/>\nJurista Editores, CEDPE<\/p>\n<p><strong>Lugar y Fecha:<\/strong>\u00a0Lima, 2015.[\/vc_column_text][\/vc_column_inner][\/vc_row_inner][vc_row_inner el_class=&#8221;publicacion_row&#8221;][vc_column_inner width=&#8221;1\/3&#8243;][vc_single_image image=&#8221;874&#8243; el_class=&#8221;publicacion_img-item&#8221;][\/vc_column_inner][vc_column_inner width=&#8221;2\/3&#8243;][vc_column_text el_class=&#8221;publicacion_texto&#8221;]\n<h4>LIBRO: <strong>&#8220;Criminal Compliance: De la Ley de EE. UU. de Pr\u00e1cticas Corruptas en el Extranjero, el riesgo de las empresas de acci\u00f3n internacional y la trascendencia de los programas de cumplimiento&#8221;<\/strong><\/h4>\n<p><strong>Autor(es):<\/strong><br \/>\nCARRI\u00d3N ZENTENO, Andy<\/p>\n<p><strong>Editorial(es):<\/strong><br \/>\nEditorial Tinco, CEDPE, Caro &amp; Asociados, Thomson Reuters<\/p>\n<p><strong>Lugar y Fecha:<\/strong>\u00a0Lima, 2015.[\/vc_column_text][vc_btn title=&#8221;Ver PDF&#8221; style=&#8221;custom&#8221; custom_text=&#8221;#666666&#8243; align=&#8221;left&#8221; link=&#8221;url:https%3A%2F%2Fwww.cedpe.com%2Fwp-content%2Fuploads%2F2018%2F08%2Fandy_carrion_criminal_compliance.pdf||target:%20_blank|&#8221; el_class=&#8221;publicacion_btn&#8221;][\/vc_column_inner][\/vc_row_inner][vc_row_inner el_class=&#8221;publicacion_row&#8221;][vc_column_inner width=&#8221;1\/3&#8243;][vc_single_image image=&#8221;874&#8243; el_class=&#8221;publicacion_img-item&#8221;][\/vc_column_inner][vc_column_inner width=&#8221;2\/3&#8243;][vc_column_text el_class=&#8221;publicacion_texto&#8221;]\n<h4>LIBRO: <strong>&#8220;Internacionalizaci\u00f3n del Derecho Penal y Procesal Penal: Necesidades y desaf\u00edos&#8221;<\/strong><\/h4>\n<p><strong>Autor(es):<\/strong><br \/>\nVERVAELE, John A.E.<\/p>\n<p><strong>Editorial(es):<\/strong><br \/>\nJurista Editores, CEDPE<\/p>\n<p><strong>Lugar y Fecha:<\/strong>\u00a0Lima, 2015.[\/vc_column_text][vc_btn title=&#8221;Ver PDF&#8221; style=&#8221;custom&#8221; custom_text=&#8221;#666666&#8243; align=&#8221;left&#8221; link=&#8221;url:https%3A%2F%2Fwww.cedpe.com%2Fwp-content%2Fuploads%2F2018%2F08%2Fjohn_vervaele_internacionalizacion_derecho_penal_procesal.pdf||target:%20_blank|&#8221; el_class=&#8221;publicacion_btn&#8221;][\/vc_column_inner][\/vc_row_inner][vc_row_inner el_class=&#8221;publicacion_row&#8221;][vc_column_inner width=&#8221;1\/3&#8243;][vc_single_image image=&#8221;874&#8243; el_class=&#8221;publicacion_img-item&#8221;][\/vc_column_inner][vc_column_inner width=&#8221;2\/3&#8243;][vc_column_text el_class=&#8221;publicacion_texto&#8221;]\n<h4>LIBRO: <strong>&#8220;Lavado de Activos y Compliance: Comparaci\u00f3n Per\u00fa-Alemania&#8221;<\/strong><\/h4>\n<p><strong>Autor(es):<\/strong><br \/>\nAMBOS, Kai; CARRI\u00d3N ZENTENO, Andy; ABANTO V\u00c1SQUEZ, Manuel A.; GALAIN PALERMO, Pablo; ASMAT COELLO, Diana M.; CARO JOHN, Jose Antonio; POLAINO &#8211; ORTS, Miguel; CARO CORIA, Dino Carlos; REYNA ALFARO, Luis Miguel; URQUIZO VIDELA, Gustavo; WINTER ETCHEBERRY, Jaime<\/p>\n<p><strong>Editorial(es):<\/strong><br \/>\nJurista Editores, CEDPE, CEDPAL<\/p>\n<p><strong>Lugar y Fecha:<\/strong>\u00a0Lima, 2015.[\/vc_column_text][vc_btn title=&#8221;Ver PDF&#8221; style=&#8221;custom&#8221; custom_text=&#8221;#666666&#8243; align=&#8221;left&#8221; link=&#8221;url:https%3A%2F%2Fwww.cedpe.com%2Fwp-content%2Fuploads%2F2018%2F08%2Fcedpe_cedpal_lavado_de_activos_y_compliance_tapa.pdf||target:%20_blank|&#8221; el_class=&#8221;publicacion_btn&#8221;][\/vc_column_inner][\/vc_row_inner][vc_row_inner el_class=&#8221;publicacion_row&#8221;][vc_column_inner width=&#8221;1\/3&#8243;][vc_single_image image=&#8221;874&#8243; el_class=&#8221;publicacion_img-item&#8221;][\/vc_column_inner][vc_column_inner width=&#8221;2\/3&#8243;][vc_column_text el_class=&#8221;publicacion_texto&#8221;]\n<h4>LIBRO: <strong>&#8220;Manual de Derecho Procesal Penal&#8221;<\/strong><\/h4>\n<p><strong>Autor(es):<\/strong><br \/>\nREYNA ALFARO, Luis Miguel<\/p>\n<p><strong>Editorial(es):<\/strong><br \/>\nInstituto Pac\u00edfico<\/p>\n<p><strong>Lugar y Fecha:<\/strong>\u00a0Lima, 2015.[\/vc_column_text][vc_btn title=&#8221;Ver PDF&#8221; style=&#8221;custom&#8221; custom_text=&#8221;#666666&#8243; align=&#8221;left&#8221; link=&#8221;url:https%3A%2F%2Fwww.cedpe.com%2Fwp-content%2Fuploads%2F2018%2F08%2Fluis_reyna_manual_derecho_procesal_penal.pdf||target:%20_blank|&#8221; el_class=&#8221;publicacion_btn&#8221;][\/vc_column_inner][\/vc_row_inner][\/vc_tta_section][vc_tta_section i_icon_fontawesome=&#8221;fa fa-calendar&#8221; add_icon=&#8221;true&#8221; title=&#8221;2011&#8243; tab_id=&#8221;1533755053255-85d4d18a-589a&#8221; el_class=&#8221;publicaciones_tab-title&#8221;][vc_row_inner el_class=&#8221;publicacion_row&#8221;][vc_column_inner width=&#8221;1\/3&#8243;][vc_single_image image=&#8221;874&#8243; el_class=&#8221;publicacion_img-item&#8221;][\/vc_column_inner][vc_column_inner width=&#8221;2\/3&#8243;][vc_column_text el_class=&#8221;publicacion_texto&#8221;]\n<h4>LIBRO: <strong>&#8220;Delitos contra la familia y la violencia dom\u00e9stica. 2\u00aa edici\u00f3n&#8221;<\/strong><\/h4>\n<p><strong>Autor(es):<\/strong><br \/>\nREYNA ALFARO, Luis Miguel<\/p>\n<p><strong>Editorial(es):<\/strong><br \/>\nJurista, Caro &amp; Asociados, CEDPE<\/p>\n<p><strong>Lugar y Fecha:<\/strong>\u00a0Lima, 2011.[\/vc_column_text][\/vc_column_inner][\/vc_row_inner][vc_row_inner el_class=&#8221;publicacion_row&#8221;][vc_column_inner width=&#8221;1\/3&#8243;][vc_single_image image=&#8221;874&#8243; el_class=&#8221;publicacion_img-item&#8221;][\/vc_column_inner][vc_column_inner width=&#8221;2\/3&#8243;][vc_column_text el_class=&#8221;publicacion_texto&#8221;]\n<h4>ARTICULO: <strong>&#8220;La constituci\u00f3n del actor civil como parte en el C\u00f3digo Procesal Penal del 2004: requisitos, forma y oportunidad&#8221;<\/strong><\/h4>\n<p><strong>Autor(es):<\/strong><br \/>\nIBERICO CASTA\u00d1EDA, Fernando<\/p>\n<p><strong>En la Publicaci\u00f3n:<\/strong><br \/>\nGaceta Penal &amp; Procesal Penal.\u00a0N\u00b0 29<\/p>\n<p><strong>P\u00e1ginas:<\/strong><br \/>\n\u2026<\/p>\n<p><strong>Lugar y Fecha:<\/strong>\u00a0Lima, 2011.[\/vc_column_text][\/vc_column_inner][\/vc_row_inner][vc_row_inner el_class=&#8221;publicacion_row&#8221;][vc_column_inner width=&#8221;1\/3&#8243;][vc_single_image image=&#8221;874&#8243; el_class=&#8221;publicacion_img-item&#8221;][\/vc_column_inner][vc_column_inner width=&#8221;2\/3&#8243;][vc_column_text el_class=&#8221;publicacion_texto&#8221;]\n<h4>ARTICULO: <strong>&#8220;Los vi\u00e1ticos como objeto material del delito de peculado&#8221;<\/strong><\/h4>\n<p><strong>Autor(es):<\/strong><br \/>\nREYNA ALFARO, Luis Miguel<\/p>\n<p><strong>En la Publicaci\u00f3n:<\/strong><br \/>\nGaceta Penal &amp; Procesal Penal.\u00a0N\u00b0 29<\/p>\n<p><strong>P\u00e1ginas:<\/strong><br \/>\n\u2026<\/p>\n<p><strong>Lugar y Fecha:<\/strong>\u00a0Lima, 2011.[\/vc_column_text][\/vc_column_inner][\/vc_row_inner][vc_row_inner el_class=&#8221;publicacion_row&#8221;][vc_column_inner width=&#8221;1\/3&#8243;][vc_single_image image=&#8221;874&#8243; el_class=&#8221;publicacion_img-item&#8221;][\/vc_column_inner][vc_column_inner width=&#8221;2\/3&#8243;][vc_column_text el_class=&#8221;publicacion_texto&#8221;]\n<h4>ARTICULO: <strong>&#8220;Sobre la relaci\u00f3n entre los delitos contra la libertad sexual y de trata de personas&#8221;<\/strong><\/h4>\n<p><strong>Autor(es):<\/strong><br \/>\nCARO CORIA, Dino Carlos<\/p>\n<p><strong>En la Publicaci\u00f3n:<\/strong><br \/>\nGaceta Penal &amp; Procesal Penal.\u00a0N\u00b0 29<\/p>\n<p><strong>P\u00e1ginas:<\/strong><br \/>\n\u2026<\/p>\n<p><strong>Lugar y Fecha:<\/strong>\u00a0Lima, 2011.[\/vc_column_text][\/vc_column_inner][\/vc_row_inner][vc_row_inner el_class=&#8221;publicacion_row&#8221;][vc_column_inner width=&#8221;1\/3&#8243;][vc_single_image image=&#8221;874&#8243; el_class=&#8221;publicacion_img-item&#8221;][\/vc_column_inner][vc_column_inner width=&#8221;2\/3&#8243;][vc_column_text el_class=&#8221;publicacion_texto&#8221;]\n<h4>ARTICULO: <strong>&#8220;La duplicidad de los plazos de prescripci\u00f3n que regula el art\u00edculo 80\u00ba in fine del C\u00f3digo Penal y el extraneus&#8221;<\/strong><\/h4>\n<p><strong>Autor(es):<\/strong><br \/>\nHURTADO HUAILLA, Ana Cecilia<\/p>\n<p><strong>En la Publicaci\u00f3n:<\/strong><br \/>\nGaceta Penal &amp; Procesal Penal.\u00a0N\u00b0 29<\/p>\n<p><strong>P\u00e1ginas:<\/strong><br \/>\n\u2026<\/p>\n<p><strong>Lugar y Fecha:<\/strong>\u00a0Lima, 2011.[\/vc_column_text][\/vc_column_inner][\/vc_row_inner][vc_row_inner el_class=&#8221;publicacion_row&#8221;][vc_column_inner width=&#8221;1\/3&#8243;][vc_single_image image=&#8221;874&#8243; el_class=&#8221;publicacion_img-item&#8221;][\/vc_column_inner][vc_column_inner width=&#8221;2\/3&#8243;][vc_column_text el_class=&#8221;publicacion_texto&#8221;]\n<h4>ARTICULO: <strong>&#8220;Crimen organizado: concepto y posibilidad de tipificaci\u00f3n delante del contexto de la expansi\u00f3n del Derecho Penal&#8221;<\/strong><\/h4>\n<p><strong>Autor(es):<\/strong><br \/>\nCALLEGARI, Andr\u00e9 Luis<\/p>\n<p><strong>En la Publicaci\u00f3n:<\/strong><br \/>\nGaceta Penal &amp; Procesal Penal.\u00a0N\u00b0 25<\/p>\n<p><strong>P\u00e1ginas:<\/strong><br \/>\n\u2026<\/p>\n<p><strong>Lugar y Fecha:<\/strong>\u00a0Lima, 2011.[\/vc_column_text][\/vc_column_inner][\/vc_row_inner][vc_row_inner el_class=&#8221;publicacion_row&#8221;][vc_column_inner width=&#8221;1\/3&#8243;][vc_single_image image=&#8221;874&#8243; el_class=&#8221;publicacion_img-item&#8221;][\/vc_column_inner][vc_column_inner width=&#8221;2\/3&#8243;][vc_column_text el_class=&#8221;publicacion_texto&#8221;]\n<h4>ARTICULO: <strong>&#8220;\u00bfMedida cautelar de suspensi\u00f3n de una operaci\u00f3n minera dictada por un Juez Penal? Comentarios a las resoluciones de la Corte Superior de Huancavelica en una investigaci\u00f3n por el presunto delito de contaminaci\u00f3n ambiental&#8221;<\/strong><\/h4>\n<p><strong>Autor(es):<\/strong><br \/>\nCEDPE y Caro &amp; Asociados<\/p>\n<p><strong>En la Publicaci\u00f3n:<\/strong><br \/>\nGaceta Penal &amp; Procesal Penal.\u00a0N\u00b0 25<\/p>\n<p><strong>P\u00e1ginas:<\/strong><br \/>\n\u2026<\/p>\n<p><strong>Lugar y Fecha:<\/strong>\u00a0Lima, 2011.[\/vc_column_text][\/vc_column_inner][\/vc_row_inner][vc_row_inner el_class=&#8221;publicacion_row&#8221;][vc_column_inner width=&#8221;1\/3&#8243;][vc_single_image image=&#8221;874&#8243; el_class=&#8221;publicacion_img-item&#8221;][\/vc_column_inner][vc_column_inner width=&#8221;2\/3&#8243;][vc_column_text el_class=&#8221;publicacion_texto&#8221;]\n<h4>ARTICULO: <strong>&#8220;\u00bfQu\u00e9 modelo de responsabilidad penal de las personas jur\u00eddicas? Una respuesta a las cr\u00edticas planteadas al modelo constructivista de autorresponsabilidad penal empresarial&#8221;<\/strong><\/h4>\n<p><strong>Autor(es):<\/strong><br \/>\nG\u00d3MEZ-JARA DIEZ, Carlos\u00a0(Espa\u00f1a)<\/p>\n<p><strong>En la Publicaci\u00f3n:<\/strong><br \/>\nGaceta Penal &amp; Procesal Penal.\u00a0N\u00b0 23<\/p>\n<p><strong>P\u00e1ginas:<\/strong><br \/>\n\u2026<\/p>\n<p><strong>Lugar y Fecha:<\/strong>\u00a0Lima, 2011.[\/vc_column_text][\/vc_column_inner][\/vc_row_inner][vc_row_inner el_class=&#8221;publicacion_row&#8221;][vc_column_inner width=&#8221;1\/3&#8243;][vc_single_image image=&#8221;874&#8243; el_class=&#8221;publicacion_img-item&#8221;][\/vc_column_inner][vc_column_inner width=&#8221;2\/3&#8243;][vc_column_text el_class=&#8221;publicacion_texto&#8221;]\n<h4>ARTICULO: <strong>&#8220;El objeto de tutela penal en el delito de cohecho&#8221;<\/strong><\/h4>\n<p><strong>Autor(es):<\/strong><br \/>\nREYNA ALFARO, Luis Miguel<\/p>\n<p><strong>En la Publicaci\u00f3n:<\/strong><br \/>\nGaceta Penal &amp; Procesal Penal.\u00a0N\u00b0 23<\/p>\n<p><strong>P\u00e1ginas:<\/strong><br \/>\n\u2026<\/p>\n<p><strong>Lugar y Fecha:<\/strong>\u00a0Lima, 2011.[\/vc_column_text][\/vc_column_inner][\/vc_row_inner][vc_row_inner el_class=&#8221;publicacion_row&#8221;][vc_column_inner width=&#8221;1\/3&#8243;][vc_single_image image=&#8221;874&#8243; el_class=&#8221;publicacion_img-item&#8221;][\/vc_column_inner][vc_column_inner width=&#8221;2\/3&#8243;][vc_column_text el_class=&#8221;publicacion_texto&#8221;]\n<h4>ARTICULO: <strong>&#8220;Apreciaciones sobre el fundamento y l\u00edmites de la responsabilidad penal derivada de la intervenci\u00f3n en la adopci\u00f3n de un acuerdo en el seno de un \u00f3rgano colegiado&#8221;<\/strong><\/h4>\n<p><strong>Autor(es):<\/strong><br \/>\nALPACA P\u00c9REZ, Alfredo<\/p>\n<p><strong>En la Publicaci\u00f3n:<\/strong><br \/>\nGaceta Penal &amp; Procesal Penal.\u00a0N\u00b0 23<\/p>\n<p><strong>P\u00e1ginas:<\/strong><br \/>\n\u2026<\/p>\n<p><strong>Lugar y Fecha:<\/strong>\u00a0Lima, 2011.[\/vc_column_text][\/vc_column_inner][\/vc_row_inner][vc_row_inner el_class=&#8221;publicacion_row&#8221;][vc_column_inner width=&#8221;1\/3&#8243;][vc_single_image image=&#8221;874&#8243; el_class=&#8221;publicacion_img-item&#8221;][\/vc_column_inner][vc_column_inner width=&#8221;2\/3&#8243;][vc_column_text el_class=&#8221;publicacion_texto&#8221;]\n<h4>ARTICULO: <strong>&#8220;La prueba en el crimen de desaparici\u00f3n forzada de personas conforme a la jurisprudencia de la Corte Interamericana de Derechos Humanos&#8221;<\/strong><\/h4>\n<p><strong>Autor(es):<\/strong><br \/>\nCARO CORIA, Dino Carlos<\/p>\n<p><strong>En la Publicaci\u00f3n:<\/strong><br \/>\nSistema Interamericano De Protecci\u00f3n De Los Derechos Humanos Y Derecho Penal Internacional.\u00a0Tomo II. Kai Ambos, Ezequiel Malarino, Gisela Elsner (editores). Georg-August Universit\u00e4t G\u00f6ttingen \u2013 Konrad Adenauer Stiftung<\/p>\n<p><strong>P\u00e1ginas:<\/strong><br \/>\n127-171<\/p>\n<p><strong>Lugar y Fecha:<\/strong>\u00a0Montevideo, 2011.[\/vc_column_text][\/vc_column_inner][\/vc_row_inner][vc_row_inner el_class=&#8221;publicacion_row&#8221;][vc_column_inner width=&#8221;1\/3&#8243;][vc_single_image image=&#8221;874&#8243; el_class=&#8221;publicacion_img-item&#8221;][\/vc_column_inner][vc_column_inner width=&#8221;2\/3&#8243;][vc_column_text el_class=&#8221;publicacion_texto&#8221;]\n<h4>LIBRO: <strong>&#8220;Anuario de Derecho Penal Econ\u00f3mico y de la Empresa.\u00a0ISSN 224-9699.&#8221;<\/strong><\/h4>\n<p><strong>Autor(es):<\/strong><br \/>\nCEDPE<\/p>\n<p><strong>Editorial(es):<\/strong><br \/>\nCentro de Estudios de Derecho Penal Econ\u00f3mico y de la Empresa<\/p>\n<p><strong>Lugar y Fecha:<\/strong>\u00a0Lima, 2011.[\/vc_column_text][\/vc_column_inner][\/vc_row_inner][\/vc_tta_section][vc_tta_section i_icon_fontawesome=&#8221;fa fa-calendar&#8221; add_icon=&#8221;true&#8221; title=&#8221;2010&#8243; tab_id=&#8221;1533755296212-1ade0a9a-7a9b&#8221; el_class=&#8221;publicaciones_tab-title&#8221;][vc_row_inner el_class=&#8221;publicacion_row&#8221;][vc_column_inner width=&#8221;1\/3&#8243;][vc_single_image image=&#8221;874&#8243; el_class=&#8221;publicacion_img-item&#8221;][\/vc_column_inner][vc_column_inner width=&#8221;2\/3&#8243;][vc_column_text el_class=&#8221;publicacion_texto&#8221;]\n<h4>LIBRO: <strong>&#8220;El Proceso Penal Aplicado. Conforme al C\u00f3digo Procesal Penal de 2004.&#8221;<\/strong><\/h4>\n<p><strong>Autor(es):<\/strong><br \/>\nREYNA ALFARO, Luis Miguel<\/p>\n<p><strong>Editorial(es):<\/strong><br \/>\nGrijley, Caro &amp; Asociados<\/p>\n<p><strong>Lugar y Fecha:<\/strong>\u00a0Lima, 2010.[\/vc_column_text][\/vc_column_inner][\/vc_row_inner][vc_row_inner el_class=&#8221;publicacion_row&#8221;][vc_column_inner width=&#8221;1\/3&#8243;][vc_single_image image=&#8221;874&#8243; el_class=&#8221;publicacion_img-item&#8221;][\/vc_column_inner][vc_column_inner width=&#8221;2\/3&#8243;][vc_column_text el_class=&#8221;publicacion_texto&#8221;]\n<h4>LIBRO: <strong>&#8220;Estudios de Derecho Penal. Colecci\u00f3n de Ciencias Penales N\u00ba 2&#8221;<\/strong><\/h4>\n<p><strong>Autor(es):<\/strong><br \/>\nCANCIO MELI\u00c1, Manuel<\/p>\n<p><strong>Editorial(es):<\/strong><br \/>\nPalestra Editores, Caro &amp; Asociados<\/p>\n<p><strong>Lugar y Fecha:<\/strong>\u00a0Lima, 2010.[\/vc_column_text][\/vc_column_inner][\/vc_row_inner][\/vc_tta_section][vc_tta_section i_icon_fontawesome=&#8221;fa fa-calendar&#8221; add_icon=&#8221;true&#8221; title=&#8221;2009&#8243; tab_id=&#8221;1533755443909-25713bd4-0ec6&#8243; el_class=&#8221;publicaciones_tab-title&#8221;][vc_row_inner el_class=&#8221;publicacion_row&#8221;][vc_column_inner width=&#8221;1\/3&#8243;][vc_single_image image=&#8221;874&#8243; el_class=&#8221;publicacion_img-item&#8221;][\/vc_column_inner][vc_column_inner width=&#8221;2\/3&#8243;][vc_column_text el_class=&#8221;publicacion_texto&#8221;]\n<h4>LIBRO: <strong>&#8220;El control constitucional en la etapa de calificaci\u00f3n del proceso penal. Colecci\u00f3n de Ciencias Penales N\u00ba 1.&#8221;<\/strong><\/h4>\n<p><strong>Autor(es):<\/strong><br \/>\nRE\u00c1TEGUI S\u00c1NCHEZ, James<\/p>\n<p><strong>Editorial(es):<\/strong><br \/>\nPalestra Editores, Caro &amp; Asociados<\/p>\n<p><strong>Lugar y Fecha:<\/strong>\u00a0Lima, 2009.[\/vc_column_text][\/vc_column_inner][\/vc_row_inner][vc_row_inner el_class=&#8221;publicacion_row&#8221;][vc_column_inner width=&#8221;1\/3&#8243;][vc_single_image image=&#8221;874&#8243; el_class=&#8221;publicacion_img-item&#8221;][\/vc_column_inner][vc_column_inner width=&#8221;2\/3&#8243;][vc_column_text el_class=&#8221;publicacion_texto&#8221;]\n<h4>ARTICULO: <strong>&#8220;Per\u00fa (Informe nacional).&#8221;<\/strong><\/h4>\n<p><strong>Autor(es):<\/strong><br \/>\nCARO CORIA, Dino Carlos<\/p>\n<p><strong>En la Publicaci\u00f3n:<\/strong><br \/>\nJusticia de transici\u00f3n. Con informes de Am\u00e9rica Latina, Alemania, Italia y Espa\u00f1a. Kai Ambos, Ezequiel Malarino, Gisela Elsner (editores).<\/p>\n<p><strong>P\u00e1ginas:<\/strong><br \/>\n357-390<\/p>\n<p><strong>Lugar y Fecha:<\/strong>\u00a0Georg-August Universit\u00e4t G\u00f6ttingen \u2013 Konrad Adenauer Stiftung, Montevideo, 2009.[\/vc_column_text][\/vc_column_inner][\/vc_row_inner][vc_row_inner el_class=&#8221;publicacion_row&#8221;][vc_column_inner width=&#8221;1\/3&#8243;][vc_single_image image=&#8221;874&#8243; el_class=&#8221;publicacion_img-item&#8221;][\/vc_column_inner][vc_column_inner width=&#8221;2\/3&#8243;][vc_column_text el_class=&#8221;publicacion_texto&#8221;]\n<h4>LIBRO: <strong>&#8220;La Terminaci\u00f3n Anticipada en el C\u00f3digo Procesal Penal&#8221;<\/strong><\/h4>\n<p><strong>Autor(es):<\/strong><br \/>\nREYNA ALFARO, Luis Miguel<\/p>\n<p><strong>Editorial(es):<\/strong><br \/>\nJurista Editores, Instituto Peruano de Pol\u00edtica Criminal<\/p>\n<p><strong>Lugar y Fecha:<\/strong>\u00a0Lima, 2009.[\/vc_column_text][\/vc_column_inner][\/vc_row_inner][\/vc_tta_section][vc_tta_section i_icon_fontawesome=&#8221;fa fa-calendar&#8221; add_icon=&#8221;true&#8221; title=&#8221;2006 &#8211; 2008&#8243; tab_id=&#8221;1533755557810-06887f5e-4aa5&#8243; el_class=&#8221;publicaciones_tab-title&#8221;][vc_row_inner el_class=&#8221;publicacion_row&#8221;][vc_column_inner width=&#8221;1\/3&#8243;][vc_single_image image=&#8221;874&#8243; el_class=&#8221;publicacion_img-item&#8221;][\/vc_column_inner][vc_column_inner width=&#8221;2\/3&#8243;][vc_column_text el_class=&#8221;publicacion_texto&#8221;]\n<h4>ARTICULO: <strong>&#8220;Sobre la persecuci\u00f3n de cr\u00edmenes internacionales en la jurisprudencia penal peruana. Art\u00edculos y Ensayos en torno a la reforma del sistema procesal penal y apuntes sobre la justicia constitucional.&#8221;<\/strong><\/h4>\n<p><strong>Autor(es):<\/strong><br \/>\nCARO CORIA, Dino Carlos<\/p>\n<p><strong>En la Publicaci\u00f3n:<\/strong><br \/>\nAcademia de la Magistratura.\u00a0Revista Institucional N\u00b0 8.<\/p>\n<p><strong>P\u00e1ginas:<\/strong><br \/>\n57-86<\/p>\n<p><strong>Lugar y Fecha:<\/strong>\u00a0Lima, 2008.[\/vc_column_text][\/vc_column_inner][\/vc_row_inner][vc_row_inner el_class=&#8221;publicacion_row&#8221;][vc_column_inner width=&#8221;1\/3&#8243;][vc_single_image image=&#8221;874&#8243; el_class=&#8221;publicacion_img-item&#8221;][\/vc_column_inner][vc_column_inner width=&#8221;2\/3&#8243;][vc_column_text el_class=&#8221;publicacion_texto&#8221;]\n<h4>ARTICULO: <strong>&#8220;Per\u00fa (Informe nacional).&#8221;<\/strong><\/h4>\n<p><strong>Autor(es):<\/strong><br \/>\nCARO CORIA, Dino Carlos<\/p>\n<p><strong>En la Publicaci\u00f3n:<\/strong><br \/>\nJurisprudencia Latinoamericana sobre Derecho Penal Internacional. Con un informe adicional sobre la jurisprudencia italiana. Kai Ambos, Ezequiel Malarino, Gisela Elsner (editores).<\/p>\n<p><strong>P\u00e1ginas:<\/strong><br \/>\n271-306<\/p>\n<p><strong>Lugar y Fecha:<\/strong>\u00a0Georg-August Universit\u00e4t G\u00f6ttingen \u2013 Konrad Adenauer Stiftung, Montevideo, 2008.[\/vc_column_text][\/vc_column_inner][\/vc_row_inner][vc_row_inner el_class=&#8221;publicacion_row&#8221;][vc_column_inner width=&#8221;1\/3&#8243;][vc_single_image image=&#8221;874&#8243; el_class=&#8221;publicacion_img-item&#8221;][\/vc_column_inner][vc_column_inner width=&#8221;2\/3&#8243;][vc_column_text el_class=&#8221;publicacion_texto&#8221;]\n<h4>ARTICULO: <strong>&#8220;Per\u00fa (Informe nacional).&#8221;<\/strong><\/h4>\n<p><strong>Autor(es):<\/strong><br \/>\nCARO CORIA, Dino Carlos<\/p>\n<p><strong>En la Publicaci\u00f3n:<\/strong><br \/>\nCooperaci\u00f3n y asistencia judicial con la Corte Penal Internacional. Kai Ambos, Ezequiel Malarino, Gisela Elsner (editores).<\/p>\n<p><strong>P\u00e1ginas:<\/strong><br \/>\n495-492<\/p>\n<p><strong>Lugar y Fecha:<\/strong>\u00a0Georg-August Universit\u00e4t G\u00f6ttingen \u2013 Konrad Adenauer Stiftung, Montevideo, 2007.[\/vc_column_text][\/vc_column_inner][\/vc_row_inner][\/vc_tta_section][\/vc_tta_tabs][\/vc_column][\/vc_row]\n","protected":false},"excerpt":{"rendered":"<p>[vc_row full_width=&#8221;stretch_row&#8221; content_placement=&#8221;middle&#8221; el_id=&#8221;publicaciones&#8221; css=&#8221;.vc_custom_1521143829817{background-image: url(https:\/\/www.cedpe.com\/wp-content\/uploads\/2018\/03\/publicaciones-fondo-img.jpg?id=82) !important;}&#8221;][vc_column width=&#8221;1\/2&#8243;][vc_column_text el_class=&#8221;publicacion_titulo&#8221;] PUBLICACIONES [\/vc_column_text][\/vc_column][vc_column width=&#8221;1\/2&#8243;][\/vc_column][\/vc_row][vc_row full_width=&#8221;stretch_row&#8221; el_id=&#8221;publicaciones_contenido&#8221;][vc_column][vc_column_text] Con el prop\u00f3sito de difundir la producci\u00f3n cient\u00edfica de nuestros investigadores o las obras de especial inter\u00e9s para el derecho penal econ\u00f3mico y empresarial, el CEDPE&hellip;<\/p>\n","protected":false},"author":1,"featured_media":0,"parent":0,"menu_order":0,"comment_status":"closed","ping_status":"closed","template":"","meta":[],"_links":{"self":[{"href":"https:\/\/www.cedpe.com\/en\/wp-json\/wp\/v2\/pages\/1068"}],"collection":[{"href":"https:\/\/www.cedpe.com\/en\/wp-json\/wp\/v2\/pages"}],"about":[{"href":"https:\/\/www.cedpe.com\/en\/wp-json\/wp\/v2\/types\/page"}],"author":[{"embeddable":true,"href":"https:\/\/www.cedpe.com\/en\/wp-json\/wp\/v2\/users\/1"}],"replies":[{"embeddable":true,"href":"https:\/\/www.cedpe.com\/en\/wp-json\/wp\/v2\/comments?post=1068"}],"version-history":[{"count":1,"href":"https:\/\/www.cedpe.com\/en\/wp-json\/wp\/v2\/pages\/1068\/revisions"}],"predecessor-version":[{"id":1069,"href":"https:\/\/www.cedpe.com\/en\/wp-json\/wp\/v2\/pages\/1068\/revisions\/1069"}],"wp:attachment":[{"href":"https:\/\/www.cedpe.com\/en\/wp-json\/wp\/v2\/media?parent=1068"}],"curies":[{"name":"wp","href":"https:\/\/api.w.org\/{rel}","templated":true}]}}