{"id":1062,"date":"2018-03-15T20:47:14","date_gmt":"2018-03-15T20:47:14","guid":{"rendered":"https:\/\/www.cedpe.com\/eventos\/"},"modified":"2019-01-15T11:42:47","modified_gmt":"2019-01-15T16:42:47","slug":"events","status":"publish","type":"page","link":"https:\/\/www.cedpe.com\/en\/events\/","title":{"rendered":"Events"},"content":{"rendered":"[vc_row][vc_column][rev_slider_vc alias=&#8221;slider-events-en&#8221;][\/vc_column][\/vc_row][vc_row full_width=&#8221;stretch_row&#8221; css=&#8221;.vc_custom_1539988478834{background-color: #f0f0f0 !important;}&#8221; el_id=&#8221;eventos_tabs-container&#8221;][vc_column][vc_tta_tabs alignment=&#8221;center&#8221; active_section=&#8221;1&#8243; no_fill_content_area=&#8221;true&#8221; el_class=&#8221;eventos_tabs&#8221;][vc_tta_section title=&#8221;2018&#8243; tab_id=&#8221;2018&#8243; el_class=&#8221;eventos_tab-title&#8221;]<div class=\"vcex-spacing\" style=\"height:35px\"><\/div>[vc_row_inner el_class=&#8221;eventos__row-items&#8221;][vc_column_inner width=&#8221;1\/2&#8243;]<div class=\"wpex-slider-preloaderimg \"><img width=\"404\" height=\"234\" src=\"https:\/\/www.cedpe.com\/wp-content\/uploads\/2018\/11\/1.png\" class=\"attachment-full size-full\" alt=\"\" srcset=\"https:\/\/www.cedpe.com\/wp-content\/uploads\/2018\/11\/1.png 404w, https:\/\/www.cedpe.com\/wp-content\/uploads\/2018\/11\/1-300x174.png 300w\" sizes=\"(max-width: 404px) 100vw, 404px\" \/><\/div><div class=\"vcex-module wpex-slider slider-pro no-margin-thumbnails vcex-image-gallery-slider clr\" data-thumbnails=\"true\" data-thumbnail-height=\"auto\" data-loop=\"true\" data-auto-play-delay=\"5000\" data-buttons=\"false\" data-animation-speed=\"600\"><div class=\"wpex-slider-slides sp-slides\"><div class=\"wpex-slider-slide sp-slide\"><div class=\"wpex-slider-media\"><img width=\"404\" height=\"234\" src=\"https:\/\/www.cedpe.com\/wp-content\/uploads\/2018\/11\/1.png\" class=\"attachment-full size-full\" alt=\"\" srcset=\"https:\/\/www.cedpe.com\/wp-content\/uploads\/2018\/11\/1.png 404w, https:\/\/www.cedpe.com\/wp-content\/uploads\/2018\/11\/1-300x174.png 300w\" sizes=\"(max-width: 404px) 100vw, 404px\" \/><\/div><\/div><div class=\"wpex-slider-slide sp-slide\"><div class=\"wpex-slider-media\"><img width=\"404\" height=\"234\" src=\"https:\/\/www.cedpe.com\/wp-content\/uploads\/2018\/11\/2.png\" class=\"attachment-full size-full\" alt=\"\" srcset=\"https:\/\/www.cedpe.com\/wp-content\/uploads\/2018\/11\/2.png 404w, https:\/\/www.cedpe.com\/wp-content\/uploads\/2018\/11\/2-300x174.png 300w\" sizes=\"(max-width: 404px) 100vw, 404px\" \/><\/div><\/div><div class=\"wpex-slider-slide sp-slide\"><div class=\"wpex-slider-media\"><img width=\"404\" height=\"234\" src=\"https:\/\/www.cedpe.com\/wp-content\/uploads\/2018\/11\/3.png\" class=\"attachment-full size-full\" alt=\"\" srcset=\"https:\/\/www.cedpe.com\/wp-content\/uploads\/2018\/11\/3.png 404w, https:\/\/www.cedpe.com\/wp-content\/uploads\/2018\/11\/3-300x174.png 300w\" sizes=\"(max-width: 404px) 100vw, 404px\" \/><\/div><\/div><div class=\"wpex-slider-slide sp-slide\"><div class=\"wpex-slider-media\"><img width=\"404\" height=\"234\" src=\"https:\/\/www.cedpe.com\/wp-content\/uploads\/2018\/11\/4.png\" class=\"attachment-full size-full\" alt=\"\" srcset=\"https:\/\/www.cedpe.com\/wp-content\/uploads\/2018\/11\/4.png 404w, https:\/\/www.cedpe.com\/wp-content\/uploads\/2018\/11\/4-300x174.png 300w\" sizes=\"(max-width: 404px) 100vw, 404px\" \/><\/div><\/div><div class=\"wpex-slider-slide sp-slide\"><div class=\"wpex-slider-media\"><img width=\"404\" height=\"234\" src=\"https:\/\/www.cedpe.com\/wp-content\/uploads\/2018\/11\/5.png\" class=\"attachment-full size-full\" alt=\"\" srcset=\"https:\/\/www.cedpe.com\/wp-content\/uploads\/2018\/11\/5.png 404w, https:\/\/www.cedpe.com\/wp-content\/uploads\/2018\/11\/5-300x174.png 300w\" sizes=\"(max-width: 404px) 100vw, 404px\" \/><\/div><\/div><div class=\"wpex-slider-slide sp-slide\"><div class=\"wpex-slider-media\"><img width=\"404\" height=\"234\" src=\"https:\/\/www.cedpe.com\/wp-content\/uploads\/2018\/11\/6.png\" class=\"attachment-full size-full\" alt=\"\" srcset=\"https:\/\/www.cedpe.com\/wp-content\/uploads\/2018\/11\/6.png 404w, https:\/\/www.cedpe.com\/wp-content\/uploads\/2018\/11\/6-300x174.png 300w\" sizes=\"(max-width: 404px) 100vw, 404px\" \/><\/div><\/div><\/div><div class=\"wpex-slider-thumbnails sp-nc-thumbnails cols-5\"><img src=\"https:\/\/www.cedpe.com\/wp-content\/uploads\/2018\/11\/1.png\" width=\"404\" height=\"234\" class=\"wpex-slider-thumbnail sp-nc-thumbnail\" alt=\"\" data-no-retina=\"\" \/><img src=\"https:\/\/www.cedpe.com\/wp-content\/uploads\/2018\/11\/2.png\" width=\"404\" height=\"234\" class=\"wpex-slider-thumbnail sp-nc-thumbnail\" alt=\"\" data-no-retina=\"\" \/><img src=\"https:\/\/www.cedpe.com\/wp-content\/uploads\/2018\/11\/3.png\" width=\"404\" height=\"234\" class=\"wpex-slider-thumbnail sp-nc-thumbnail\" alt=\"\" data-no-retina=\"\" \/><img src=\"https:\/\/www.cedpe.com\/wp-content\/uploads\/2018\/11\/4.png\" width=\"404\" height=\"234\" class=\"wpex-slider-thumbnail sp-nc-thumbnail\" alt=\"\" data-no-retina=\"\" \/><img src=\"https:\/\/www.cedpe.com\/wp-content\/uploads\/2018\/11\/5.png\" width=\"404\" height=\"234\" class=\"wpex-slider-thumbnail sp-nc-thumbnail\" alt=\"\" data-no-retina=\"\" \/><img src=\"https:\/\/www.cedpe.com\/wp-content\/uploads\/2018\/11\/6.png\" width=\"404\" height=\"234\" class=\"wpex-slider-thumbnail sp-nc-thumbnail\" alt=\"\" data-no-retina=\"\" \/><\/div><\/div>[vc_column_text el_class=&#8221;eventos_fecha&#8221;]OCT<br \/>\n<strong>19<\/strong><\/p>\n<h3>LII Conversatorio del CEDPE<\/h3>\n<h4><strong>&#8220;Tendencias del Derecho Penal Econ\u00f3mico y el Compliance en Espa\u00f1a y Alemania&#8221;<\/strong><\/h4>\n[\/vc_column_text][vc_column_text el_class=&#8221;eventos_resumen&#8221;]\n<p style=\"text-align: left;\"><strong>Organizador(es):<br \/>\n<\/strong>CEDPE<\/p>\n<p><strong>Panelista(s):<br \/>\n<\/strong>Prof. Michael Kubiciel<\/p>\n<p>Profa. Dra. Laura Z\u00fa\u00f1iga Rodriguez<\/p>\n<p>Prof. George Freund<\/p>\n<p><strong>Interrogador(es):<\/strong><\/p>\n<p>Prof. Dr. Andy Carri\u00f3n<\/p>\n<p>Luis Reyna Alfaro<\/p>\n<p>Sr. Carlos Quisse S\u00e1nchez<\/p>\n<p><strong>Lugar y Fecha:<\/strong>\u00a0Caro &amp; Asociados, 19 de octubre del 2018[\/vc_column_text][vc_btn title=&#8221;VER PROGRAMA&#8221; style=&#8221;flat&#8221; color=&#8221;default&#8221; size=&#8221;sm&#8221; align=&#8221;center&#8221; link=&#8221;url:https%3A%2F%2Fwww.cedpe.com%2Fwp-content%2Fuploads%2F2018%2F11%2FLII-conversatorio.png||target:%20_blank|&#8221; el_class=&#8221;evento_btns eventos_btn2&#8243;][vc_btn title=&#8221;VER VIDEO&#8221; style=&#8221;flat&#8221; color=&#8221;default&#8221; size=&#8221;sm&#8221; align=&#8221;center&#8221; link=&#8221;url:https%3A%2F%2Fwww.youtube.com%2Fwatch%3Fv%3DYfwy3_C0RGQ||target:%20_blank|&#8221; el_class=&#8221;evento_btns eventos_btn2&#8243;][\/vc_column_inner][\/vc_row_inner][vc_row_inner el_class=&#8221;eventos__row-items&#8221;][vc_column_inner width=&#8221;1\/2&#8243;]<div class=\"wpex-slider-preloaderimg \"><img width=\"404\" height=\"234\" src=\"https:\/\/www.cedpe.com\/wp-content\/uploads\/2018\/11\/44.png\" class=\"attachment-full size-full\" alt=\"\" srcset=\"https:\/\/www.cedpe.com\/wp-content\/uploads\/2018\/11\/44.png 404w, https:\/\/www.cedpe.com\/wp-content\/uploads\/2018\/11\/44-300x174.png 300w\" sizes=\"(max-width: 404px) 100vw, 404px\" \/><\/div><div class=\"vcex-module wpex-slider slider-pro no-margin-thumbnails vcex-image-gallery-slider clr\" data-thumbnails=\"true\" data-thumbnail-height=\"auto\" data-loop=\"true\" data-auto-play-delay=\"5000\" data-buttons=\"false\" data-animation-speed=\"600\"><div class=\"wpex-slider-slides sp-slides\"><div class=\"wpex-slider-slide sp-slide\"><div class=\"wpex-slider-media\"><img width=\"404\" height=\"234\" src=\"https:\/\/www.cedpe.com\/wp-content\/uploads\/2018\/11\/44.png\" class=\"attachment-full size-full\" alt=\"\" srcset=\"https:\/\/www.cedpe.com\/wp-content\/uploads\/2018\/11\/44.png 404w, https:\/\/www.cedpe.com\/wp-content\/uploads\/2018\/11\/44-300x174.png 300w\" sizes=\"(max-width: 404px) 100vw, 404px\" \/><\/div><\/div><div class=\"wpex-slider-slide sp-slide\"><div class=\"wpex-slider-media\"><img width=\"404\" height=\"234\" src=\"https:\/\/www.cedpe.com\/wp-content\/uploads\/2018\/11\/55.png\" class=\"attachment-full size-full\" alt=\"\" srcset=\"https:\/\/www.cedpe.com\/wp-content\/uploads\/2018\/11\/55.png 404w, https:\/\/www.cedpe.com\/wp-content\/uploads\/2018\/11\/55-300x174.png 300w\" sizes=\"(max-width: 404px) 100vw, 404px\" \/><\/div><\/div><div class=\"wpex-slider-slide sp-slide\"><div class=\"wpex-slider-media\"><img width=\"404\" height=\"234\" src=\"https:\/\/www.cedpe.com\/wp-content\/uploads\/2018\/11\/11.png\" class=\"attachment-full size-full\" alt=\"\" srcset=\"https:\/\/www.cedpe.com\/wp-content\/uploads\/2018\/11\/11.png 404w, https:\/\/www.cedpe.com\/wp-content\/uploads\/2018\/11\/11-300x174.png 300w\" sizes=\"(max-width: 404px) 100vw, 404px\" \/><\/div><\/div><div class=\"wpex-slider-slide sp-slide\"><div class=\"wpex-slider-media\"><img width=\"404\" height=\"234\" src=\"https:\/\/www.cedpe.com\/wp-content\/uploads\/2018\/11\/22.png\" class=\"attachment-full size-full\" alt=\"\" srcset=\"https:\/\/www.cedpe.com\/wp-content\/uploads\/2018\/11\/22.png 404w, https:\/\/www.cedpe.com\/wp-content\/uploads\/2018\/11\/22-300x174.png 300w\" sizes=\"(max-width: 404px) 100vw, 404px\" \/><\/div><\/div><div class=\"wpex-slider-slide sp-slide\"><div class=\"wpex-slider-media\"><img width=\"404\" height=\"234\" src=\"https:\/\/www.cedpe.com\/wp-content\/uploads\/2018\/11\/33.png\" class=\"attachment-full size-full\" alt=\"\" srcset=\"https:\/\/www.cedpe.com\/wp-content\/uploads\/2018\/11\/33.png 404w, https:\/\/www.cedpe.com\/wp-content\/uploads\/2018\/11\/33-300x174.png 300w\" sizes=\"(max-width: 404px) 100vw, 404px\" \/><\/div><\/div><div class=\"wpex-slider-slide sp-slide\"><div class=\"wpex-slider-media\"><img width=\"404\" height=\"234\" src=\"https:\/\/www.cedpe.com\/wp-content\/uploads\/2018\/11\/66.png\" class=\"attachment-full size-full\" alt=\"\" srcset=\"https:\/\/www.cedpe.com\/wp-content\/uploads\/2018\/11\/66.png 404w, https:\/\/www.cedpe.com\/wp-content\/uploads\/2018\/11\/66-300x174.png 300w\" sizes=\"(max-width: 404px) 100vw, 404px\" \/><\/div><\/div><div class=\"wpex-slider-slide sp-slide\"><div class=\"wpex-slider-media\"><img width=\"404\" height=\"234\" src=\"https:\/\/www.cedpe.com\/wp-content\/uploads\/2018\/11\/77.png\" class=\"attachment-full size-full\" alt=\"\" srcset=\"https:\/\/www.cedpe.com\/wp-content\/uploads\/2018\/11\/77.png 404w, https:\/\/www.cedpe.com\/wp-content\/uploads\/2018\/11\/77-300x174.png 300w\" sizes=\"(max-width: 404px) 100vw, 404px\" \/><\/div><\/div><\/div><div class=\"wpex-slider-thumbnails sp-nc-thumbnails cols-5\"><img src=\"https:\/\/www.cedpe.com\/wp-content\/uploads\/2018\/11\/44.png\" width=\"404\" height=\"234\" class=\"wpex-slider-thumbnail sp-nc-thumbnail\" alt=\"\" data-no-retina=\"\" \/><img src=\"https:\/\/www.cedpe.com\/wp-content\/uploads\/2018\/11\/55.png\" width=\"404\" height=\"234\" class=\"wpex-slider-thumbnail sp-nc-thumbnail\" alt=\"\" data-no-retina=\"\" \/><img src=\"https:\/\/www.cedpe.com\/wp-content\/uploads\/2018\/11\/11.png\" width=\"404\" height=\"234\" class=\"wpex-slider-thumbnail sp-nc-thumbnail\" alt=\"\" data-no-retina=\"\" \/><img src=\"https:\/\/www.cedpe.com\/wp-content\/uploads\/2018\/11\/22.png\" width=\"404\" height=\"234\" class=\"wpex-slider-thumbnail sp-nc-thumbnail\" alt=\"\" data-no-retina=\"\" \/><img src=\"https:\/\/www.cedpe.com\/wp-content\/uploads\/2018\/11\/33.png\" width=\"404\" height=\"234\" class=\"wpex-slider-thumbnail sp-nc-thumbnail\" alt=\"\" data-no-retina=\"\" \/><img src=\"https:\/\/www.cedpe.com\/wp-content\/uploads\/2018\/11\/66.png\" width=\"404\" height=\"234\" class=\"wpex-slider-thumbnail sp-nc-thumbnail\" alt=\"\" data-no-retina=\"\" \/><img src=\"https:\/\/www.cedpe.com\/wp-content\/uploads\/2018\/11\/77.png\" width=\"404\" height=\"234\" class=\"wpex-slider-thumbnail sp-nc-thumbnail\" alt=\"\" data-no-retina=\"\" \/><\/div><\/div>[vc_column_text el_class=&#8221;eventos_fecha&#8221;]SEP<br \/>\n<strong>20<\/strong><\/p>\n<h3>LI Conversatorio CEDPE<\/h3>\n<h4><strong>&#8220;El nuevo delito de corrupci\u00f3n privada. A prop\u00f3sito del Decreto Legislativo N\u00b0 1385&#8221;<\/strong><\/h4>\n[\/vc_column_text][vc_column_text el_class=&#8221;eventos_resumen&#8221;]\n<p style=\"text-align: left;\"><strong>Organizador(es):<br \/>\n<\/strong>CEDPE<\/p>\n<p><strong>Expositor:<br \/>\n<\/strong>Prof. Dr. Ad\u00e1n Nieto Mart\u00edn<\/p>\n<p><strong>Panelista(s):<\/strong><\/p>\n<p>Profa. Mg. Susana Silva Hasembank<\/p>\n<p>Prof. Dr. Andy Carri\u00f3n<\/p>\n<p><strong>Lugar y Fecha:<\/strong>Caro &amp; Asociados, 20 de septiembre del 2018[\/vc_column_text][vc_btn title=&#8221;VER PROGRAMA&#8221; style=&#8221;flat&#8221; color=&#8221;default&#8221; size=&#8221;sm&#8221; align=&#8221;center&#8221; link=&#8221;url:https%3A%2F%2Fwww.cedpe.com%2Fwp-content%2Fuploads%2F2018%2F11%2F42093994_1825657220803669_6955767138657239040_o.jpg||target:%20_blank|&#8221; el_class=&#8221;evento_btns eventos_btn2&#8243;][vc_btn title=&#8221;VER VIDEO&#8221; style=&#8221;flat&#8221; color=&#8221;default&#8221; size=&#8221;sm&#8221; align=&#8221;center&#8221; link=&#8221;url:https%3A%2F%2Fwww.youtube.com%2Fwatch%3Fv%3DIjvF2SunoxA%26feature%3Dyoutu.be||target:%20_blank|&#8221; el_class=&#8221;evento_btns eventos_btn2&#8243;][\/vc_column_inner][vc_column_inner width=&#8221;1\/2&#8243;]<div class=\"wpex-slider-preloaderimg \"><img width=\"404\" height=\"234\" src=\"https:\/\/www.cedpe.com\/wp-content\/uploads\/2018\/11\/444.png\" class=\"attachment-full size-full\" alt=\"\" srcset=\"https:\/\/www.cedpe.com\/wp-content\/uploads\/2018\/11\/444.png 404w, https:\/\/www.cedpe.com\/wp-content\/uploads\/2018\/11\/444-300x174.png 300w\" sizes=\"(max-width: 404px) 100vw, 404px\" \/><\/div><div class=\"vcex-module wpex-slider slider-pro no-margin-thumbnails vcex-image-gallery-slider clr\" data-thumbnails=\"true\" data-thumbnail-height=\"auto\" data-loop=\"true\" data-auto-play-delay=\"5000\" data-buttons=\"false\" data-animation-speed=\"600\"><div class=\"wpex-slider-slides sp-slides\"><div class=\"wpex-slider-slide sp-slide\"><div class=\"wpex-slider-media\"><img width=\"404\" height=\"234\" src=\"https:\/\/www.cedpe.com\/wp-content\/uploads\/2018\/11\/444.png\" class=\"attachment-full size-full\" alt=\"\" srcset=\"https:\/\/www.cedpe.com\/wp-content\/uploads\/2018\/11\/444.png 404w, https:\/\/www.cedpe.com\/wp-content\/uploads\/2018\/11\/444-300x174.png 300w\" sizes=\"(max-width: 404px) 100vw, 404px\" \/><\/div><\/div><div class=\"wpex-slider-slide sp-slide\"><div class=\"wpex-slider-media\"><img width=\"404\" height=\"234\" src=\"https:\/\/www.cedpe.com\/wp-content\/uploads\/2018\/11\/333.png\" class=\"attachment-full size-full\" alt=\"\" srcset=\"https:\/\/www.cedpe.com\/wp-content\/uploads\/2018\/11\/333.png 404w, https:\/\/www.cedpe.com\/wp-content\/uploads\/2018\/11\/333-300x174.png 300w\" sizes=\"(max-width: 404px) 100vw, 404px\" \/><\/div><\/div><div class=\"wpex-slider-slide sp-slide\"><div class=\"wpex-slider-media\"><img width=\"404\" height=\"234\" src=\"https:\/\/www.cedpe.com\/wp-content\/uploads\/2018\/11\/222.png\" class=\"attachment-full size-full\" alt=\"\" srcset=\"https:\/\/www.cedpe.com\/wp-content\/uploads\/2018\/11\/222.png 404w, https:\/\/www.cedpe.com\/wp-content\/uploads\/2018\/11\/222-300x174.png 300w\" sizes=\"(max-width: 404px) 100vw, 404px\" \/><\/div><\/div><div class=\"wpex-slider-slide sp-slide\"><div class=\"wpex-slider-media\"><img width=\"404\" height=\"234\" src=\"https:\/\/www.cedpe.com\/wp-content\/uploads\/2018\/11\/111.png\" class=\"attachment-full size-full\" alt=\"\" srcset=\"https:\/\/www.cedpe.com\/wp-content\/uploads\/2018\/11\/111.png 404w, https:\/\/www.cedpe.com\/wp-content\/uploads\/2018\/11\/111-300x174.png 300w\" sizes=\"(max-width: 404px) 100vw, 404px\" \/><\/div><\/div><\/div><div class=\"wpex-slider-thumbnails sp-nc-thumbnails cols-5\"><img src=\"https:\/\/www.cedpe.com\/wp-content\/uploads\/2018\/11\/444.png\" width=\"404\" height=\"234\" class=\"wpex-slider-thumbnail sp-nc-thumbnail\" alt=\"\" data-no-retina=\"\" \/><img src=\"https:\/\/www.cedpe.com\/wp-content\/uploads\/2018\/11\/333.png\" width=\"404\" height=\"234\" class=\"wpex-slider-thumbnail sp-nc-thumbnail\" alt=\"\" data-no-retina=\"\" \/><img src=\"https:\/\/www.cedpe.com\/wp-content\/uploads\/2018\/11\/222.png\" width=\"404\" height=\"234\" class=\"wpex-slider-thumbnail sp-nc-thumbnail\" alt=\"\" data-no-retina=\"\" \/><img src=\"https:\/\/www.cedpe.com\/wp-content\/uploads\/2018\/11\/111.png\" width=\"404\" height=\"234\" class=\"wpex-slider-thumbnail sp-nc-thumbnail\" alt=\"\" data-no-retina=\"\" \/><\/div><\/div>[vc_column_text el_class=&#8221;eventos_fecha&#8221;]SEP<br \/>\n<strong>14<\/strong><\/p>\n<h3>L Conversatorio del CEDPE<\/h3>\n<h4><strong>\u201cDesarrollo de negocios en una firma de abogados\u201d<\/strong><\/h4>\n[\/vc_column_text][vc_column_text el_class=&#8221;eventos_resumen&#8221;]\n<p style=\"text-align: left;\"><strong>Organizador(es):<br \/>\n<\/strong>CEDPE<\/p>\n<p style=\"text-align: left;\"><strong>Expositor:<\/strong><\/p>\n<p>Marc Geric\u00f3<\/p>\n<p><strong>Lugar y Fecha:<\/strong>\u00a0Caro &amp; Asociados, 14 de septiembre del 2018[\/vc_column_text][vc_btn title=&#8221;VER PROGRAMA&#8221; style=&#8221;flat&#8221; color=&#8221;default&#8221; size=&#8221;sm&#8221; align=&#8221;center&#8221; link=&#8221;url:https%3A%2F%2Fwww.cedpe.com%2Fwp-content%2Fuploads%2F2018%2F11%2F41682031_1819779438058114_2525664361750462464_o.jpg||target:%20_blank|&#8221; el_class=&#8221;evento_btns eventos_btn2&#8243;][\/vc_column_inner][\/vc_row_inner][vc_row_inner el_class=&#8221;eventos__row-items&#8221;][vc_column_inner width=&#8221;1\/2&#8243;]<div class=\"wpex-slider-preloaderimg \"><img width=\"404\" height=\"234\" src=\"https:\/\/www.cedpe.com\/wp-content\/uploads\/2018\/11\/1-1.png\" class=\"attachment-full size-full\" alt=\"\" srcset=\"https:\/\/www.cedpe.com\/wp-content\/uploads\/2018\/11\/1-1.png 404w, https:\/\/www.cedpe.com\/wp-content\/uploads\/2018\/11\/1-1-300x174.png 300w\" sizes=\"(max-width: 404px) 100vw, 404px\" \/><\/div><div class=\"vcex-module wpex-slider slider-pro no-margin-thumbnails vcex-image-gallery-slider clr\" data-thumbnails=\"true\" data-thumbnail-height=\"auto\" data-loop=\"true\" data-auto-play-delay=\"5000\" data-buttons=\"false\" data-animation-speed=\"600\"><div class=\"wpex-slider-slides sp-slides\"><div class=\"wpex-slider-slide sp-slide\"><div class=\"wpex-slider-media\"><img width=\"404\" height=\"234\" src=\"https:\/\/www.cedpe.com\/wp-content\/uploads\/2018\/11\/1-1.png\" class=\"attachment-full size-full\" alt=\"\" srcset=\"https:\/\/www.cedpe.com\/wp-content\/uploads\/2018\/11\/1-1.png 404w, https:\/\/www.cedpe.com\/wp-content\/uploads\/2018\/11\/1-1-300x174.png 300w\" sizes=\"(max-width: 404px) 100vw, 404px\" \/><\/div><\/div><div class=\"wpex-slider-slide sp-slide\"><div class=\"wpex-slider-media\"><img width=\"404\" height=\"234\" src=\"https:\/\/www.cedpe.com\/wp-content\/uploads\/2018\/11\/7.png\" class=\"attachment-full size-full\" alt=\"\" srcset=\"https:\/\/www.cedpe.com\/wp-content\/uploads\/2018\/11\/7.png 404w, https:\/\/www.cedpe.com\/wp-content\/uploads\/2018\/11\/7-300x174.png 300w\" sizes=\"(max-width: 404px) 100vw, 404px\" \/><\/div><\/div><div class=\"wpex-slider-slide sp-slide\"><div class=\"wpex-slider-media\"><img width=\"404\" height=\"234\" src=\"https:\/\/www.cedpe.com\/wp-content\/uploads\/2018\/11\/2-1.png\" class=\"attachment-full size-full\" alt=\"\" srcset=\"https:\/\/www.cedpe.com\/wp-content\/uploads\/2018\/11\/2-1.png 404w, https:\/\/www.cedpe.com\/wp-content\/uploads\/2018\/11\/2-1-300x174.png 300w\" sizes=\"(max-width: 404px) 100vw, 404px\" \/><\/div><\/div><div class=\"wpex-slider-slide sp-slide\"><div class=\"wpex-slider-media\"><img width=\"404\" height=\"234\" src=\"https:\/\/www.cedpe.com\/wp-content\/uploads\/2018\/11\/3-1.png\" class=\"attachment-full size-full\" alt=\"\" srcset=\"https:\/\/www.cedpe.com\/wp-content\/uploads\/2018\/11\/3-1.png 404w, https:\/\/www.cedpe.com\/wp-content\/uploads\/2018\/11\/3-1-300x174.png 300w\" sizes=\"(max-width: 404px) 100vw, 404px\" \/><\/div><\/div><div class=\"wpex-slider-slide sp-slide\"><div class=\"wpex-slider-media\"><img width=\"404\" height=\"234\" src=\"https:\/\/www.cedpe.com\/wp-content\/uploads\/2018\/11\/4-1.png\" class=\"attachment-full size-full\" alt=\"\" srcset=\"https:\/\/www.cedpe.com\/wp-content\/uploads\/2018\/11\/4-1.png 404w, https:\/\/www.cedpe.com\/wp-content\/uploads\/2018\/11\/4-1-300x174.png 300w\" sizes=\"(max-width: 404px) 100vw, 404px\" \/><\/div><\/div><div class=\"wpex-slider-slide sp-slide\"><div class=\"wpex-slider-media\"><img width=\"404\" height=\"234\" src=\"https:\/\/www.cedpe.com\/wp-content\/uploads\/2018\/11\/5-1.png\" class=\"attachment-full size-full\" alt=\"\" srcset=\"https:\/\/www.cedpe.com\/wp-content\/uploads\/2018\/11\/5-1.png 404w, https:\/\/www.cedpe.com\/wp-content\/uploads\/2018\/11\/5-1-300x174.png 300w\" sizes=\"(max-width: 404px) 100vw, 404px\" \/><\/div><\/div><div class=\"wpex-slider-slide sp-slide\"><div class=\"wpex-slider-media\"><img width=\"404\" height=\"234\" src=\"https:\/\/www.cedpe.com\/wp-content\/uploads\/2018\/11\/6-1.png\" class=\"attachment-full size-full\" alt=\"\" srcset=\"https:\/\/www.cedpe.com\/wp-content\/uploads\/2018\/11\/6-1.png 404w, https:\/\/www.cedpe.com\/wp-content\/uploads\/2018\/11\/6-1-300x174.png 300w\" sizes=\"(max-width: 404px) 100vw, 404px\" \/><\/div><\/div><div class=\"wpex-slider-slide sp-slide\"><div class=\"wpex-slider-media\"><img width=\"2048\" height=\"1250\" src=\"https:\/\/www.cedpe.com\/wp-content\/uploads\/2018\/11\/39270483_1783999524969439_5623933776288546816_o.jpg\" class=\"attachment-full size-full\" alt=\"\" srcset=\"https:\/\/www.cedpe.com\/wp-content\/uploads\/2018\/11\/39270483_1783999524969439_5623933776288546816_o.jpg 2048w, https:\/\/www.cedpe.com\/wp-content\/uploads\/2018\/11\/39270483_1783999524969439_5623933776288546816_o-300x183.jpg 300w, https:\/\/www.cedpe.com\/wp-content\/uploads\/2018\/11\/39270483_1783999524969439_5623933776288546816_o-768x469.jpg 768w, https:\/\/www.cedpe.com\/wp-content\/uploads\/2018\/11\/39270483_1783999524969439_5623933776288546816_o-1024x625.jpg 1024w\" sizes=\"(max-width: 2048px) 100vw, 2048px\" \/><\/div><\/div><\/div><div class=\"wpex-slider-thumbnails sp-nc-thumbnails cols-5\"><img src=\"https:\/\/www.cedpe.com\/wp-content\/uploads\/2018\/11\/1-1.png\" width=\"404\" height=\"234\" class=\"wpex-slider-thumbnail sp-nc-thumbnail\" alt=\"\" data-no-retina=\"\" \/><img src=\"https:\/\/www.cedpe.com\/wp-content\/uploads\/2018\/11\/7.png\" width=\"404\" height=\"234\" class=\"wpex-slider-thumbnail sp-nc-thumbnail\" alt=\"\" data-no-retina=\"\" \/><img src=\"https:\/\/www.cedpe.com\/wp-content\/uploads\/2018\/11\/2-1.png\" width=\"404\" height=\"234\" class=\"wpex-slider-thumbnail sp-nc-thumbnail\" alt=\"\" data-no-retina=\"\" \/><img src=\"https:\/\/www.cedpe.com\/wp-content\/uploads\/2018\/11\/3-1.png\" width=\"404\" height=\"234\" class=\"wpex-slider-thumbnail sp-nc-thumbnail\" alt=\"\" data-no-retina=\"\" \/><img src=\"https:\/\/www.cedpe.com\/wp-content\/uploads\/2018\/11\/4-1.png\" width=\"404\" height=\"234\" class=\"wpex-slider-thumbnail sp-nc-thumbnail\" alt=\"\" data-no-retina=\"\" \/><img src=\"https:\/\/www.cedpe.com\/wp-content\/uploads\/2018\/11\/5-1.png\" width=\"404\" height=\"234\" class=\"wpex-slider-thumbnail sp-nc-thumbnail\" alt=\"\" data-no-retina=\"\" \/><img src=\"https:\/\/www.cedpe.com\/wp-content\/uploads\/2018\/11\/6-1.png\" width=\"404\" height=\"234\" class=\"wpex-slider-thumbnail sp-nc-thumbnail\" alt=\"\" data-no-retina=\"\" \/><img src=\"https:\/\/www.cedpe.com\/wp-content\/uploads\/2018\/11\/39270483_1783999524969439_5623933776288546816_o.jpg\" width=\"2048\" height=\"1250\" class=\"wpex-slider-thumbnail sp-nc-thumbnail\" alt=\"\" data-no-retina=\"\" \/><\/div><\/div>[vc_column_text el_class=&#8221;eventos_fecha&#8221;]AGOS<br \/>\n<strong>16<\/strong><\/p>\n<h3>XLIX Conversatorio del CEDPE<\/h3>\n<h4><strong> &#8220;Los programas de integridad en la Ley Argentina N\u00b0 27401. Requisitos, efectos y lineamientos de la Oficina Anticorrupci\u00f3n Argentina&#8221;<\/strong><\/h4>\n[\/vc_column_text][vc_column_text el_class=&#8221;eventos_resumen&#8221;]\n<p style=\"text-align: left;\"><strong>Organizador(es):<br \/>\n<\/strong>CEDPE<\/p>\n<p style=\"text-align: left;\"><strong>Expositor(es):<br \/>\n<\/strong>Prof. Dra. Lina Anllo<\/p>\n<p><strong>Panelista(s):<br \/>\n<\/strong>Carlos A. Wiesse<br \/>\nVirginia Naval Linares<\/p>\n<p><strong>Lugar y Fecha:<\/strong>\u00a0Caro &amp; Asociados, 16 de agosto del 2018[\/vc_column_text][vc_btn title=&#8221;VER PROGRAMA&#8221; style=&#8221;flat&#8221; color=&#8221;default&#8221; size=&#8221;sm&#8221; align=&#8221;center&#8221; link=&#8221;url:https%3A%2F%2Fwww.cedpe.com%2Fwp-content%2Fuploads%2F2018%2F09%2F39191437_1781936428509082_4552703769422331904_n.jpg||target:%20_blank|&#8221; el_class=&#8221;evento_btns eventos_btn2&#8243;][vc_btn title=&#8221;VER VIDEO&#8221; style=&#8221;flat&#8221; color=&#8221;default&#8221; size=&#8221;sm&#8221; align=&#8221;center&#8221; link=&#8221;url:https%3A%2F%2Fwww.youtube.com%2Fwatch%3Fv%3DoXvkryFWzqU||target:%20_blank|&#8221; el_class=&#8221;evento_btns eventos_btn2&#8243;][\/vc_column_inner][vc_column_inner width=&#8221;1\/2&#8243;]<div class=\"wpex-slider-preloaderimg \"><img width=\"404\" height=\"234\" src=\"https:\/\/www.cedpe.com\/wp-content\/uploads\/2018\/11\/66-1.png\" class=\"attachment-full size-full\" alt=\"\" srcset=\"https:\/\/www.cedpe.com\/wp-content\/uploads\/2018\/11\/66-1.png 404w, https:\/\/www.cedpe.com\/wp-content\/uploads\/2018\/11\/66-1-300x174.png 300w\" sizes=\"(max-width: 404px) 100vw, 404px\" \/><\/div><div class=\"vcex-module wpex-slider slider-pro no-margin-thumbnails vcex-image-gallery-slider clr\" data-thumbnails=\"true\" data-thumbnail-height=\"auto\" data-loop=\"true\" data-auto-play-delay=\"5000\" data-buttons=\"false\" data-animation-speed=\"600\"><div class=\"wpex-slider-slides sp-slides\"><div class=\"wpex-slider-slide sp-slide\"><div class=\"wpex-slider-media\"><img width=\"404\" height=\"234\" src=\"https:\/\/www.cedpe.com\/wp-content\/uploads\/2018\/11\/66-1.png\" class=\"attachment-full size-full\" alt=\"\" srcset=\"https:\/\/www.cedpe.com\/wp-content\/uploads\/2018\/11\/66-1.png 404w, https:\/\/www.cedpe.com\/wp-content\/uploads\/2018\/11\/66-1-300x174.png 300w\" sizes=\"(max-width: 404px) 100vw, 404px\" \/><\/div><\/div><div class=\"wpex-slider-slide sp-slide\"><div class=\"wpex-slider-media\"><img width=\"404\" height=\"234\" src=\"https:\/\/www.cedpe.com\/wp-content\/uploads\/2018\/11\/11-1.png\" class=\"attachment-full size-full\" alt=\"\" srcset=\"https:\/\/www.cedpe.com\/wp-content\/uploads\/2018\/11\/11-1.png 404w, https:\/\/www.cedpe.com\/wp-content\/uploads\/2018\/11\/11-1-300x174.png 300w\" sizes=\"(max-width: 404px) 100vw, 404px\" \/><\/div><\/div><div class=\"wpex-slider-slide sp-slide\"><div class=\"wpex-slider-media\"><img width=\"404\" height=\"234\" src=\"https:\/\/www.cedpe.com\/wp-content\/uploads\/2018\/11\/22-1.png\" class=\"attachment-full size-full\" alt=\"\" srcset=\"https:\/\/www.cedpe.com\/wp-content\/uploads\/2018\/11\/22-1.png 404w, https:\/\/www.cedpe.com\/wp-content\/uploads\/2018\/11\/22-1-300x174.png 300w\" sizes=\"(max-width: 404px) 100vw, 404px\" \/><\/div><\/div><div class=\"wpex-slider-slide sp-slide\"><div class=\"wpex-slider-media\"><img width=\"404\" height=\"234\" src=\"https:\/\/www.cedpe.com\/wp-content\/uploads\/2018\/11\/33-1.png\" class=\"attachment-full size-full\" alt=\"\" srcset=\"https:\/\/www.cedpe.com\/wp-content\/uploads\/2018\/11\/33-1.png 404w, https:\/\/www.cedpe.com\/wp-content\/uploads\/2018\/11\/33-1-300x174.png 300w\" sizes=\"(max-width: 404px) 100vw, 404px\" \/><\/div><\/div><div class=\"wpex-slider-slide sp-slide\"><div class=\"wpex-slider-media\"><img width=\"404\" height=\"234\" src=\"https:\/\/www.cedpe.com\/wp-content\/uploads\/2018\/11\/44-1.png\" class=\"attachment-full size-full\" alt=\"\" srcset=\"https:\/\/www.cedpe.com\/wp-content\/uploads\/2018\/11\/44-1.png 404w, https:\/\/www.cedpe.com\/wp-content\/uploads\/2018\/11\/44-1-300x174.png 300w\" sizes=\"(max-width: 404px) 100vw, 404px\" \/><\/div><\/div><div class=\"wpex-slider-slide sp-slide\"><div class=\"wpex-slider-media\"><img width=\"404\" height=\"234\" src=\"https:\/\/www.cedpe.com\/wp-content\/uploads\/2018\/11\/55-1.png\" class=\"attachment-full size-full\" alt=\"\" srcset=\"https:\/\/www.cedpe.com\/wp-content\/uploads\/2018\/11\/55-1.png 404w, https:\/\/www.cedpe.com\/wp-content\/uploads\/2018\/11\/55-1-300x174.png 300w\" sizes=\"(max-width: 404px) 100vw, 404px\" \/><\/div><\/div><\/div><div class=\"wpex-slider-thumbnails sp-nc-thumbnails cols-5\"><img src=\"https:\/\/www.cedpe.com\/wp-content\/uploads\/2018\/11\/66-1.png\" width=\"404\" height=\"234\" class=\"wpex-slider-thumbnail sp-nc-thumbnail\" alt=\"\" data-no-retina=\"\" \/><img src=\"https:\/\/www.cedpe.com\/wp-content\/uploads\/2018\/11\/11-1.png\" width=\"404\" height=\"234\" class=\"wpex-slider-thumbnail sp-nc-thumbnail\" alt=\"\" data-no-retina=\"\" \/><img src=\"https:\/\/www.cedpe.com\/wp-content\/uploads\/2018\/11\/22-1.png\" width=\"404\" height=\"234\" class=\"wpex-slider-thumbnail sp-nc-thumbnail\" alt=\"\" data-no-retina=\"\" \/><img src=\"https:\/\/www.cedpe.com\/wp-content\/uploads\/2018\/11\/33-1.png\" width=\"404\" height=\"234\" class=\"wpex-slider-thumbnail sp-nc-thumbnail\" alt=\"\" data-no-retina=\"\" \/><img src=\"https:\/\/www.cedpe.com\/wp-content\/uploads\/2018\/11\/44-1.png\" width=\"404\" height=\"234\" class=\"wpex-slider-thumbnail sp-nc-thumbnail\" alt=\"\" data-no-retina=\"\" \/><img src=\"https:\/\/www.cedpe.com\/wp-content\/uploads\/2018\/11\/55-1.png\" width=\"404\" height=\"234\" class=\"wpex-slider-thumbnail sp-nc-thumbnail\" alt=\"\" data-no-retina=\"\" \/><\/div><\/div>[vc_column_text el_class=&#8221;eventos_fecha&#8221;]JUL<br \/>\n<strong>05<\/strong><\/p>\n<h4>XLVII Conversatorio del CEDPE <strong>\u201cEl financiamiento ilegal de partidos pol\u00edticos y su relaci\u00f3n con la criminalidad organizada\u201d<\/strong><\/h4>\n[\/vc_column_text][vc_column_text el_class=&#8221;eventos_resumen&#8221;]\n<p style=\"text-align: left;\"><strong>Organizador(es):<br \/>\n<\/strong>CEDPE<\/p>\n<p><strong>Expositor(es):<br \/>\n<\/strong>Prof. Dr. D. Ignacio Berdugo G\u00f3mez de la Torre<br \/>\nProfa. Dra. D\u00f1a. Laura Z\u00fa\u00f1iga Rodr\u00edguez<br \/>\n<span class=\"text_exposed_show\">Prof. Dr. D. Andr\u00e9 Scheller D\u00b4 Angelo <\/span><\/p>\n<p><strong>Panelista(s):<br \/>\n<\/strong><span class=\"text_exposed_show\">Prof. Mg. D. Luis Lamas Puccio<br \/>\n<\/span>Prof. Abg. D. Luis Egusquiza Mori<\/p>\n<p><strong>Lugar y Fecha:<\/strong>Caro &amp; Asociados, 05 de julio del 2018[\/vc_column_text][vc_btn title=&#8221;VER PROGRAMA&#8221; style=&#8221;flat&#8221; color=&#8221;default&#8221; size=&#8221;sm&#8221; align=&#8221;center&#8221; link=&#8221;url:https%3A%2F%2Fwww.cedpe.com%2Fwp-content%2Fuploads%2F2018%2F09%2F36591815_1714259961943396_7671885538638430208_n.jpg||target:%20_blank|&#8221; el_class=&#8221;evento_btns eventos_btn2&#8243;][\/vc_column_inner][\/vc_row_inner][vc_row_inner el_class=&#8221;eventos__row-items&#8221;][vc_column_inner width=&#8221;1\/2&#8243;]<div class=\"wpex-slider-preloaderimg \"><img width=\"404\" height=\"234\" src=\"https:\/\/www.cedpe.com\/wp-content\/uploads\/2018\/11\/www.png\" class=\"attachment-full size-full\" alt=\"\" srcset=\"https:\/\/www.cedpe.com\/wp-content\/uploads\/2018\/11\/www.png 404w, https:\/\/www.cedpe.com\/wp-content\/uploads\/2018\/11\/www-300x174.png 300w\" sizes=\"(max-width: 404px) 100vw, 404px\" \/><\/div><div class=\"vcex-module wpex-slider slider-pro no-margin-thumbnails vcex-image-gallery-slider clr\" data-thumbnails=\"true\" data-thumbnail-height=\"auto\" data-loop=\"true\" data-auto-play-delay=\"5000\" data-buttons=\"false\" data-animation-speed=\"600\"><div class=\"wpex-slider-slides sp-slides\"><div class=\"wpex-slider-slide sp-slide\"><div class=\"wpex-slider-media\"><img width=\"404\" height=\"234\" src=\"https:\/\/www.cedpe.com\/wp-content\/uploads\/2018\/11\/www.png\" class=\"attachment-full size-full\" alt=\"\" srcset=\"https:\/\/www.cedpe.com\/wp-content\/uploads\/2018\/11\/www.png 404w, https:\/\/www.cedpe.com\/wp-content\/uploads\/2018\/11\/www-300x174.png 300w\" sizes=\"(max-width: 404px) 100vw, 404px\" \/><\/div><\/div><\/div><div class=\"wpex-slider-thumbnails sp-nc-thumbnails cols-5\"><img src=\"https:\/\/www.cedpe.com\/wp-content\/uploads\/2018\/11\/www.png\" width=\"404\" height=\"234\" class=\"wpex-slider-thumbnail sp-nc-thumbnail\" alt=\"\" data-no-retina=\"\" \/><\/div><\/div>[vc_column_text el_class=&#8221;eventos_fecha&#8221;]JUN<br \/>\n<strong>20<\/strong><\/p>\n<h3>XLVI Conversatorio del CEDPE<\/h3>\n<h4><strong>\u201cCriminolog\u00eda, Derecho Penal y Literatura\u201d<\/strong><\/h4>\n[\/vc_column_text][vc_column_text el_class=&#8221;eventos_resumen&#8221;]\n<p style=\"text-align: left;\"><strong>Organizador(es):<br \/>\n<\/strong>CEDPE<\/p>\n<p style=\"text-align: left;\"><strong>Expositor(es):<br \/>\n<\/strong>Prof. Dr. Miguel Polaino Orts<\/p>\n<p>Prof. Aquilino Luque Gimeno<\/p>\n<p><strong>Panelista(s):<br \/>\n<\/strong>Profa. Andrea Mar\u00eda Quincose<\/p>\n<p>Miguel Avalos Alva<\/p>\n<p>Virginia Naval Linares<\/p>\n<p><strong>Lugar y Fecha:<\/strong>\u00a0Caro &amp; Asociados, 20 de junio del 2018[\/vc_column_text][vc_btn title=&#8221;VER PROGRAMA&#8221; style=&#8221;flat&#8221; color=&#8221;default&#8221; size=&#8221;sm&#8221; align=&#8221;center&#8221; link=&#8221;url:https%3A%2F%2Fwww.cedpe.com%2Fwp-content%2Fuploads%2F2018%2F11%2F35758449_1694888580547201_2530412589830111232_n.jpg||target:%20_blank|&#8221; el_class=&#8221;evento_btns eventos_btn2&#8243;][\/vc_column_inner][\/vc_row_inner][\/vc_tta_section][vc_tta_section title=&#8221;2017&#8243; tab_id=&#8221;2017&#8243; el_class=&#8221;eventos_tab-title&#8221;]<div class=\"vcex-spacing\" style=\"height:35px\"><\/div>[vc_row_inner el_class=&#8221;eventos__row-items&#8221;][vc_column_inner width=&#8221;1\/2&#8243;]<div class=\"wpex-slider-preloaderimg \"><img width=\"404\" height=\"234\" src=\"https:\/\/www.cedpe.com\/wp-content\/uploads\/2018\/10\/eventos__item-img.jpg\" class=\"attachment-full size-full\" alt=\"\" srcset=\"https:\/\/www.cedpe.com\/wp-content\/uploads\/2018\/10\/eventos__item-img.jpg 404w, https:\/\/www.cedpe.com\/wp-content\/uploads\/2018\/10\/eventos__item-img-300x174.jpg 300w\" sizes=\"(max-width: 404px) 100vw, 404px\" \/><\/div><div class=\"vcex-module wpex-slider slider-pro no-margin-thumbnails vcex-image-gallery-slider clr\" data-thumbnails=\"true\" data-thumbnail-height=\"auto\" data-loop=\"true\" data-auto-play-delay=\"5000\" data-buttons=\"false\" data-animation-speed=\"600\"><div class=\"wpex-slider-slides sp-slides\"><div class=\"wpex-slider-slide sp-slide\"><div class=\"wpex-slider-media\"><img width=\"404\" height=\"234\" src=\"https:\/\/www.cedpe.com\/wp-content\/uploads\/2018\/10\/eventos__item-img.jpg\" class=\"attachment-full size-full\" alt=\"\" srcset=\"https:\/\/www.cedpe.com\/wp-content\/uploads\/2018\/10\/eventos__item-img.jpg 404w, https:\/\/www.cedpe.com\/wp-content\/uploads\/2018\/10\/eventos__item-img-300x174.jpg 300w\" sizes=\"(max-width: 404px) 100vw, 404px\" \/><\/div><\/div><\/div><div class=\"wpex-slider-thumbnails sp-nc-thumbnails cols-5\"><img src=\"https:\/\/www.cedpe.com\/wp-content\/uploads\/2018\/10\/eventos__item-img.jpg\" width=\"404\" height=\"234\" class=\"wpex-slider-thumbnail sp-nc-thumbnail\" alt=\"\" data-no-retina=\"\" \/><\/div><\/div>[vc_column_text el_class=&#8221;eventos_fecha&#8221;]JUN<br \/>\n<strong>21<\/strong><\/p>\n<h4><a href=\"https:\/\/www.cedpe.com\/portfolio-item\/evento-1\/\">Conversatorio XL <\/a><br \/>\nEFECTOS DEL COMPLIANCE SOBRE EL PROCESO PENAL<\/h4>\n[\/vc_column_text][vc_column_text el_class=&#8221;eventos_resumen&#8221;]\n<p style=\"text-align: justify;\"><strong>Organizador(es):<\/strong><br \/>\nCEDPE Caro &amp; Asociados<\/p>\n<p style=\"text-align: justify;\"><strong>Expositor(es):<\/strong><br \/>\nProf. Dr. Carlos Ar\u00e1nguez S\u00e1nchez, Profesor de Derecho Penal en la<\/p>\n<p style=\"text-align: justify;\">Universidad de Granada\/Espa\u00f1a.<\/p>\n<p style=\"text-align: justify;\"><strong>Lugar y Fecha:<\/strong>\u00a0Caro &amp; Asociados, 21 de junio de 2017<\/p>\n[\/vc_column_text][\/vc_column_inner][vc_column_inner width=&#8221;1\/2&#8243;]<div class=\"wpex-slider-preloaderimg \"><img width=\"404\" height=\"234\" src=\"https:\/\/www.cedpe.com\/wp-content\/uploads\/2018\/10\/eventos__item-img.jpg\" class=\"attachment-full size-full\" alt=\"\" srcset=\"https:\/\/www.cedpe.com\/wp-content\/uploads\/2018\/10\/eventos__item-img.jpg 404w, https:\/\/www.cedpe.com\/wp-content\/uploads\/2018\/10\/eventos__item-img-300x174.jpg 300w\" sizes=\"(max-width: 404px) 100vw, 404px\" \/><\/div><div class=\"vcex-module wpex-slider slider-pro no-margin-thumbnails vcex-image-gallery-slider clr\" data-thumbnails=\"true\" data-thumbnail-height=\"auto\" data-loop=\"true\" data-auto-play-delay=\"5000\" data-buttons=\"false\" data-animation-speed=\"600\"><div class=\"wpex-slider-slides sp-slides\"><div class=\"wpex-slider-slide sp-slide\"><div class=\"wpex-slider-media\"><img width=\"404\" height=\"234\" src=\"https:\/\/www.cedpe.com\/wp-content\/uploads\/2018\/10\/eventos__item-img.jpg\" class=\"attachment-full size-full\" alt=\"\" srcset=\"https:\/\/www.cedpe.com\/wp-content\/uploads\/2018\/10\/eventos__item-img.jpg 404w, https:\/\/www.cedpe.com\/wp-content\/uploads\/2018\/10\/eventos__item-img-300x174.jpg 300w\" sizes=\"(max-width: 404px) 100vw, 404px\" \/><\/div><\/div><\/div><div class=\"wpex-slider-thumbnails sp-nc-thumbnails cols-5\"><img src=\"https:\/\/www.cedpe.com\/wp-content\/uploads\/2018\/10\/eventos__item-img.jpg\" width=\"404\" height=\"234\" class=\"wpex-slider-thumbnail sp-nc-thumbnail\" alt=\"\" data-no-retina=\"\" \/><\/div><\/div>[vc_column_text el_class=&#8221;eventos_fecha&#8221;]JUN<br \/>\n<strong>19<\/strong><\/p>\n<h4><a href=\"https:\/\/www.cedpe.com\/portfolio-item\/evento-2\/\">Conversatorio XXXIX<\/a><br \/>\n<strong>CUATRO CUESTIONES DEL DERECHO PENAL ACTUAL<\/strong><\/h4>\n[\/vc_column_text][vc_column_text el_class=&#8221;eventos_resumen&#8221;]\n<p style=\"text-align: justify;\"><strong>Organizador(es):<\/strong><br \/>\nCEDPE Caro &amp; Asociados<\/p>\n<p style=\"text-align: justify;\"><strong>Expositor(es):<\/strong><br \/>\nProf. Dr. Dr. h.c. mult. Miguel Polaino Navarrete Prof. Dr. Dr. h.c. Jos\u00e9<\/p>\n<p style=\"text-align: justify;\">Luis de la Cuesta Arzamendi Prof. Dr. Claus Kre\u00df. Prof. Dr. Miguel Polaino-Orts<\/p>\n<p style=\"text-align: justify;\"><strong>Lugar y Fecha:<\/strong>\u00a0Country Hotel, 19 de junio de 2017<\/p>\n[\/vc_column_text][\/vc_column_inner][\/vc_row_inner][vc_row_inner el_class=&#8221;eventos__row-items&#8221;][vc_column_inner width=&#8221;1\/2&#8243;]<div class=\"wpex-slider-preloaderimg \"><img width=\"404\" height=\"234\" src=\"https:\/\/www.cedpe.com\/wp-content\/uploads\/2018\/10\/eventos__item-img.jpg\" class=\"attachment-full size-full\" alt=\"\" srcset=\"https:\/\/www.cedpe.com\/wp-content\/uploads\/2018\/10\/eventos__item-img.jpg 404w, https:\/\/www.cedpe.com\/wp-content\/uploads\/2018\/10\/eventos__item-img-300x174.jpg 300w\" sizes=\"(max-width: 404px) 100vw, 404px\" \/><\/div><div class=\"vcex-module wpex-slider slider-pro no-margin-thumbnails vcex-image-gallery-slider clr\" data-thumbnails=\"true\" data-thumbnail-height=\"auto\" data-loop=\"true\" data-auto-play-delay=\"5000\" data-buttons=\"false\" data-animation-speed=\"600\"><div class=\"wpex-slider-slides sp-slides\"><div class=\"wpex-slider-slide sp-slide\"><div class=\"wpex-slider-media\"><img width=\"404\" height=\"234\" src=\"https:\/\/www.cedpe.com\/wp-content\/uploads\/2018\/10\/eventos__item-img.jpg\" class=\"attachment-full size-full\" alt=\"\" srcset=\"https:\/\/www.cedpe.com\/wp-content\/uploads\/2018\/10\/eventos__item-img.jpg 404w, https:\/\/www.cedpe.com\/wp-content\/uploads\/2018\/10\/eventos__item-img-300x174.jpg 300w\" sizes=\"(max-width: 404px) 100vw, 404px\" \/><\/div><\/div><\/div><div class=\"wpex-slider-thumbnails sp-nc-thumbnails cols-5\"><img src=\"https:\/\/www.cedpe.com\/wp-content\/uploads\/2018\/10\/eventos__item-img.jpg\" width=\"404\" height=\"234\" class=\"wpex-slider-thumbnail sp-nc-thumbnail\" alt=\"\" data-no-retina=\"\" \/><\/div><\/div>[vc_column_text el_class=&#8221;eventos_fecha&#8221;]MAY<br \/>\n<strong>02<\/strong><\/p>\n<h4><a href=\"https:\/\/www.cedpe.com\/portfolio-item\/evento-3\/\">Conversatorio XXXVII\u00a0<\/a><\/h4>\n<h4><strong>CONVERSATORIO: &#8220;XXXVII COMPLIANCE Y DERECHOS HUMANOS&#8221;<\/strong><\/h4>\n[\/vc_column_text][vc_column_text el_class=&#8221;eventos_resumen&#8221;]\n<p style=\"text-align: justify;\"><strong>Organizador(es):<\/strong><br \/>\nCEDPE Caro &amp; Asociados<\/p>\n<p style=\"text-align: justify;\"><strong>Expositor(es):<\/strong><br \/>\nProfa. Dra. Mar\u00eda Laura B\u00f6hm (UBA)<\/p>\n<p style=\"text-align: justify;\"><strong>Lugar y Fecha:<\/strong>\u00a0Caro &amp; Asociados, 02 de mayo de 2017<\/p>\n[\/vc_column_text][\/vc_column_inner][vc_column_inner width=&#8221;1\/2&#8243;]<div class=\"wpex-slider-preloaderimg \"><img width=\"404\" height=\"234\" src=\"https:\/\/www.cedpe.com\/wp-content\/uploads\/2018\/10\/eventos__item-img.jpg\" class=\"attachment-full size-full\" alt=\"\" srcset=\"https:\/\/www.cedpe.com\/wp-content\/uploads\/2018\/10\/eventos__item-img.jpg 404w, https:\/\/www.cedpe.com\/wp-content\/uploads\/2018\/10\/eventos__item-img-300x174.jpg 300w\" sizes=\"(max-width: 404px) 100vw, 404px\" \/><\/div><div class=\"vcex-module wpex-slider slider-pro no-margin-thumbnails vcex-image-gallery-slider clr\" data-thumbnails=\"true\" data-thumbnail-height=\"auto\" data-loop=\"true\" data-auto-play-delay=\"5000\" data-buttons=\"false\" data-animation-speed=\"600\"><div class=\"wpex-slider-slides sp-slides\"><div class=\"wpex-slider-slide sp-slide\"><div class=\"wpex-slider-media\"><img width=\"404\" height=\"234\" src=\"https:\/\/www.cedpe.com\/wp-content\/uploads\/2018\/10\/eventos__item-img.jpg\" class=\"attachment-full size-full\" alt=\"\" srcset=\"https:\/\/www.cedpe.com\/wp-content\/uploads\/2018\/10\/eventos__item-img.jpg 404w, https:\/\/www.cedpe.com\/wp-content\/uploads\/2018\/10\/eventos__item-img-300x174.jpg 300w\" sizes=\"(max-width: 404px) 100vw, 404px\" \/><\/div><\/div><\/div><div class=\"wpex-slider-thumbnails sp-nc-thumbnails cols-5\"><img src=\"https:\/\/www.cedpe.com\/wp-content\/uploads\/2018\/10\/eventos__item-img.jpg\" width=\"404\" height=\"234\" class=\"wpex-slider-thumbnail sp-nc-thumbnail\" alt=\"\" data-no-retina=\"\" \/><\/div><\/div>[vc_column_text el_class=&#8221;eventos_fecha&#8221;]FEB<br \/>\n<strong>13\u00a0<\/strong><\/p>\n<h4><a href=\"https:\/\/www.cedpe.com\/portfolio-item\/evento-4\/\">Conversatorio XXXVI<\/a><br \/>\n<strong>CONVERSATORIO: &#8220;XXXVI LA PRUEBA PROHIBIDA EN LA JURISPRUDENCIA DEL TRIBUNAL CONSTITUCIONAL Y DE LA CORTE SUPREMA.&#8221;<\/strong><\/h4>\n[\/vc_column_text][vc_column_text el_class=&#8221;eventos_resumen&#8221;]<strong>Organizador(es):<\/strong><br \/>\nCEDPE Caro &amp; Asociados<\/p>\n<p><strong>Expositor(es):<\/strong><br \/>\nProfa. Dra. Mercedes Herrera Guerrero.<\/p>\n<p><strong>Lugar y Fecha:<\/strong>\u00a0Caro &amp; Asociados, 13 de febrero de 2017[\/vc_column_text][\/vc_column_inner][\/vc_row_inner][\/vc_tta_section][vc_tta_section title=&#8221;2016&#8243; tab_id=&#8221;2016&#8243; el_class=&#8221;eventos_tab-title&#8221;]<div class=\"vcex-spacing\" style=\"height:35px\"><\/div>[vc_row_inner el_class=&#8221;eventos__row-items&#8221;][vc_column_inner width=&#8221;1\/2&#8243;]<div class=\"wpex-slider-preloaderimg \"><img width=\"404\" height=\"234\" src=\"https:\/\/www.cedpe.com\/wp-content\/uploads\/2018\/11\/20161.png\" class=\"attachment-full size-full\" alt=\"\" srcset=\"https:\/\/www.cedpe.com\/wp-content\/uploads\/2018\/11\/20161.png 404w, https:\/\/www.cedpe.com\/wp-content\/uploads\/2018\/11\/20161-300x174.png 300w\" sizes=\"(max-width: 404px) 100vw, 404px\" \/><\/div><div class=\"vcex-module wpex-slider slider-pro no-margin-thumbnails vcex-image-gallery-slider clr\" data-thumbnails=\"true\" data-thumbnail-height=\"auto\" data-loop=\"true\" data-auto-play-delay=\"5000\" data-buttons=\"false\" data-animation-speed=\"600\"><div class=\"wpex-slider-slides sp-slides\"><div class=\"wpex-slider-slide sp-slide\"><div class=\"wpex-slider-media\"><img width=\"404\" height=\"234\" src=\"https:\/\/www.cedpe.com\/wp-content\/uploads\/2018\/11\/20161.png\" class=\"attachment-full size-full\" alt=\"\" srcset=\"https:\/\/www.cedpe.com\/wp-content\/uploads\/2018\/11\/20161.png 404w, https:\/\/www.cedpe.com\/wp-content\/uploads\/2018\/11\/20161-300x174.png 300w\" sizes=\"(max-width: 404px) 100vw, 404px\" \/><\/div><\/div><div class=\"wpex-slider-slide sp-slide\"><div class=\"wpex-slider-media\"><img width=\"404\" height=\"234\" src=\"https:\/\/www.cedpe.com\/wp-content\/uploads\/2018\/11\/2016A.png\" class=\"attachment-full size-full\" alt=\"\" srcset=\"https:\/\/www.cedpe.com\/wp-content\/uploads\/2018\/11\/2016A.png 404w, https:\/\/www.cedpe.com\/wp-content\/uploads\/2018\/11\/2016A-300x174.png 300w\" sizes=\"(max-width: 404px) 100vw, 404px\" \/><\/div><\/div><div class=\"wpex-slider-slide sp-slide\"><div class=\"wpex-slider-media\"><img width=\"404\" height=\"234\" src=\"https:\/\/www.cedpe.com\/wp-content\/uploads\/2018\/11\/2016B.png\" class=\"attachment-full size-full\" alt=\"\" srcset=\"https:\/\/www.cedpe.com\/wp-content\/uploads\/2018\/11\/2016B.png 404w, https:\/\/www.cedpe.com\/wp-content\/uploads\/2018\/11\/2016B-300x174.png 300w\" sizes=\"(max-width: 404px) 100vw, 404px\" \/><\/div><\/div><div class=\"wpex-slider-slide sp-slide\"><div class=\"wpex-slider-media\"><img width=\"404\" height=\"234\" src=\"https:\/\/www.cedpe.com\/wp-content\/uploads\/2018\/11\/2016C.png\" class=\"attachment-full size-full\" alt=\"\" srcset=\"https:\/\/www.cedpe.com\/wp-content\/uploads\/2018\/11\/2016C.png 404w, https:\/\/www.cedpe.com\/wp-content\/uploads\/2018\/11\/2016C-300x174.png 300w\" sizes=\"(max-width: 404px) 100vw, 404px\" \/><\/div><\/div><\/div><div class=\"wpex-slider-thumbnails sp-nc-thumbnails cols-5\"><img src=\"https:\/\/www.cedpe.com\/wp-content\/uploads\/2018\/11\/20161.png\" width=\"404\" height=\"234\" class=\"wpex-slider-thumbnail sp-nc-thumbnail\" alt=\"\" data-no-retina=\"\" \/><img src=\"https:\/\/www.cedpe.com\/wp-content\/uploads\/2018\/11\/2016A.png\" width=\"404\" height=\"234\" class=\"wpex-slider-thumbnail sp-nc-thumbnail\" alt=\"\" data-no-retina=\"\" \/><img src=\"https:\/\/www.cedpe.com\/wp-content\/uploads\/2018\/11\/2016B.png\" width=\"404\" height=\"234\" class=\"wpex-slider-thumbnail sp-nc-thumbnail\" alt=\"\" data-no-retina=\"\" \/><img src=\"https:\/\/www.cedpe.com\/wp-content\/uploads\/2018\/11\/2016C.png\" width=\"404\" height=\"234\" class=\"wpex-slider-thumbnail sp-nc-thumbnail\" alt=\"\" data-no-retina=\"\" \/><\/div><\/div>[vc_column_text el_class=&#8221;eventos_fecha&#8221;]SEP<br \/>\n<strong>28<\/strong><\/p>\n<h4><a href=\"https:\/\/www.cedpe.com\/portfolio-item\/evento-1\/\">Conversatorio XXXV\u00a0<\/a><br \/>\nXXXV CONVERSATORIO: <strong>&#8220;EL VALOR DE LA JURISPRUDENCIA PENAL INTERNACIONAL EN EL DERECHO PENAL ECON\u00d3MICO&#8221;<\/strong><\/h4>\n[\/vc_column_text][vc_column_text el_class=&#8221;eventos_resumen&#8221;]<strong>Organizador(es):<\/strong><br \/>\nCEDPE<br \/>\nCEDPAL (Centro de Estudios de Derecho Penal y Procesal Penal Latinoamericano)<br \/>\nCaro &amp; Asociados<\/p>\n<p><strong>Expositor(es):<\/strong><br \/>\nProf. Dr. Kai Ambos<br \/>\nProf. Dr. Ezequiel Malarino<\/p>\n<p><strong>Panelista(s):<\/strong><br \/>\nProf. Dr. Justo Fernando Balmaceda Quir\u00f3s<\/p>\n<p><strong>Lugar y Fecha:<\/strong>\u00a0Hotel NM, 28 de setiembre de 2016[\/vc_column_text][vc_btn title=&#8221;VER PROGRAMA&#8221; style=&#8221;flat&#8221; size=&#8221;sm&#8221; align=&#8221;center&#8221; link=&#8221;url:http%3A%2F%2Fccfirma.blogspot.com%2F2016%2F09%2Fprograma-28092016.html||target:%20_blank|&#8221; el_class=&#8221;evento_btns eventos_btn2&#8243;][\/vc_column_inner][vc_column_inner width=&#8221;1\/2&#8243;]<div class=\"wpex-slider-preloaderimg \"><img width=\"404\" height=\"234\" src=\"https:\/\/www.cedpe.com\/wp-content\/uploads\/2018\/11\/201622.png\" class=\"attachment-full size-full\" alt=\"\" srcset=\"https:\/\/www.cedpe.com\/wp-content\/uploads\/2018\/11\/201622.png 404w, https:\/\/www.cedpe.com\/wp-content\/uploads\/2018\/11\/201622-300x174.png 300w\" sizes=\"(max-width: 404px) 100vw, 404px\" \/><\/div><div class=\"vcex-module wpex-slider slider-pro no-margin-thumbnails vcex-image-gallery-slider clr\" data-thumbnails=\"true\" data-thumbnail-height=\"auto\" data-loop=\"true\" data-auto-play-delay=\"5000\" data-buttons=\"false\" data-animation-speed=\"600\"><div class=\"wpex-slider-slides sp-slides\"><div class=\"wpex-slider-slide sp-slide\"><div class=\"wpex-slider-media\"><img width=\"404\" height=\"234\" src=\"https:\/\/www.cedpe.com\/wp-content\/uploads\/2018\/11\/201622.png\" class=\"attachment-full size-full\" alt=\"\" srcset=\"https:\/\/www.cedpe.com\/wp-content\/uploads\/2018\/11\/201622.png 404w, https:\/\/www.cedpe.com\/wp-content\/uploads\/2018\/11\/201622-300x174.png 300w\" sizes=\"(max-width: 404px) 100vw, 404px\" \/><\/div><\/div><\/div><div class=\"wpex-slider-thumbnails sp-nc-thumbnails cols-5\"><img src=\"https:\/\/www.cedpe.com\/wp-content\/uploads\/2018\/11\/201622.png\" width=\"404\" height=\"234\" class=\"wpex-slider-thumbnail sp-nc-thumbnail\" alt=\"\" data-no-retina=\"\" \/><\/div><\/div>[vc_column_text el_class=&#8221;eventos_fecha&#8221;]SEP<br \/>\n<strong>26<\/strong><\/p>\n<h4><a href=\"https:\/\/www.cedpe.com\/portfolio-item\/evento-2\/\">Conversatorio XXXIX<\/a><br \/>\nSEMINARIO INTERNACIONAL: <strong>&#8220;FUNDAMENTOS DEL DERECHO PROBATORIO EN MATERIA PENAL. A PROP\u00d3SITO DE LOS 10 A\u00d1OS DEL NCPP&#8221;<\/strong><\/h4>\n[\/vc_column_text][vc_column_text el_class=&#8221;eventos_resumen&#8221;]<strong>Organizador(es):<\/strong><br \/>\nCEDPE<br \/>\nPorder Judicial<br \/>\nCEDPAL (Centro de Estudios de Derecho Penal y Procesal Penal Latinoamericano)<\/p>\n<p><strong>Expositor(es):<\/strong><br \/>\nProf. Dr. Kai Ambos<br \/>\nProf. Dr. Dino Carlos Caro Coria<br \/>\nProf. Dr. Luis Greco<br \/>\nProf. Dr. Nicol\u00e1s Guzm\u00e1n<br \/>\nProf. Dr. Ezequiel Malarino<br \/>\nProf. Dr. Ra\u00fal N\u00fa\u00f1ez<br \/>\nProf. Dr. Gabriel P\u00e9rez Barber\u00e1<br \/>\nProf. Dr. Cesar San Mart\u00edn<br \/>\nProf. Dr. Paulo Sousa Mendes<\/p>\n<p><strong>Lugar y Fecha:<\/strong>\u00a0Poder Judicial, 26 y 27 de setiembre de 2016[\/vc_column_text][vc_btn title=&#8221;VER VIDEO&#8221; style=&#8221;flat&#8221; size=&#8221;sm&#8221; align=&#8221;center&#8221; link=&#8221;url:http%3A%2F%2Fccfirma.blogspot.com%2F2016%2F09%2Fprograma-seminario-cedpe-pj-y-cedpal-26.html||target:%20_blank|&#8221; el_class=&#8221;evento_btns eventos_btn2&#8243;][\/vc_column_inner][\/vc_row_inner][vc_row_inner el_class=&#8221;eventos__row-items&#8221;][vc_column_inner width=&#8221;1\/2&#8243;]<div class=\"wpex-slider-preloaderimg \"><img width=\"960\" height=\"591\" src=\"https:\/\/www.cedpe.com\/wp-content\/uploads\/2018\/11\/20163.jpg\" class=\"attachment-full size-full\" alt=\"\" srcset=\"https:\/\/www.cedpe.com\/wp-content\/uploads\/2018\/11\/20163.jpg 960w, https:\/\/www.cedpe.com\/wp-content\/uploads\/2018\/11\/20163-300x185.jpg 300w, https:\/\/www.cedpe.com\/wp-content\/uploads\/2018\/11\/20163-768x473.jpg 768w\" sizes=\"(max-width: 960px) 100vw, 960px\" \/><\/div><div class=\"vcex-module wpex-slider slider-pro no-margin-thumbnails vcex-image-gallery-slider clr\" data-thumbnails=\"true\" data-thumbnail-height=\"auto\" data-loop=\"true\" data-auto-play-delay=\"5000\" data-buttons=\"false\" data-animation-speed=\"600\"><div class=\"wpex-slider-slides sp-slides\"><div class=\"wpex-slider-slide sp-slide\"><div class=\"wpex-slider-media\"><img width=\"960\" height=\"591\" src=\"https:\/\/www.cedpe.com\/wp-content\/uploads\/2018\/11\/20163.jpg\" class=\"attachment-full size-full\" alt=\"\" srcset=\"https:\/\/www.cedpe.com\/wp-content\/uploads\/2018\/11\/20163.jpg 960w, https:\/\/www.cedpe.com\/wp-content\/uploads\/2018\/11\/20163-300x185.jpg 300w, https:\/\/www.cedpe.com\/wp-content\/uploads\/2018\/11\/20163-768x473.jpg 768w\" sizes=\"(max-width: 960px) 100vw, 960px\" \/><\/div><\/div><\/div><div class=\"wpex-slider-thumbnails sp-nc-thumbnails cols-5\"><img src=\"https:\/\/www.cedpe.com\/wp-content\/uploads\/2018\/11\/20163.jpg\" width=\"960\" height=\"591\" class=\"wpex-slider-thumbnail sp-nc-thumbnail\" alt=\"\" data-no-retina=\"\" \/><\/div><\/div>[vc_column_text el_class=&#8221;eventos_fecha&#8221;]SEP<br \/>\n<strong>26<\/strong><\/p>\n<h4><a href=\"https:\/\/www.cedpe.com\/portfolio-item\/evento-3\/\">Conversatorio XXXVII\u00a0<\/a><br \/>\nWORKSHOP &#8211; SEMINARIO INTERNACIONAL: <strong>&#8220;FUNDAMENTOS DEL DERECHO PROBATORIO EN MATERIA PENAL&#8221;<\/strong><\/h4>\n[\/vc_column_text][vc_column_text el_class=&#8221;eventos_resumen&#8221;]<strong>Organizador(es):<\/strong><br \/>\nCEDPE<br \/>\nCEDPAL (Centro de Estudios de Derecho Penal y Procesal Penal Latinoamericano)<\/p>\n<p><strong>Expositor(es):<\/strong><br \/>\nProf. Dr. Kai Ambos<br \/>\nProfa. Dra. Lorena Bachmeir<br \/>\nProf. Dr. Dino Carlos Caro Coria<br \/>\nProf. Dr. Luis Greco<br \/>\nProf. Dr. Nicol\u00e1s Guzm\u00e1n<br \/>\nProf. Dr. Ezequiel Malarino<br \/>\nProf. Dr. Ra\u00fal N\u00fa\u00f1ez<br \/>\nProf. Dr. Gabriel P\u00e9rez Barber\u00e1<br \/>\nProf. Dr. Cesar San Mart\u00edn<br \/>\nProf. Dr. Paulo Sousa Mendes<\/p>\n<p><strong>Lugar y Fecha:<\/strong>\u00a0NM Hotel, 26 y 27 de setiembre de 2016[\/vc_column_text][vc_btn title=&#8221;VER VIDEO&#8221; style=&#8221;flat&#8221; size=&#8221;sm&#8221; align=&#8221;center&#8221; link=&#8221;url:http%3A%2F%2Fccfirma.blogspot.com%2F2016%2F09%2Fentrada-programa-26092016-am.html||target:%20_blank|&#8221; el_class=&#8221;evento_btns eventos_btn2&#8243;][\/vc_column_inner][vc_column_inner width=&#8221;1\/2&#8243;]<div class=\"wpex-slider-preloaderimg \"><img width=\"404\" height=\"234\" src=\"https:\/\/www.cedpe.com\/wp-content\/uploads\/2018\/10\/eventos__item-img.jpg\" class=\"attachment-full size-full\" alt=\"\" srcset=\"https:\/\/www.cedpe.com\/wp-content\/uploads\/2018\/10\/eventos__item-img.jpg 404w, https:\/\/www.cedpe.com\/wp-content\/uploads\/2018\/10\/eventos__item-img-300x174.jpg 300w\" sizes=\"(max-width: 404px) 100vw, 404px\" \/><\/div><div class=\"vcex-module wpex-slider slider-pro no-margin-thumbnails vcex-image-gallery-slider clr\" data-thumbnails=\"true\" data-thumbnail-height=\"auto\" data-loop=\"true\" data-auto-play-delay=\"5000\" data-buttons=\"false\" data-animation-speed=\"600\"><div class=\"wpex-slider-slides sp-slides\"><div class=\"wpex-slider-slide sp-slide\"><div class=\"wpex-slider-media\"><img width=\"404\" height=\"234\" src=\"https:\/\/www.cedpe.com\/wp-content\/uploads\/2018\/10\/eventos__item-img.jpg\" class=\"attachment-full size-full\" alt=\"\" srcset=\"https:\/\/www.cedpe.com\/wp-content\/uploads\/2018\/10\/eventos__item-img.jpg 404w, https:\/\/www.cedpe.com\/wp-content\/uploads\/2018\/10\/eventos__item-img-300x174.jpg 300w\" sizes=\"(max-width: 404px) 100vw, 404px\" \/><\/div><\/div><\/div><div class=\"wpex-slider-thumbnails sp-nc-thumbnails cols-5\"><img src=\"https:\/\/www.cedpe.com\/wp-content\/uploads\/2018\/10\/eventos__item-img.jpg\" width=\"404\" height=\"234\" class=\"wpex-slider-thumbnail sp-nc-thumbnail\" alt=\"\" data-no-retina=\"\" \/><\/div><\/div>[vc_column_text el_class=&#8221;eventos_fecha&#8221;]SEP<br \/>\n<strong>16\u00a0<\/strong><\/p>\n<h4><a href=\"https:\/\/www.cedpe.com\/portfolio-item\/evento-4\/\">Conversatorio XXXVI<\/a><br \/>\nXXXIV CONVERSATORIO: <strong>&#8220;LA FUNDAMENTACI\u00d3N DE LA RESPONSABILIDAD PENAL DEL COMPLIANCE OFFICER A TRAV\u00c9S DE SU ESPECIAL POSICI\u00d3N DE GARANTE. A PROP\u00d3SITO DE LA LEY QUE REGULA LA RESPONSABILIDAD ADMINISTRATIVA DE LAS PERSONAS JUR\u00cdDICAS EN EL PER\u00da&#8221;<\/strong><\/h4>\n[\/vc_column_text][vc_column_text el_class=&#8221;eventos_resumen&#8221;]<strong>Organizador(es):<\/strong><br \/>\nCEDPE<br \/>\nCaro &amp; Asociados<\/p>\n<p><strong>Expositor(es):<\/strong><br \/>\nMag. Jhuliana Claudia Atahuam\u00e1n Paucar<\/p>\n<p><strong>Panelista (s) :<\/strong><br \/>\nProf. Dr. Dino Carlos Caro Coria<br \/>\nAbog. Percy Andr\u00e9 Sota S\u00e1nchez<\/p>\n<p><strong>Lugar y Fecha:<\/strong>\u00a0Caro &amp; Asociados, 16 de setiembre de 2016[\/vc_column_text][vc_btn title=&#8221;VER VIDEO&#8221; style=&#8221;flat&#8221; size=&#8221;sm&#8221; align=&#8221;center&#8221; link=&#8221;url:http%3A%2F%2Fccfirma.blogspot.com%2F2016%2F09%2Fprograma-16092016.html||target:%20_blank|&#8221; el_class=&#8221;evento_btns eventos_btn2&#8243;][\/vc_column_inner][\/vc_row_inner][vc_row_inner el_class=&#8221;eventos__row-items&#8221;][vc_column_inner width=&#8221;1\/2&#8243;]<div class=\"wpex-slider-preloaderimg \"><img width=\"404\" height=\"234\" src=\"https:\/\/www.cedpe.com\/wp-content\/uploads\/2018\/10\/eventos__item-img.jpg\" class=\"attachment-full size-full\" alt=\"\" srcset=\"https:\/\/www.cedpe.com\/wp-content\/uploads\/2018\/10\/eventos__item-img.jpg 404w, https:\/\/www.cedpe.com\/wp-content\/uploads\/2018\/10\/eventos__item-img-300x174.jpg 300w\" sizes=\"(max-width: 404px) 100vw, 404px\" \/><\/div><div class=\"vcex-module wpex-slider slider-pro no-margin-thumbnails vcex-image-gallery-slider clr\" data-thumbnails=\"true\" data-thumbnail-height=\"auto\" data-loop=\"true\" data-auto-play-delay=\"5000\" data-buttons=\"false\" data-animation-speed=\"600\"><div class=\"wpex-slider-slides sp-slides\"><div class=\"wpex-slider-slide sp-slide\"><div class=\"wpex-slider-media\"><img width=\"404\" height=\"234\" src=\"https:\/\/www.cedpe.com\/wp-content\/uploads\/2018\/10\/eventos__item-img.jpg\" class=\"attachment-full size-full\" alt=\"\" srcset=\"https:\/\/www.cedpe.com\/wp-content\/uploads\/2018\/10\/eventos__item-img.jpg 404w, https:\/\/www.cedpe.com\/wp-content\/uploads\/2018\/10\/eventos__item-img-300x174.jpg 300w\" sizes=\"(max-width: 404px) 100vw, 404px\" \/><\/div><\/div><\/div><div class=\"wpex-slider-thumbnails sp-nc-thumbnails cols-5\"><img src=\"https:\/\/www.cedpe.com\/wp-content\/uploads\/2018\/10\/eventos__item-img.jpg\" width=\"404\" height=\"234\" class=\"wpex-slider-thumbnail sp-nc-thumbnail\" alt=\"\" data-no-retina=\"\" \/><\/div><\/div>[vc_column_text el_class=&#8221;eventos_fecha&#8221;]AGO<br \/>\n<strong>31<\/strong><\/p>\n<h4><a href=\"https:\/\/www.cedpe.com\/portfolio-item\/evento-3\/\">Conversatorio XXXVII\u00a0<\/a><br \/>\nCONFERENCIA MAGISTRAL: <strong>&#8220;LA FUNDAMENTACI\u00d3N DE LA RESPONSABILIDAD PENAL DEL COMPLIANCE OFFICER A TRAV\u00c9S DE SU ESPECIAL POSICI\u00d3N DE GARANTE. A PROP\u00d3SITO DE LA LEY QUE REGULA LA RESPONSABILIDAD ADMINISTRATIVA DE LAS PERSONAS JUR\u00cdDICAS EN EL PER\u00da&#8221;<\/strong><\/h4>\n[\/vc_column_text][vc_column_text el_class=&#8221;eventos_resumen&#8221;]<strong>Organizador(es):<\/strong><br \/>\nCEDPE<br \/>\nComisi\u00f3n de Alto Nivel Anticorrupci\u00f3n-CAN<\/p>\n<p><strong>Expositor(es):<\/strong><br \/>\nProfa. Dra. Laura Z\u00fa\u00f1iga Rodr\u00edguez<br \/>\nProf. Dr. Dino Carlos Caro Coria<\/p>\n<p><strong>Panelista (s) :<\/strong><br \/>\nRosmary Cornejo Valdivia<br \/>\nJos\u00e9 Luis Medina Frisancho<br \/>\nJoaqu\u00edn Missiego del Solar<\/p>\n<p><strong>Lugar y Fecha:<\/strong>\u00a0Universidad de Lima, 31 de agosto de 2016[\/vc_column_text][vc_btn title=&#8221;VER VIDEO&#8221; style=&#8221;flat&#8221; size=&#8221;sm&#8221; align=&#8221;center&#8221; link=&#8221;url:http%3A%2F%2Fccfirma.blogspot.com%2F2016%2F08%2Fprograma-31082016.html||target:%20_blank|&#8221; el_class=&#8221;evento_btns eventos_btn2&#8243;][\/vc_column_inner][vc_column_inner width=&#8221;1\/2&#8243;]<div class=\"wpex-slider-preloaderimg \"><img width=\"404\" height=\"234\" src=\"https:\/\/www.cedpe.com\/wp-content\/uploads\/2018\/10\/eventos__item-img.jpg\" class=\"attachment-full size-full\" alt=\"\" srcset=\"https:\/\/www.cedpe.com\/wp-content\/uploads\/2018\/10\/eventos__item-img.jpg 404w, https:\/\/www.cedpe.com\/wp-content\/uploads\/2018\/10\/eventos__item-img-300x174.jpg 300w\" sizes=\"(max-width: 404px) 100vw, 404px\" \/><\/div><div class=\"vcex-module wpex-slider slider-pro no-margin-thumbnails vcex-image-gallery-slider clr\" data-thumbnails=\"true\" data-thumbnail-height=\"auto\" data-loop=\"true\" data-auto-play-delay=\"5000\" data-buttons=\"false\" data-animation-speed=\"600\"><div class=\"wpex-slider-slides sp-slides\"><div class=\"wpex-slider-slide sp-slide\"><div class=\"wpex-slider-media\"><img width=\"404\" height=\"234\" src=\"https:\/\/www.cedpe.com\/wp-content\/uploads\/2018\/10\/eventos__item-img.jpg\" class=\"attachment-full size-full\" alt=\"\" srcset=\"https:\/\/www.cedpe.com\/wp-content\/uploads\/2018\/10\/eventos__item-img.jpg 404w, https:\/\/www.cedpe.com\/wp-content\/uploads\/2018\/10\/eventos__item-img-300x174.jpg 300w\" sizes=\"(max-width: 404px) 100vw, 404px\" \/><\/div><\/div><\/div><div class=\"wpex-slider-thumbnails sp-nc-thumbnails cols-5\"><img src=\"https:\/\/www.cedpe.com\/wp-content\/uploads\/2018\/10\/eventos__item-img.jpg\" width=\"404\" height=\"234\" class=\"wpex-slider-thumbnail sp-nc-thumbnail\" alt=\"\" data-no-retina=\"\" \/><\/div><\/div>[vc_column_text el_class=&#8221;eventos_fecha&#8221;]JUL<br \/>\n<strong>12\u00a0<\/strong><\/p>\n<h4><a href=\"https:\/\/www.cedpe.com\/portfolio-item\/evento-4\/\">Conversatorio XXXVI<\/a><br \/>\nXXXIII CONVERSATORIO: <strong>&#8220;LA FUNDAMENTACI\u00d3N DE LA RESPONSABILIDAD PENAL DEL COMPLIANCE OFFICER A TRAV\u00c9S DE SU ESPECIAL POSICI\u00d3N DE GARANTE. A PROP\u00d3SITO DE LA LEY QUE REGULA LA RESPONSABILIDAD ADMINISTRATIVA DE LAS PERSONAS JUR\u00cdDICAS EN EL PER\u00da&#8221;<\/strong><\/h4>\n[\/vc_column_text][vc_column_text el_class=&#8221;eventos_resumen&#8221;]<strong>Organizador(es):<\/strong><br \/>\nCaro &amp; Asociados<br \/>\nCEDPE<\/p>\n<p><strong>Expositor(es):<\/strong><br \/>\nProfa. Dra. Juana del Carpio Delgado<\/p>\n<p><strong>Panelista (s):<\/strong><br \/>\nProf. Dr. Dino Carlos Caro Coria<br \/>\nProf. Luis Miguel Reyna Alfaro<\/p>\n<p><strong>Lugar y Fecha:<\/strong>\u00a0Caro &amp; Asociados, 12 de julio de 2016[\/vc_column_text][vc_btn title=&#8221;VER VIDEO&#8221; style=&#8221;flat&#8221; size=&#8221;sm&#8221; align=&#8221;center&#8221; link=&#8221;url:http%3A%2F%2Fccfirma.blogspot.com%2F2016%2F07%2Fprograma-12072016.html||target:%20_blank|&#8221; el_class=&#8221;evento_btns eventos_btn2&#8243;][\/vc_column_inner][\/vc_row_inner][vc_row_inner el_class=&#8221;eventos__row-items&#8221;][vc_column_inner width=&#8221;1\/2&#8243;]<div class=\"wpex-slider-preloaderimg \"><img width=\"404\" height=\"234\" src=\"https:\/\/www.cedpe.com\/wp-content\/uploads\/2018\/10\/eventos__item-img.jpg\" class=\"attachment-full size-full\" alt=\"\" srcset=\"https:\/\/www.cedpe.com\/wp-content\/uploads\/2018\/10\/eventos__item-img.jpg 404w, https:\/\/www.cedpe.com\/wp-content\/uploads\/2018\/10\/eventos__item-img-300x174.jpg 300w\" sizes=\"(max-width: 404px) 100vw, 404px\" \/><\/div><div class=\"vcex-module wpex-slider slider-pro no-margin-thumbnails vcex-image-gallery-slider clr\" data-thumbnails=\"true\" data-thumbnail-height=\"auto\" data-loop=\"true\" data-auto-play-delay=\"5000\" data-buttons=\"false\" data-animation-speed=\"600\"><div class=\"wpex-slider-slides sp-slides\"><div class=\"wpex-slider-slide sp-slide\"><div class=\"wpex-slider-media\"><img width=\"404\" height=\"234\" src=\"https:\/\/www.cedpe.com\/wp-content\/uploads\/2018\/10\/eventos__item-img.jpg\" class=\"attachment-full size-full\" alt=\"\" srcset=\"https:\/\/www.cedpe.com\/wp-content\/uploads\/2018\/10\/eventos__item-img.jpg 404w, https:\/\/www.cedpe.com\/wp-content\/uploads\/2018\/10\/eventos__item-img-300x174.jpg 300w\" sizes=\"(max-width: 404px) 100vw, 404px\" \/><\/div><\/div><\/div><div class=\"wpex-slider-thumbnails sp-nc-thumbnails cols-5\"><img src=\"https:\/\/www.cedpe.com\/wp-content\/uploads\/2018\/10\/eventos__item-img.jpg\" width=\"404\" height=\"234\" class=\"wpex-slider-thumbnail sp-nc-thumbnail\" alt=\"\" data-no-retina=\"\" \/><\/div><\/div>[vc_column_text el_class=&#8221;eventos_fecha&#8221;]JUN<br \/>\n<strong>21<\/strong><\/p>\n<h4><a href=\"https:\/\/www.cedpe.com\/portfolio-item\/evento-3\/\">Conversatorio XXXVII\u00a0<\/a><br \/>\nXXXII CONVERSATORIO: <strong>&#8220;LA FUNDAMENTACI\u00d3N DE LA RESPONSABILIDAD PENAL DEL COMPLIANCE OFFICER A TRAV\u00c9S DE SU ESPECIAL POSICI\u00d3N DE GARANTE. A PROP\u00d3SITO DE LA LEY QUE REGULA LA RESPONSABILIDAD ADMINISTRATIVA DE LAS PERSONAS JUR\u00cdDICAS EN EL PER\u00da&#8221;<\/strong><\/h4>\n[\/vc_column_text][vc_column_text el_class=&#8221;eventos_resumen&#8221;]<strong>Organizador(es):<\/strong><br \/>\nCaro &amp; Asociados<br \/>\nCEDPE<\/p>\n<p><strong>Expositor(es):<\/strong><br \/>\nProf. Dr. Dr. h.c.mult. Enrique Gimbernat Ordeig<br \/>\nProf. Dr. Dr. h.c.mult. Miguel Polaino Navarrete<br \/>\nProf. Dr. Miguel Ontiveros Alonso<br \/>\nProf. Dr. Miguel Polaino-Orts<\/p>\n<p><strong>Panelista(s):<\/strong><br \/>\nProf. Eduardo Alc\u00f3cer Povis<br \/>\nProf. Pedro Jos\u00e9 Alva Monge<br \/>\nProfa. Diana Marisela Asmat Coello<\/p>\n<p><strong>Lugar y Fecha:<\/strong>\u00a0Hotel Los Delfines, 21 de junio de 2016[\/vc_column_text][vc_btn title=&#8221;VER VIDEO&#8221; style=&#8221;flat&#8221; size=&#8221;sm&#8221; align=&#8221;center&#8221; link=&#8221;url:http%3A%2F%2Fccfirma.blogspot.com%2F2016%2F06%2Fprograma-21062016.html||target:%20_blank|&#8221; el_class=&#8221;evento_btns eventos_btn2&#8243;][\/vc_column_inner][vc_column_inner width=&#8221;1\/2&#8243;]<div class=\"wpex-slider-preloaderimg \"><img width=\"404\" height=\"234\" src=\"https:\/\/www.cedpe.com\/wp-content\/uploads\/2018\/10\/eventos__item-img.jpg\" class=\"attachment-full size-full\" alt=\"\" srcset=\"https:\/\/www.cedpe.com\/wp-content\/uploads\/2018\/10\/eventos__item-img.jpg 404w, https:\/\/www.cedpe.com\/wp-content\/uploads\/2018\/10\/eventos__item-img-300x174.jpg 300w\" sizes=\"(max-width: 404px) 100vw, 404px\" \/><\/div><div class=\"vcex-module wpex-slider slider-pro no-margin-thumbnails vcex-image-gallery-slider clr\" data-thumbnails=\"true\" data-thumbnail-height=\"auto\" data-loop=\"true\" data-auto-play-delay=\"5000\" data-buttons=\"false\" data-animation-speed=\"600\"><div class=\"wpex-slider-slides sp-slides\"><div class=\"wpex-slider-slide sp-slide\"><div class=\"wpex-slider-media\"><img width=\"404\" height=\"234\" src=\"https:\/\/www.cedpe.com\/wp-content\/uploads\/2018\/10\/eventos__item-img.jpg\" class=\"attachment-full size-full\" alt=\"\" srcset=\"https:\/\/www.cedpe.com\/wp-content\/uploads\/2018\/10\/eventos__item-img.jpg 404w, https:\/\/www.cedpe.com\/wp-content\/uploads\/2018\/10\/eventos__item-img-300x174.jpg 300w\" sizes=\"(max-width: 404px) 100vw, 404px\" \/><\/div><\/div><\/div><div class=\"wpex-slider-thumbnails sp-nc-thumbnails cols-5\"><img src=\"https:\/\/www.cedpe.com\/wp-content\/uploads\/2018\/10\/eventos__item-img.jpg\" width=\"404\" height=\"234\" class=\"wpex-slider-thumbnail sp-nc-thumbnail\" alt=\"\" data-no-retina=\"\" \/><\/div><\/div>[vc_column_text el_class=&#8221;eventos_fecha&#8221;]JUN<br \/>\n<strong>01\u00a0<\/strong><\/p>\n<h4><a href=\"https:\/\/www.cedpe.com\/portfolio-item\/evento-4\/\">Conversatorio XXXVI<\/a><br \/>\nPRESENTACI\u00d3N DE LOS LIBROS: <strong>&#8220;LA FUNDAMENTACI\u00d3N DE LA RESPONSABILIDAD PENAL DEL COMPLIANCE OFFICER A TRAV\u00c9S DE SU ESPECIAL POSICI\u00d3N DE GARANTE. A PROP\u00d3SITO DE LA LEY QUE REGULA LA RESPONSABILIDAD ADMINISTRATIVA DE LAS PERSONAS JUR\u00cdDICAS EN EL PER\u00da&#8221;<\/strong><\/h4>\n[\/vc_column_text][vc_column_text el_class=&#8221;eventos_resumen&#8221;]<strong>Organizador(es):<\/strong><br \/>\nCEDPE<\/p>\n<p><strong>Expositor(es):<\/strong><br \/>\nProf. Dr. Dino Carlos Caro Coria<br \/>\nLuis Fernando Iberico Casta\u00f1eda<br \/>\nJames Re\u00e1tegui S\u00e1nchez<br \/>\nLuis Miguel Reyna Alfaro<\/p>\n<p><strong>Lugar y Fecha:<\/strong>\u00a0Sala de Juramentos de la Corte Suprema, Poder Judicial del Per\u00fa, 01 de junio de 2016[\/vc_column_text][vc_btn title=&#8221;VER VIDEO&#8221; style=&#8221;flat&#8221; size=&#8221;sm&#8221; align=&#8221;center&#8221; link=&#8221;url:http%3A%2F%2Fccfirma.blogspot.com%2F2016%2F05%2Finvitacion-especial-cedpe-1-de-junio.html||target:%20_blank|&#8221; el_class=&#8221;evento_btns eventos_btn2&#8243;][\/vc_column_inner][\/vc_row_inner][vc_row_inner el_class=&#8221;eventos__row-items&#8221;][vc_column_inner width=&#8221;1\/2&#8243;]<div class=\"wpex-slider-preloaderimg \"><img width=\"404\" height=\"234\" src=\"https:\/\/www.cedpe.com\/wp-content\/uploads\/2018\/10\/eventos__item-img.jpg\" class=\"attachment-full size-full\" alt=\"\" srcset=\"https:\/\/www.cedpe.com\/wp-content\/uploads\/2018\/10\/eventos__item-img.jpg 404w, https:\/\/www.cedpe.com\/wp-content\/uploads\/2018\/10\/eventos__item-img-300x174.jpg 300w\" sizes=\"(max-width: 404px) 100vw, 404px\" \/><\/div><div class=\"vcex-module wpex-slider slider-pro no-margin-thumbnails vcex-image-gallery-slider clr\" data-thumbnails=\"true\" data-thumbnail-height=\"auto\" data-loop=\"true\" data-auto-play-delay=\"5000\" data-buttons=\"false\" data-animation-speed=\"600\"><div class=\"wpex-slider-slides sp-slides\"><div class=\"wpex-slider-slide sp-slide\"><div class=\"wpex-slider-media\"><img width=\"404\" height=\"234\" src=\"https:\/\/www.cedpe.com\/wp-content\/uploads\/2018\/10\/eventos__item-img.jpg\" class=\"attachment-full size-full\" alt=\"\" srcset=\"https:\/\/www.cedpe.com\/wp-content\/uploads\/2018\/10\/eventos__item-img.jpg 404w, https:\/\/www.cedpe.com\/wp-content\/uploads\/2018\/10\/eventos__item-img-300x174.jpg 300w\" sizes=\"(max-width: 404px) 100vw, 404px\" \/><\/div><\/div><\/div><div class=\"wpex-slider-thumbnails sp-nc-thumbnails cols-5\"><img src=\"https:\/\/www.cedpe.com\/wp-content\/uploads\/2018\/10\/eventos__item-img.jpg\" width=\"404\" height=\"234\" class=\"wpex-slider-thumbnail sp-nc-thumbnail\" alt=\"\" data-no-retina=\"\" \/><\/div><\/div>[vc_column_text el_class=&#8221;eventos_fecha&#8221;]MAY<br \/>\n<strong>06<\/strong><\/p>\n<h4><a href=\"https:\/\/www.cedpe.com\/portfolio-item\/evento-3\/\">Conversatorio XXXVII\u00a0<\/a><br \/>\nSEMINARIO INTERNACIONAL: <strong>&#8220;LA FUNDAMENTACI\u00d3N DE LA RESPONSABILIDAD PENAL DEL COMPLIANCE OFFICER A TRAV\u00c9S DE SU ESPECIAL POSICI\u00d3N DE GARANTE. A PROP\u00d3SITO DE LA LEY QUE REGULA LA RESPONSABILIDAD ADMINISTRATIVA DE LAS PERSONAS JUR\u00cdDICAS EN EL PER\u00da&#8221;<\/strong><\/h4>\n[\/vc_column_text][vc_column_text el_class=&#8221;eventos_resumen&#8221;]<strong>Organizador(es):<\/strong><br \/>\nCaro &amp; Asociados<br \/>\nCEDPE<br \/>\nIUS ET Veritas<\/p>\n<p><strong>Expositor(es):<\/strong><br \/>\nProf. Dr. Dino Carlos Caro Coria<br \/>\nProf. Jaime Winter Etcheberry<br \/>\nMag. Andy Carri\u00f3n Zenteno<\/p>\n<p><strong>Lugar y Fecha:<\/strong>\u00a0Pontificia Universidad Cat\u00f3lica del Per\u00fa (PUCP), 06 de mayo de 2016[\/vc_column_text][vc_btn title=&#8221;VER VIDEO&#8221; style=&#8221;flat&#8221; size=&#8221;sm&#8221; align=&#8221;center&#8221; link=&#8221;url:http%3A%2F%2Fccfirma.blogspot.com%2F2016%2F05%2Fprograma-06052016.html||target:%20_blank|&#8221; el_class=&#8221;evento_btns eventos_btn2&#8243;][\/vc_column_inner][vc_column_inner width=&#8221;1\/2&#8243;]<div class=\"wpex-slider-preloaderimg \"><img width=\"404\" height=\"234\" src=\"https:\/\/www.cedpe.com\/wp-content\/uploads\/2018\/10\/eventos__item-img.jpg\" class=\"attachment-full size-full\" alt=\"\" srcset=\"https:\/\/www.cedpe.com\/wp-content\/uploads\/2018\/10\/eventos__item-img.jpg 404w, https:\/\/www.cedpe.com\/wp-content\/uploads\/2018\/10\/eventos__item-img-300x174.jpg 300w\" sizes=\"(max-width: 404px) 100vw, 404px\" \/><\/div><div class=\"vcex-module wpex-slider slider-pro no-margin-thumbnails vcex-image-gallery-slider clr\" data-thumbnails=\"true\" data-thumbnail-height=\"auto\" data-loop=\"true\" data-auto-play-delay=\"5000\" data-buttons=\"false\" data-animation-speed=\"600\"><div class=\"wpex-slider-slides sp-slides\"><div class=\"wpex-slider-slide sp-slide\"><div class=\"wpex-slider-media\"><img width=\"404\" height=\"234\" src=\"https:\/\/www.cedpe.com\/wp-content\/uploads\/2018\/10\/eventos__item-img.jpg\" class=\"attachment-full size-full\" alt=\"\" srcset=\"https:\/\/www.cedpe.com\/wp-content\/uploads\/2018\/10\/eventos__item-img.jpg 404w, https:\/\/www.cedpe.com\/wp-content\/uploads\/2018\/10\/eventos__item-img-300x174.jpg 300w\" sizes=\"(max-width: 404px) 100vw, 404px\" \/><\/div><\/div><\/div><div class=\"wpex-slider-thumbnails sp-nc-thumbnails cols-5\"><img src=\"https:\/\/www.cedpe.com\/wp-content\/uploads\/2018\/10\/eventos__item-img.jpg\" width=\"404\" height=\"234\" class=\"wpex-slider-thumbnail sp-nc-thumbnail\" alt=\"\" data-no-retina=\"\" \/><\/div><\/div>[vc_column_text el_class=&#8221;eventos_fecha&#8221;]MAY<br \/>\n<strong>04\u00a0<\/strong><\/p>\n<h4><a href=\"https:\/\/www.cedpe.com\/portfolio-item\/evento-4\/\">Conversatorio XXXVI<\/a><br \/>\nCONFERENCIA MAGISTRAL: <strong>&#8220;LA FUNDAMENTACI\u00d3N DE LA RESPONSABILIDAD PENAL DEL COMPLIANCE OFFICER A TRAV\u00c9S DE SU ESPECIAL POSICI\u00d3N DE GARANTE. A PROP\u00d3SITO DE LA LEY QUE REGULA LA RESPONSABILIDAD ADMINISTRATIVA DE LAS PERSONAS JUR\u00cdDICAS EN EL PER\u00da&#8221;<\/strong><\/h4>\n[\/vc_column_text][vc_column_text el_class=&#8221;eventos_resumen&#8221;]<strong>Organizador(es):<\/strong><br \/>\nCEDPE<br \/>\nComisi\u00f3n de Alto Nivel Anticorrupci\u00f3n &#8211; CAN<br \/>\nUniversidad de Lima<\/p>\n<p><strong>Expositor(es):<\/strong><br \/>\nProf. Dr. Dino Carlos Caro Coria<br \/>\nProf. Jaime Winter Etcheberry<br \/>\nMag. Andy Carri\u00f3n Zenteno<br \/>\nMag. Jos\u00e9 Luis Medina Frisancho<br \/>\nRosmary Cornejo Valdivia<\/p>\n<p><strong>Lugar y Fecha:<\/strong>\u00a0Universidad de Lima, 04 de mayo de 2016[\/vc_column_text][vc_btn title=&#8221;VER VIDEO&#8221; style=&#8221;flat&#8221; size=&#8221;sm&#8221; align=&#8221;center&#8221; link=&#8221;url:http%3A%2F%2Fccfirma.blogspot.com%2F2016%2F04%2Fprograma-de-conferencia-magistral.html||target:%20_blank|&#8221; el_class=&#8221;evento_btns eventos_btn2&#8243;][\/vc_column_inner][\/vc_row_inner][vc_row_inner el_class=&#8221;eventos__row-items&#8221;][vc_column_inner width=&#8221;1\/2&#8243;]<div class=\"wpex-slider-preloaderimg \"><img width=\"404\" height=\"234\" src=\"https:\/\/www.cedpe.com\/wp-content\/uploads\/2018\/10\/eventos__item-img.jpg\" class=\"attachment-full size-full\" alt=\"\" srcset=\"https:\/\/www.cedpe.com\/wp-content\/uploads\/2018\/10\/eventos__item-img.jpg 404w, https:\/\/www.cedpe.com\/wp-content\/uploads\/2018\/10\/eventos__item-img-300x174.jpg 300w\" sizes=\"(max-width: 404px) 100vw, 404px\" \/><\/div><div class=\"vcex-module wpex-slider slider-pro no-margin-thumbnails vcex-image-gallery-slider clr\" data-thumbnails=\"true\" data-thumbnail-height=\"auto\" data-loop=\"true\" data-auto-play-delay=\"5000\" data-buttons=\"false\" data-animation-speed=\"600\"><div class=\"wpex-slider-slides sp-slides\"><div class=\"wpex-slider-slide sp-slide\"><div class=\"wpex-slider-media\"><img width=\"404\" height=\"234\" src=\"https:\/\/www.cedpe.com\/wp-content\/uploads\/2018\/10\/eventos__item-img.jpg\" class=\"attachment-full size-full\" alt=\"\" srcset=\"https:\/\/www.cedpe.com\/wp-content\/uploads\/2018\/10\/eventos__item-img.jpg 404w, https:\/\/www.cedpe.com\/wp-content\/uploads\/2018\/10\/eventos__item-img-300x174.jpg 300w\" sizes=\"(max-width: 404px) 100vw, 404px\" \/><\/div><\/div><\/div><div class=\"wpex-slider-thumbnails sp-nc-thumbnails cols-5\"><img src=\"https:\/\/www.cedpe.com\/wp-content\/uploads\/2018\/10\/eventos__item-img.jpg\" width=\"404\" height=\"234\" class=\"wpex-slider-thumbnail sp-nc-thumbnail\" alt=\"\" data-no-retina=\"\" \/><\/div><\/div>[vc_column_text el_class=&#8221;eventos_fecha&#8221;]MAY<br \/>\n<strong>04<\/strong><\/p>\n<h4><a href=\"https:\/\/www.cedpe.com\/portfolio-item\/evento-3\/\">Conversatorio XXXVII\u00a0<\/a><br \/>\nXXXI CONVERSATORIO: <strong>&#8220;LA FUNDAMENTACI\u00d3N DE LA RESPONSABILIDAD PENAL DEL COMPLIANCE OFFICER A TRAV\u00c9S DE SU ESPECIAL POSICI\u00d3N DE GARANTE. A PROP\u00d3SITO DE LA LEY QUE REGULA LA RESPONSABILIDAD ADMINISTRATIVA DE LAS PERSONAS JUR\u00cdDICAS EN EL PER\u00da&#8221;<\/strong><\/h4>\n[\/vc_column_text][vc_column_text el_class=&#8221;eventos_resumen&#8221;]<strong>Organizador(es):<\/strong><br \/>\nCaro &amp; Asociados<br \/>\nCEDPE<\/p>\n<p><strong>Expositor(es):<\/strong><br \/>\nAbog. Ana Cecilia Hurtado Huailla<br \/>\nProf. Luis Fernando Iberico Casta\u00f1eda<br \/>\nAbog. Virginia del Pilar Naval Linares<br \/>\nProf. Jaime Winter Etcheberry<\/p>\n<p><strong>Lugar y Fecha:<\/strong>\u00a0Caro &amp; Asociados, 04 de mayo de 2016[\/vc_column_text][vc_btn title=&#8221;VER VIDEO&#8221; style=&#8221;flat&#8221; size=&#8221;sm&#8221; align=&#8221;center&#8221; link=&#8221;url:http%3A%2F%2Fccfirma.blogspot.com%2F2016%2F04%2Fprograma-04052016.html||target:%20_blank|&#8221; el_class=&#8221;evento_btns eventos_btn2&#8243;][\/vc_column_inner][vc_column_inner width=&#8221;1\/2&#8243;]<div class=\"wpex-slider-preloaderimg \"><img width=\"404\" height=\"234\" src=\"https:\/\/www.cedpe.com\/wp-content\/uploads\/2018\/10\/eventos__item-img.jpg\" class=\"attachment-full size-full\" alt=\"\" srcset=\"https:\/\/www.cedpe.com\/wp-content\/uploads\/2018\/10\/eventos__item-img.jpg 404w, https:\/\/www.cedpe.com\/wp-content\/uploads\/2018\/10\/eventos__item-img-300x174.jpg 300w\" sizes=\"(max-width: 404px) 100vw, 404px\" \/><\/div><div class=\"vcex-module wpex-slider slider-pro no-margin-thumbnails vcex-image-gallery-slider clr\" data-thumbnails=\"true\" data-thumbnail-height=\"auto\" data-loop=\"true\" data-auto-play-delay=\"5000\" data-buttons=\"false\" data-animation-speed=\"600\"><div class=\"wpex-slider-slides sp-slides\"><div class=\"wpex-slider-slide sp-slide\"><div class=\"wpex-slider-media\"><img width=\"404\" height=\"234\" src=\"https:\/\/www.cedpe.com\/wp-content\/uploads\/2018\/10\/eventos__item-img.jpg\" class=\"attachment-full size-full\" alt=\"\" srcset=\"https:\/\/www.cedpe.com\/wp-content\/uploads\/2018\/10\/eventos__item-img.jpg 404w, https:\/\/www.cedpe.com\/wp-content\/uploads\/2018\/10\/eventos__item-img-300x174.jpg 300w\" sizes=\"(max-width: 404px) 100vw, 404px\" \/><\/div><\/div><\/div><div class=\"wpex-slider-thumbnails sp-nc-thumbnails cols-5\"><img src=\"https:\/\/www.cedpe.com\/wp-content\/uploads\/2018\/10\/eventos__item-img.jpg\" width=\"404\" height=\"234\" class=\"wpex-slider-thumbnail sp-nc-thumbnail\" alt=\"\" data-no-retina=\"\" \/><\/div><\/div>[vc_column_text el_class=&#8221;eventos_fecha&#8221;]ABR<br \/>\n<strong>26\u00a0<\/strong><\/p>\n<h4><a href=\"https:\/\/www.cedpe.com\/portfolio-item\/evento-4\/\">Conversatorio XXXVI<\/a><br \/>\nXXX CONVERSATORIO: <strong>&#8220;LA FUNDAMENTACI\u00d3N DE LA RESPONSABILIDAD PENAL DEL COMPLIANCE OFFICER A TRAV\u00c9S DE SU ESPECIAL POSICI\u00d3N DE GARANTE. A PROP\u00d3SITO DE LA LEY QUE REGULA LA RESPONSABILIDAD ADMINISTRATIVA DE LAS PERSONAS JUR\u00cdDICAS EN EL PER\u00da&#8221;<\/strong><\/h4>\n[\/vc_column_text][vc_column_text el_class=&#8221;eventos_resumen&#8221;]<strong>Organizador(es):<\/strong><br \/>\nCaro &amp; Asociados<br \/>\nCEDPE<\/p>\n<p><strong>Expositor(es):<\/strong><br \/>\nProf. Dr. Dr. h. c. Miguel Angel N\u00fa\u00f1ez Paz<br \/>\nProf. Luis Miguel Reyna Alfaro<br \/>\nMag. Andy Carri\u00f3n Zenteno<br \/>\nRoc\u00edo del Pilar Salcedo Machado<\/p>\n<p><strong>Lugar y Fecha:<\/strong>\u00a0Caro &amp; Asociados, 26 de abril de 2016[\/vc_column_text][vc_btn title=&#8221;VER VIDEO&#8221; style=&#8221;flat&#8221; size=&#8221;sm&#8221; align=&#8221;center&#8221; link=&#8221;url:http%3A%2F%2Fccfirma.blogspot.com%2F2016%2F04%2Fprograma-26042016.html||target:%20_blank|&#8221; el_class=&#8221;evento_btns eventos_btn2&#8243;][\/vc_column_inner][\/vc_row_inner][vc_row_inner el_class=&#8221;eventos__row-items&#8221;][vc_column_inner width=&#8221;1\/2&#8243;]<div class=\"wpex-slider-preloaderimg \"><img width=\"404\" height=\"234\" src=\"https:\/\/www.cedpe.com\/wp-content\/uploads\/2018\/10\/eventos__item-img.jpg\" class=\"attachment-full size-full\" alt=\"\" srcset=\"https:\/\/www.cedpe.com\/wp-content\/uploads\/2018\/10\/eventos__item-img.jpg 404w, https:\/\/www.cedpe.com\/wp-content\/uploads\/2018\/10\/eventos__item-img-300x174.jpg 300w\" sizes=\"(max-width: 404px) 100vw, 404px\" \/><\/div><div class=\"vcex-module wpex-slider slider-pro no-margin-thumbnails vcex-image-gallery-slider clr\" data-thumbnails=\"true\" data-thumbnail-height=\"auto\" data-loop=\"true\" data-auto-play-delay=\"5000\" data-buttons=\"false\" data-animation-speed=\"600\"><div class=\"wpex-slider-slides sp-slides\"><div class=\"wpex-slider-slide sp-slide\"><div class=\"wpex-slider-media\"><img width=\"404\" height=\"234\" src=\"https:\/\/www.cedpe.com\/wp-content\/uploads\/2018\/10\/eventos__item-img.jpg\" class=\"attachment-full size-full\" alt=\"\" srcset=\"https:\/\/www.cedpe.com\/wp-content\/uploads\/2018\/10\/eventos__item-img.jpg 404w, https:\/\/www.cedpe.com\/wp-content\/uploads\/2018\/10\/eventos__item-img-300x174.jpg 300w\" sizes=\"(max-width: 404px) 100vw, 404px\" \/><\/div><\/div><\/div><div class=\"wpex-slider-thumbnails sp-nc-thumbnails cols-5\"><img src=\"https:\/\/www.cedpe.com\/wp-content\/uploads\/2018\/10\/eventos__item-img.jpg\" width=\"404\" height=\"234\" class=\"wpex-slider-thumbnail sp-nc-thumbnail\" alt=\"\" data-no-retina=\"\" \/><\/div><\/div>[vc_column_text el_class=&#8221;eventos_fecha&#8221;]ENE<br \/>\n<strong>13<\/strong><\/p>\n<h4><a href=\"https:\/\/www.cedpe.com\/portfolio-item\/evento-3\/\">Conversatorio XXXVII\u00a0<\/a><br \/>\nXXIX CONVERSATORIO: <strong>&#8220;LA FUNDAMENTACI\u00d3N DE LA RESPONSABILIDAD PENAL DEL COMPLIANCE OFFICER A TRAV\u00c9S DE SU ESPECIAL POSICI\u00d3N DE GARANTE. A PROP\u00d3SITO DE LA LEY QUE REGULA LA RESPONSABILIDAD ADMINISTRATIVA DE LAS PERSONAS JUR\u00cdDICAS EN EL PER\u00da&#8221;<\/strong><\/h4>\n[\/vc_column_text][vc_column_text el_class=&#8221;eventos_resumen&#8221;]<strong>Organizador(es):<\/strong><br \/>\nCaro &amp; Asociados<br \/>\nCEDPE<\/p>\n<p><strong>Expositor(es):<\/strong><br \/>\nProf. Dr. Carlos Caro Coria<br \/>\nProf. Luis Miguel Reyna Alfaro<br \/>\nProf. Luis Fernando Iberico Casta\u00f1eda<\/p>\n<p><strong>Lugar y Fecha:<\/strong>\u00a0Caro &amp; Asociados, 13 de enero de 2016[\/vc_column_text][vc_btn title=&#8221;VER VIDEO&#8221; style=&#8221;flat&#8221; size=&#8221;sm&#8221; align=&#8221;center&#8221; link=&#8221;url:https%3A%2F%2Fwww.cedpe.com%2Fdocumentos%2Factualidad%2Fprograma-29-conversatorio-enero-2016.pdf||target:%20_blank|&#8221; el_class=&#8221;evento_btns eventos_btn2&#8243;][\/vc_column_inner][vc_column_inner width=&#8221;1\/2&#8243;]<div class=\"wpex-slider-preloaderimg \"><img width=\"404\" height=\"234\" src=\"https:\/\/www.cedpe.com\/wp-content\/uploads\/2018\/10\/eventos__item-img.jpg\" class=\"attachment-full size-full\" alt=\"\" srcset=\"https:\/\/www.cedpe.com\/wp-content\/uploads\/2018\/10\/eventos__item-img.jpg 404w, https:\/\/www.cedpe.com\/wp-content\/uploads\/2018\/10\/eventos__item-img-300x174.jpg 300w\" sizes=\"(max-width: 404px) 100vw, 404px\" \/><\/div><div class=\"vcex-module wpex-slider slider-pro no-margin-thumbnails vcex-image-gallery-slider clr\" data-thumbnails=\"true\" data-thumbnail-height=\"auto\" data-loop=\"true\" data-auto-play-delay=\"5000\" data-buttons=\"false\" data-animation-speed=\"600\"><div class=\"wpex-slider-slides sp-slides\"><div class=\"wpex-slider-slide sp-slide\"><div class=\"wpex-slider-media\"><img width=\"404\" height=\"234\" src=\"https:\/\/www.cedpe.com\/wp-content\/uploads\/2018\/10\/eventos__item-img.jpg\" class=\"attachment-full size-full\" alt=\"\" srcset=\"https:\/\/www.cedpe.com\/wp-content\/uploads\/2018\/10\/eventos__item-img.jpg 404w, https:\/\/www.cedpe.com\/wp-content\/uploads\/2018\/10\/eventos__item-img-300x174.jpg 300w\" sizes=\"(max-width: 404px) 100vw, 404px\" \/><\/div><\/div><\/div><div class=\"wpex-slider-thumbnails sp-nc-thumbnails cols-5\"><img src=\"https:\/\/www.cedpe.com\/wp-content\/uploads\/2018\/10\/eventos__item-img.jpg\" width=\"404\" height=\"234\" class=\"wpex-slider-thumbnail sp-nc-thumbnail\" alt=\"\" data-no-retina=\"\" \/><\/div><\/div>[vc_column_text el_class=&#8221;eventos_fecha&#8221;]\n<h4><a href=\"https:\/\/www.cedpe.com\/portfolio-item\/evento-4\/\">Conversatorio XXXVI<\/a><br \/>\nCONVERSATORIO XXVIII: <strong>&#8220;LA FUNDAMENTACI\u00d3N DE LA RESPONSABILIDAD PENAL DEL COMPLIANCE OFFICER A TRAV\u00c9S DE SU ESPECIAL POSICI\u00d3N DE GARANTE. A PROP\u00d3SITO DE LA LEY QUE REGULA LA RESPONSABILIDAD ADMINISTRATIVA DE LAS PERSONAS JUR\u00cdDICAS EN EL PER\u00da&#8221;<\/strong><\/h4>\n[\/vc_column_text][vc_column_text el_class=&#8221;eventos_resumen&#8221;]<strong>Organizador(es):<\/strong><br \/>\nCaro &amp; Asociados<br \/>\nCEDPE<\/p>\n<p><strong>Expositor(es):<\/strong><br \/>\nMag. Andy Carri\u00f3n Zenteno<br \/>\nProf. Luis Miguel Reyna Alfaro<br \/>\nProf. Luis Fernando Iberico Casta\u00f1eda<\/p>\n<p><strong>Lugar y Fecha:<\/strong>\u00a0Caro &amp; Asociados, 05 de enero de 2016[\/vc_column_text][\/vc_column_inner][\/vc_row_inner][\/vc_tta_section][vc_tta_section title=&#8221;2015&#8243; tab_id=&#8221;2015&#8243; el_class=&#8221;eventos_tab-title&#8221;]<div class=\"vcex-spacing\" style=\"height:35px\"><\/div>[vc_row_inner el_class=&#8221;eventos__row-items&#8221;][vc_column_inner width=&#8221;1\/2&#8243;]<div class=\"wpex-slider-preloaderimg \"><img width=\"404\" height=\"234\" src=\"https:\/\/www.cedpe.com\/wp-content\/uploads\/2018\/10\/eventos__item-img.jpg\" class=\"attachment-full size-full\" alt=\"\" srcset=\"https:\/\/www.cedpe.com\/wp-content\/uploads\/2018\/10\/eventos__item-img.jpg 404w, https:\/\/www.cedpe.com\/wp-content\/uploads\/2018\/10\/eventos__item-img-300x174.jpg 300w\" sizes=\"(max-width: 404px) 100vw, 404px\" \/><\/div><div class=\"vcex-module wpex-slider slider-pro no-margin-thumbnails vcex-image-gallery-slider clr\" data-thumbnails=\"true\" data-thumbnail-height=\"auto\" data-loop=\"true\" data-auto-play-delay=\"5000\" data-buttons=\"false\" data-animation-speed=\"600\"><div class=\"wpex-slider-slides sp-slides\"><div class=\"wpex-slider-slide sp-slide\"><div class=\"wpex-slider-media\"><img width=\"404\" height=\"234\" src=\"https:\/\/www.cedpe.com\/wp-content\/uploads\/2018\/10\/eventos__item-img.jpg\" class=\"attachment-full size-full\" alt=\"\" srcset=\"https:\/\/www.cedpe.com\/wp-content\/uploads\/2018\/10\/eventos__item-img.jpg 404w, https:\/\/www.cedpe.com\/wp-content\/uploads\/2018\/10\/eventos__item-img-300x174.jpg 300w\" sizes=\"(max-width: 404px) 100vw, 404px\" \/><\/div><\/div><\/div><div class=\"wpex-slider-thumbnails sp-nc-thumbnails cols-5\"><img src=\"https:\/\/www.cedpe.com\/wp-content\/uploads\/2018\/10\/eventos__item-img.jpg\" width=\"404\" height=\"234\" class=\"wpex-slider-thumbnail sp-nc-thumbnail\" alt=\"\" data-no-retina=\"\" \/><\/div><\/div>[vc_column_text el_class=&#8221;eventos_fecha&#8221;]SEP<br \/>\n<strong>14<\/strong><\/p>\n<h4><a href=\"https:\/\/www.cedpe.com\/portfolio-item\/evento-1\/\">Conversatorio XL <\/a><br \/>\nCURSO INTERNACIONAL: <strong>&#8220;LA FUNDAMENTACI\u00d3N DE LA RESPONSABILIDAD PENAL DEL COMPLIANCE OFFICER A TRAV\u00c9S DE SU ESPECIAL POSICI\u00d3N DE GARANTE. A PROP\u00d3SITO DE LA LEY QUE REGULA LA RESPONSABILIDAD ADMINISTRATIVA DE LAS PERSONAS JUR\u00cdDICAS EN EL PER\u00da&#8221;<\/strong><\/h4>\n[\/vc_column_text][vc_column_text el_class=&#8221;eventos_resumen&#8221;]<strong>Organizador(es):<\/strong><br \/>\nInstituto de Ciencias Criminales<br \/>\nCentro de Estudios de Derecho Penal y Procesal Penal Latinoamericano (CEDPAL)<\/p>\n<p><strong>Expositor(es):<\/strong><br \/>\nProf. Dr. Dr. h.c. Kai Ambos<br \/>\nDr. Torben Asmus<br \/>\nProf. Dr. Dr. h.c. mult. Manuel Cancio Meli\u00e1<br \/>\nProf. Dr. Thomas Duve<br \/>\nProf. Dr. Dr. h.c. Wolfgang Frisch<br \/>\nPD Dr. Luis Greco<br \/>\nProf. Dr. Dr. h.c. mult. G\u00fcnther Jakobs<br \/>\nDra. Cecilia Le\u00f3n<br \/>\nProf. Dr. Cornelius Prittwitz<br \/>\nProf. Dr. Dr. h.c. mult. Claus Roxin<br \/>\nProf. Dr. Helmut Satzger<br \/>\nProf. Dr. Sebastian Scheerer<br \/>\nProf. Dr. Dr. h.c. mult. Klaus Tiedemann (Invitado)<\/p>\n<p><strong>Lugar y Fecha:<\/strong>\u00a0Georg-August-Universit\u00e4t G\u00f6ttingen, 14 de setiembre de 2015[\/vc_column_text][vc_btn title=&#8221;VER VIDEO&#8221; style=&#8221;flat&#8221; size=&#8221;sm&#8221; align=&#8221;center&#8221; link=&#8221;url:https%3A%2F%2Fissuu.com%2Fccfirma%2Fdocs%2Fevento_cepal||target:%20_blank|&#8221; el_class=&#8221;evento_btns eventos_btn2&#8243;][\/vc_column_inner][vc_column_inner width=&#8221;1\/2&#8243;]<div class=\"wpex-slider-preloaderimg \"><img width=\"404\" height=\"234\" src=\"https:\/\/www.cedpe.com\/wp-content\/uploads\/2018\/10\/eventos__item-img.jpg\" class=\"attachment-full size-full\" alt=\"\" srcset=\"https:\/\/www.cedpe.com\/wp-content\/uploads\/2018\/10\/eventos__item-img.jpg 404w, https:\/\/www.cedpe.com\/wp-content\/uploads\/2018\/10\/eventos__item-img-300x174.jpg 300w\" sizes=\"(max-width: 404px) 100vw, 404px\" \/><\/div><div class=\"vcex-module wpex-slider slider-pro no-margin-thumbnails vcex-image-gallery-slider clr\" data-thumbnails=\"true\" data-thumbnail-height=\"auto\" data-loop=\"true\" data-auto-play-delay=\"5000\" data-buttons=\"false\" data-animation-speed=\"600\"><div class=\"wpex-slider-slides sp-slides\"><div class=\"wpex-slider-slide sp-slide\"><div class=\"wpex-slider-media\"><img width=\"404\" height=\"234\" src=\"https:\/\/www.cedpe.com\/wp-content\/uploads\/2018\/10\/eventos__item-img.jpg\" class=\"attachment-full size-full\" alt=\"\" srcset=\"https:\/\/www.cedpe.com\/wp-content\/uploads\/2018\/10\/eventos__item-img.jpg 404w, https:\/\/www.cedpe.com\/wp-content\/uploads\/2018\/10\/eventos__item-img-300x174.jpg 300w\" sizes=\"(max-width: 404px) 100vw, 404px\" \/><\/div><\/div><\/div><div class=\"wpex-slider-thumbnails sp-nc-thumbnails cols-5\"><img src=\"https:\/\/www.cedpe.com\/wp-content\/uploads\/2018\/10\/eventos__item-img.jpg\" width=\"404\" height=\"234\" class=\"wpex-slider-thumbnail sp-nc-thumbnail\" alt=\"\" data-no-retina=\"\" \/><\/div><\/div>[vc_column_text el_class=&#8221;eventos_fecha&#8221;]SEP<br \/>\n<strong>10<\/strong><\/p>\n<h4><a href=\"https:\/\/www.cedpe.com\/portfolio-item\/evento-2\/\">Conversatorio XXXIX<\/a><br \/>\nTALLER: <strong>&#8220;LA FUNDAMENTACI\u00d3N DE LA RESPONSABILIDAD PENAL DEL COMPLIANCE OFFICER A TRAV\u00c9S DE SU ESPECIAL POSICI\u00d3N DE GARANTE. A PROP\u00d3SITO DE LA LEY QUE REGULA LA RESPONSABILIDAD ADMINISTRATIVA DE LAS PERSONAS JUR\u00cdDICAS EN EL PER\u00da&#8221;<\/strong><\/h4>\n[\/vc_column_text][vc_column_text el_class=&#8221;eventos_resumen&#8221;]<strong>Organizador(es):<\/strong><br \/>\nCaro &amp; Asociados<br \/>\nCEDPE<\/p>\n<p><strong>Expositor(es):<\/strong><br \/>\nDino Carlos Caro Coria &#8211; CEDPE<\/p>\n<p><strong>Lugar y Fecha:<\/strong>\u00a0Caro &amp; Asociados, 10 de setiembre de 2015[\/vc_column_text][\/vc_column_inner][\/vc_row_inner][vc_row_inner el_class=&#8221;eventos__row-items&#8221;][vc_column_inner width=&#8221;1\/2&#8243;]<div class=\"wpex-slider-preloaderimg \"><img width=\"404\" height=\"234\" src=\"https:\/\/www.cedpe.com\/wp-content\/uploads\/2018\/10\/eventos__item-img.jpg\" class=\"attachment-full size-full\" alt=\"\" srcset=\"https:\/\/www.cedpe.com\/wp-content\/uploads\/2018\/10\/eventos__item-img.jpg 404w, https:\/\/www.cedpe.com\/wp-content\/uploads\/2018\/10\/eventos__item-img-300x174.jpg 300w\" sizes=\"(max-width: 404px) 100vw, 404px\" \/><\/div><div class=\"vcex-module wpex-slider slider-pro no-margin-thumbnails vcex-image-gallery-slider clr\" data-thumbnails=\"true\" data-thumbnail-height=\"auto\" data-loop=\"true\" data-auto-play-delay=\"5000\" data-buttons=\"false\" data-animation-speed=\"600\"><div class=\"wpex-slider-slides sp-slides\"><div class=\"wpex-slider-slide sp-slide\"><div class=\"wpex-slider-media\"><img width=\"404\" height=\"234\" src=\"https:\/\/www.cedpe.com\/wp-content\/uploads\/2018\/10\/eventos__item-img.jpg\" class=\"attachment-full size-full\" alt=\"\" srcset=\"https:\/\/www.cedpe.com\/wp-content\/uploads\/2018\/10\/eventos__item-img.jpg 404w, https:\/\/www.cedpe.com\/wp-content\/uploads\/2018\/10\/eventos__item-img-300x174.jpg 300w\" sizes=\"(max-width: 404px) 100vw, 404px\" \/><\/div><\/div><\/div><div class=\"wpex-slider-thumbnails sp-nc-thumbnails cols-5\"><img src=\"https:\/\/www.cedpe.com\/wp-content\/uploads\/2018\/10\/eventos__item-img.jpg\" width=\"404\" height=\"234\" class=\"wpex-slider-thumbnail sp-nc-thumbnail\" alt=\"\" data-no-retina=\"\" \/><\/div><\/div>[vc_column_text el_class=&#8221;eventos_fecha&#8221;]SEP<br \/>\n<strong>04<\/strong><\/p>\n<h4><a href=\"https:\/\/www.cedpe.com\/portfolio-item\/evento-3\/\">Conversatorio XXXVII\u00a0<\/a><br \/>\nCURSO: <strong>&#8220;LA FUNDAMENTACI\u00d3N DE LA RESPONSABILIDAD PENAL DEL COMPLIANCE OFFICER A TRAV\u00c9S DE SU ESPECIAL POSICI\u00d3N DE GARANTE. A PROP\u00d3SITO DE LA LEY QUE REGULA LA RESPONSABILIDAD ADMINISTRATIVA DE LAS PERSONAS JUR\u00cdDICAS EN EL PER\u00da&#8221;<\/strong><\/h4>\n[\/vc_column_text][vc_column_text el_class=&#8221;eventos_resumen&#8221;]<strong>Organizador(es):<\/strong><br \/>\nCEDPE<br \/>\nAOF Consultores<\/p>\n<p><strong>Expositor(es):<\/strong><br \/>\nAna Mar\u00eda de Alba<\/p>\n<p><strong>Lugar y Fecha:<\/strong>\u00a0BTH HOTEL, 04 de setiembre de 2015[\/vc_column_text][\/vc_column_inner][vc_column_inner width=&#8221;1\/2&#8243;]<div class=\"wpex-slider-preloaderimg \"><img width=\"404\" height=\"234\" src=\"https:\/\/www.cedpe.com\/wp-content\/uploads\/2018\/10\/eventos__item-img.jpg\" class=\"attachment-full size-full\" alt=\"\" srcset=\"https:\/\/www.cedpe.com\/wp-content\/uploads\/2018\/10\/eventos__item-img.jpg 404w, https:\/\/www.cedpe.com\/wp-content\/uploads\/2018\/10\/eventos__item-img-300x174.jpg 300w\" sizes=\"(max-width: 404px) 100vw, 404px\" \/><\/div><div class=\"vcex-module wpex-slider slider-pro no-margin-thumbnails vcex-image-gallery-slider clr\" data-thumbnails=\"true\" data-thumbnail-height=\"auto\" data-loop=\"true\" data-auto-play-delay=\"5000\" data-buttons=\"false\" data-animation-speed=\"600\"><div class=\"wpex-slider-slides sp-slides\"><div class=\"wpex-slider-slide sp-slide\"><div class=\"wpex-slider-media\"><img width=\"404\" height=\"234\" src=\"https:\/\/www.cedpe.com\/wp-content\/uploads\/2018\/10\/eventos__item-img.jpg\" class=\"attachment-full size-full\" alt=\"\" srcset=\"https:\/\/www.cedpe.com\/wp-content\/uploads\/2018\/10\/eventos__item-img.jpg 404w, https:\/\/www.cedpe.com\/wp-content\/uploads\/2018\/10\/eventos__item-img-300x174.jpg 300w\" sizes=\"(max-width: 404px) 100vw, 404px\" \/><\/div><\/div><\/div><div class=\"wpex-slider-thumbnails sp-nc-thumbnails cols-5\"><img src=\"https:\/\/www.cedpe.com\/wp-content\/uploads\/2018\/10\/eventos__item-img.jpg\" width=\"404\" height=\"234\" class=\"wpex-slider-thumbnail sp-nc-thumbnail\" alt=\"\" data-no-retina=\"\" \/><\/div><\/div>[vc_column_text el_class=&#8221;eventos_fecha&#8221;]AGO<br \/>\n<strong>12\u00a0<\/strong><\/p>\n<h4><a href=\"https:\/\/www.cedpe.com\/portfolio-item\/evento-4\/\">Conversatorio XXXVI<\/a><br \/>\nXXVI CONVERSATORIO: <strong>&#8220;LA FUNDAMENTACI\u00d3N DE LA RESPONSABILIDAD PENAL DEL COMPLIANCE OFFICER A TRAV\u00c9S DE SU ESPECIAL POSICI\u00d3N DE GARANTE. A PROP\u00d3SITO DE LA LEY QUE REGULA LA RESPONSABILIDAD ADMINISTRATIVA DE LAS PERSONAS JUR\u00cdDICAS EN EL PER\u00da&#8221;<\/strong><\/h4>\n[\/vc_column_text][vc_column_text el_class=&#8221;eventos_resumen&#8221;]<strong>Organizador(es):<\/strong><br \/>\nCaro &amp; Asociados<br \/>\nCEDPE<\/p>\n<p><strong>Expositor(es):<\/strong><br \/>\nProf. Dr. Manuel Abanto V\u00e1squez<br \/>\nProf. Luis Miguel Reyna Alfaro<br \/>\nProf. Luis Fernando Iberico Casta\u00f1eda<\/p>\n<p><strong>Lugar y Fecha:<\/strong>\u00a0Caro &amp; Asociados, 12 de agosto de 2015[\/vc_column_text][\/vc_column_inner][\/vc_row_inner][vc_row_inner el_class=&#8221;eventos__row-items&#8221;][vc_column_inner width=&#8221;1\/2&#8243;]<div class=\"wpex-slider-preloaderimg \"><img width=\"404\" height=\"234\" src=\"https:\/\/www.cedpe.com\/wp-content\/uploads\/2018\/10\/eventos__item-img.jpg\" class=\"attachment-full size-full\" alt=\"\" srcset=\"https:\/\/www.cedpe.com\/wp-content\/uploads\/2018\/10\/eventos__item-img.jpg 404w, https:\/\/www.cedpe.com\/wp-content\/uploads\/2018\/10\/eventos__item-img-300x174.jpg 300w\" sizes=\"(max-width: 404px) 100vw, 404px\" \/><\/div><div class=\"vcex-module wpex-slider slider-pro no-margin-thumbnails vcex-image-gallery-slider clr\" data-thumbnails=\"true\" data-thumbnail-height=\"auto\" data-loop=\"true\" data-auto-play-delay=\"5000\" data-buttons=\"false\" data-animation-speed=\"600\"><div class=\"wpex-slider-slides sp-slides\"><div class=\"wpex-slider-slide sp-slide\"><div class=\"wpex-slider-media\"><img width=\"404\" height=\"234\" src=\"https:\/\/www.cedpe.com\/wp-content\/uploads\/2018\/10\/eventos__item-img.jpg\" class=\"attachment-full size-full\" alt=\"\" srcset=\"https:\/\/www.cedpe.com\/wp-content\/uploads\/2018\/10\/eventos__item-img.jpg 404w, https:\/\/www.cedpe.com\/wp-content\/uploads\/2018\/10\/eventos__item-img-300x174.jpg 300w\" sizes=\"(max-width: 404px) 100vw, 404px\" \/><\/div><\/div><\/div><div class=\"wpex-slider-thumbnails sp-nc-thumbnails cols-5\"><img src=\"https:\/\/www.cedpe.com\/wp-content\/uploads\/2018\/10\/eventos__item-img.jpg\" width=\"404\" height=\"234\" class=\"wpex-slider-thumbnail sp-nc-thumbnail\" alt=\"\" data-no-retina=\"\" \/><\/div><\/div>[vc_column_text el_class=&#8221;eventos_fecha&#8221;]JUL<br \/>\n<strong>20<\/strong><\/p>\n<h4><a href=\"https:\/\/www.cedpe.com\/portfolio-item\/evento-3\/\">Conversatorio XXXVII<\/a><br \/>\nCURSO INTERNACIONAL: <strong>&#8220;LA FUNDAMENTACI\u00d3N DE LA RESPONSABILIDAD PENAL DEL COMPLIANCE OFFICER A TRAV\u00c9S DE SU ESPECIAL POSICI\u00d3N DE GARANTE. A PROP\u00d3SITO DE LA LEY QUE REGULA LA RESPONSABILIDAD ADMINISTRATIVA DE LAS PERSONAS JUR\u00cdDICAS EN EL PER\u00da&#8221;<\/strong><\/h4>\n[\/vc_column_text][vc_column_text el_class=&#8221;eventos_resumen&#8221;]<strong>Organizador(es):<\/strong><br \/>\nUniversidad Internacional de Andaluc\u00eda &#8211; UNIA<\/p>\n<p><strong>Expositor(es):<\/strong><br \/>\nCarlos Caro Coria<br \/>\nEmilio Cort\u00e9s Bechiarelli<br \/>\nJavier Chaparro Escudero<br \/>\nJos\u00e9 Luis Gonz\u00e1lez Cussac<br \/>\nFrancisco Mu\u00f1oz Conde<br \/>\nMiguel \u00c1ngel N\u00fa\u00f1ez Paz<br \/>\nAndr\u00e9s Palomo del Arco<br \/>\n\u00c1ngel Juanes Peces<br \/>\nMiguel Rojano<br \/>\nJuan Terradillos Basoco<\/p>\n<p><strong>Lugar y Fecha:<\/strong>\u00a0Don Miguel \u00c1ngel N\u00fa\u00f1ez Paz. Universidad de Huelva (Espa\u00f1a), 20 de julio de 2015[\/vc_column_text][vc_btn title=&#8221;VER VIDEO&#8221; style=&#8221;flat&#8221; size=&#8221;sm&#8221; align=&#8221;center&#8221; link=&#8221;url:https%3A%2F%2Fwww.cedpe.com%2Fdocumentos%2Factualidad%2Fcurso_de_verano_corrupcion_%2520justicia_y_derecho_penal.pdf||target:%20_blank|&#8221; el_class=&#8221;evento_btns eventos_btn2&#8243;][\/vc_column_inner][vc_column_inner width=&#8221;1\/2&#8243;]<div class=\"wpex-slider-preloaderimg \"><img width=\"404\" height=\"234\" src=\"https:\/\/www.cedpe.com\/wp-content\/uploads\/2018\/10\/eventos__item-img.jpg\" class=\"attachment-full size-full\" alt=\"\" srcset=\"https:\/\/www.cedpe.com\/wp-content\/uploads\/2018\/10\/eventos__item-img.jpg 404w, https:\/\/www.cedpe.com\/wp-content\/uploads\/2018\/10\/eventos__item-img-300x174.jpg 300w\" sizes=\"(max-width: 404px) 100vw, 404px\" \/><\/div><div class=\"vcex-module wpex-slider slider-pro no-margin-thumbnails vcex-image-gallery-slider clr\" data-thumbnails=\"true\" data-thumbnail-height=\"auto\" data-loop=\"true\" data-auto-play-delay=\"5000\" data-buttons=\"false\" data-animation-speed=\"600\"><div class=\"wpex-slider-slides sp-slides\"><div class=\"wpex-slider-slide sp-slide\"><div class=\"wpex-slider-media\"><img width=\"404\" height=\"234\" src=\"https:\/\/www.cedpe.com\/wp-content\/uploads\/2018\/10\/eventos__item-img.jpg\" class=\"attachment-full size-full\" alt=\"\" srcset=\"https:\/\/www.cedpe.com\/wp-content\/uploads\/2018\/10\/eventos__item-img.jpg 404w, https:\/\/www.cedpe.com\/wp-content\/uploads\/2018\/10\/eventos__item-img-300x174.jpg 300w\" sizes=\"(max-width: 404px) 100vw, 404px\" \/><\/div><\/div><\/div><div class=\"wpex-slider-thumbnails sp-nc-thumbnails cols-5\"><img src=\"https:\/\/www.cedpe.com\/wp-content\/uploads\/2018\/10\/eventos__item-img.jpg\" width=\"404\" height=\"234\" class=\"wpex-slider-thumbnail sp-nc-thumbnail\" alt=\"\" data-no-retina=\"\" \/><\/div><\/div>[vc_column_text el_class=&#8221;eventos_fecha&#8221;]JUL<br \/>\n<strong>09\u00a0<\/strong><\/p>\n<h4><a href=\"https:\/\/www.cedpe.com\/portfolio-item\/evento-4\/\">Conversatorio XXXVI<\/a><br \/>\nWORKSHOP MEDIA TRAINING: <strong>&#8220;LA FUNDAMENTACI\u00d3N DE LA RESPONSABILIDAD PENAL DEL COMPLIANCE OFFICER A TRAV\u00c9S DE SU ESPECIAL POSICI\u00d3N DE GARANTE. A PROP\u00d3SITO DE LA LEY QUE REGULA LA RESPONSABILIDAD ADMINISTRATIVA DE LAS PERSONAS JUR\u00cdDICAS EN EL PER\u00da&#8221;<\/strong><\/h4>\n[\/vc_column_text][vc_column_text el_class=&#8221;eventos_resumen&#8221;]<strong>Organizador(es):<\/strong><br \/>\nCaro &amp; Asociados<br \/>\nCEDPE<\/p>\n<p><strong>Expositor(es):<\/strong><br \/>\nVanessa Herrera<\/p>\n<p><strong>Lugar y Fecha:<\/strong>\u00a0Caro &amp; Asociados, 09 de julio de 2015[\/vc_column_text][\/vc_column_inner][\/vc_row_inner][vc_row_inner el_class=&#8221;eventos__row-items&#8221;][vc_column_inner width=&#8221;1\/2&#8243;]<div class=\"wpex-slider-preloaderimg \"><img width=\"404\" height=\"234\" src=\"https:\/\/www.cedpe.com\/wp-content\/uploads\/2018\/10\/eventos__item-img.jpg\" class=\"attachment-full size-full\" alt=\"\" srcset=\"https:\/\/www.cedpe.com\/wp-content\/uploads\/2018\/10\/eventos__item-img.jpg 404w, https:\/\/www.cedpe.com\/wp-content\/uploads\/2018\/10\/eventos__item-img-300x174.jpg 300w\" sizes=\"(max-width: 404px) 100vw, 404px\" \/><\/div><div class=\"vcex-module wpex-slider slider-pro no-margin-thumbnails vcex-image-gallery-slider clr\" data-thumbnails=\"true\" data-thumbnail-height=\"auto\" data-loop=\"true\" data-auto-play-delay=\"5000\" data-buttons=\"false\" data-animation-speed=\"600\"><div class=\"wpex-slider-slides sp-slides\"><div class=\"wpex-slider-slide sp-slide\"><div class=\"wpex-slider-media\"><img width=\"404\" height=\"234\" src=\"https:\/\/www.cedpe.com\/wp-content\/uploads\/2018\/10\/eventos__item-img.jpg\" class=\"attachment-full size-full\" alt=\"\" srcset=\"https:\/\/www.cedpe.com\/wp-content\/uploads\/2018\/10\/eventos__item-img.jpg 404w, https:\/\/www.cedpe.com\/wp-content\/uploads\/2018\/10\/eventos__item-img-300x174.jpg 300w\" sizes=\"(max-width: 404px) 100vw, 404px\" \/><\/div><\/div><\/div><div class=\"wpex-slider-thumbnails sp-nc-thumbnails cols-5\"><img src=\"https:\/\/www.cedpe.com\/wp-content\/uploads\/2018\/10\/eventos__item-img.jpg\" width=\"404\" height=\"234\" class=\"wpex-slider-thumbnail sp-nc-thumbnail\" alt=\"\" data-no-retina=\"\" \/><\/div><\/div>[vc_column_text el_class=&#8221;eventos_fecha&#8221;]JUL<br \/>\n<strong>03<\/strong><\/p>\n<h4><a href=\"https:\/\/www.cedpe.com\/portfolio-item\/evento-3\/\">Conversatorio XXXVII\u00a0<\/a><br \/>\nXXV CONVERSATORIO: <strong>&#8220;LA FUNDAMENTACI\u00d3N DE LA RESPONSABILIDAD PENAL DEL COMPLIANCE OFFICER A TRAV\u00c9S DE SU ESPECIAL POSICI\u00d3N DE GARANTE. A PROP\u00d3SITO DE LA LEY QUE REGULA LA RESPONSABILIDAD ADMINISTRATIVA DE LAS PERSONAS JUR\u00cdDICAS EN EL PER\u00da&#8221;<\/strong><\/h4>\n[\/vc_column_text][vc_column_text el_class=&#8221;eventos_resumen&#8221;]<strong>Organizador(es):<\/strong><br \/>\nCaro &amp; Asociados<br \/>\nCEDPE<\/p>\n<p><strong>Expositor(es):<\/strong><br \/>\nProf. Dr. Wolfgang Frisch<br \/>\nProf. Dr. Jos\u00e9 Antonio Caro John<br \/>\nProf. Dr. Fernando Corcino Barrueta<br \/>\nProf. Dr. Miguel Polaino-Orts<\/p>\n<p><strong>Lugar y Fecha:<\/strong>\u00a0Caro &amp; Asociados, 03 de julio de 2015[\/vc_column_text][\/vc_column_inner][vc_column_inner width=&#8221;1\/2&#8243;]<div class=\"wpex-slider-preloaderimg \"><img width=\"404\" height=\"234\" src=\"https:\/\/www.cedpe.com\/wp-content\/uploads\/2018\/10\/eventos__item-img.jpg\" class=\"attachment-full size-full\" alt=\"\" srcset=\"https:\/\/www.cedpe.com\/wp-content\/uploads\/2018\/10\/eventos__item-img.jpg 404w, https:\/\/www.cedpe.com\/wp-content\/uploads\/2018\/10\/eventos__item-img-300x174.jpg 300w\" sizes=\"(max-width: 404px) 100vw, 404px\" \/><\/div><div class=\"vcex-module wpex-slider slider-pro no-margin-thumbnails vcex-image-gallery-slider clr\" data-thumbnails=\"true\" data-thumbnail-height=\"auto\" data-loop=\"true\" data-auto-play-delay=\"5000\" data-buttons=\"false\" data-animation-speed=\"600\"><div class=\"wpex-slider-slides sp-slides\"><div class=\"wpex-slider-slide sp-slide\"><div class=\"wpex-slider-media\"><img width=\"404\" height=\"234\" src=\"https:\/\/www.cedpe.com\/wp-content\/uploads\/2018\/10\/eventos__item-img.jpg\" class=\"attachment-full size-full\" alt=\"\" srcset=\"https:\/\/www.cedpe.com\/wp-content\/uploads\/2018\/10\/eventos__item-img.jpg 404w, https:\/\/www.cedpe.com\/wp-content\/uploads\/2018\/10\/eventos__item-img-300x174.jpg 300w\" sizes=\"(max-width: 404px) 100vw, 404px\" \/><\/div><\/div><\/div><div class=\"wpex-slider-thumbnails sp-nc-thumbnails cols-5\"><img src=\"https:\/\/www.cedpe.com\/wp-content\/uploads\/2018\/10\/eventos__item-img.jpg\" width=\"404\" height=\"234\" class=\"wpex-slider-thumbnail sp-nc-thumbnail\" alt=\"\" data-no-retina=\"\" \/><\/div><\/div>[vc_column_text el_class=&#8221;eventos_fecha&#8221;]JUL<br \/>\n<strong>01\u00a0<\/strong><\/p>\n<h4><a href=\"https:\/\/www.cedpe.com\/portfolio-item\/evento-4\/\">Conversatorio XXXVI<\/a><br \/>\nXXIV CONVERSATORIO: <strong>&#8220;LA FUNDAMENTACI\u00d3N DE LA RESPONSABILIDAD PENAL DEL COMPLIANCE OFFICER A TRAV\u00c9S DE SU ESPECIAL POSICI\u00d3N DE GARANTE. A PROP\u00d3SITO DE LA LEY QUE REGULA LA RESPONSABILIDAD ADMINISTRATIVA DE LAS PERSONAS JUR\u00cdDICAS EN EL PER\u00da&#8221;<\/strong><\/h4>\n[\/vc_column_text][vc_column_text el_class=&#8221;eventos_resumen&#8221;]<strong>Organizador(es):<\/strong><br \/>\nCaro &amp; Asociados<br \/>\nCEDPE<\/p>\n<p><strong>Expositor(es):<\/strong><br \/>\nProf(ra). Dra. Laura Z\u00fa\u00f1iga Rodr\u00edguez<br \/>\nDiana Asmat Coello<br \/>\nAna Cecilia Hurtado Huailla<br \/>\nVirginia Naval Linares<\/p>\n<p><strong>Lugar y Fecha:<\/strong>\u00a0Caro &amp; Asociados, 01 de julio de 2015[\/vc_column_text][\/vc_column_inner][\/vc_row_inner][vc_row_inner el_class=&#8221;eventos__row-items&#8221;][vc_column_inner width=&#8221;1\/2&#8243;]<div class=\"wpex-slider-preloaderimg \"><img width=\"404\" height=\"234\" src=\"https:\/\/www.cedpe.com\/wp-content\/uploads\/2018\/10\/eventos__item-img.jpg\" class=\"attachment-full size-full\" alt=\"\" srcset=\"https:\/\/www.cedpe.com\/wp-content\/uploads\/2018\/10\/eventos__item-img.jpg 404w, https:\/\/www.cedpe.com\/wp-content\/uploads\/2018\/10\/eventos__item-img-300x174.jpg 300w\" sizes=\"(max-width: 404px) 100vw, 404px\" \/><\/div><div class=\"vcex-module wpex-slider slider-pro no-margin-thumbnails vcex-image-gallery-slider clr\" data-thumbnails=\"true\" data-thumbnail-height=\"auto\" data-loop=\"true\" data-auto-play-delay=\"5000\" data-buttons=\"false\" data-animation-speed=\"600\"><div class=\"wpex-slider-slides sp-slides\"><div class=\"wpex-slider-slide sp-slide\"><div class=\"wpex-slider-media\"><img width=\"404\" height=\"234\" src=\"https:\/\/www.cedpe.com\/wp-content\/uploads\/2018\/10\/eventos__item-img.jpg\" class=\"attachment-full size-full\" alt=\"\" srcset=\"https:\/\/www.cedpe.com\/wp-content\/uploads\/2018\/10\/eventos__item-img.jpg 404w, https:\/\/www.cedpe.com\/wp-content\/uploads\/2018\/10\/eventos__item-img-300x174.jpg 300w\" sizes=\"(max-width: 404px) 100vw, 404px\" \/><\/div><\/div><\/div><div class=\"wpex-slider-thumbnails sp-nc-thumbnails cols-5\"><img src=\"https:\/\/www.cedpe.com\/wp-content\/uploads\/2018\/10\/eventos__item-img.jpg\" width=\"404\" height=\"234\" class=\"wpex-slider-thumbnail sp-nc-thumbnail\" alt=\"\" data-no-retina=\"\" \/><\/div><\/div>[vc_column_text el_class=&#8221;eventos_fecha&#8221;]JUN<br \/>\n<strong>22<\/strong><\/p>\n<h4><a href=\"https:\/\/www.cedpe.com\/portfolio-item\/evento-3\/\">Conversatorio XXXVII\u00a0<\/a><br \/>\nXXIII CONVERSATORIO: <strong>&#8220;LA FUNDAMENTACI\u00d3N DE LA RESPONSABILIDAD PENAL DEL COMPLIANCE OFFICER A TRAV\u00c9S DE SU ESPECIAL POSICI\u00d3N DE GARANTE. A PROP\u00d3SITO DE LA LEY QUE REGULA LA RESPONSABILIDAD ADMINISTRATIVA DE LAS PERSONAS JUR\u00cdDICAS EN EL PER\u00da&#8221;<\/strong><\/h4>\n[\/vc_column_text][vc_column_text el_class=&#8221;eventos_resumen&#8221;]<strong>Organizador(es):<\/strong><br \/>\nCaro &amp; Asociados<br \/>\nCEDPE<\/p>\n<p><strong>Expositor(es):<\/strong><br \/>\nProf. Dr. Dr.h.c. mult. Miguel Polaino Navarrete<br \/>\nProf. Dr. Carlos P\u00e9rez del Valle<br \/>\nProf. Dr. Miguel Polaino-Orts<br \/>\nProf. Luis Miguel Reyna Alfaro &#8211; CEDPE<br \/>\nProf. Luis Fernando Iberico Casta\u00f1eda<\/p>\n<p><strong>Lugar y Fecha:<\/strong>\u00a0Caro &amp; Asociados, 22 de junio de 2015[\/vc_column_text][\/vc_column_inner][vc_column_inner width=&#8221;1\/2&#8243;]<div class=\"wpex-slider-preloaderimg \"><img width=\"404\" height=\"234\" src=\"https:\/\/www.cedpe.com\/wp-content\/uploads\/2018\/10\/eventos__item-img.jpg\" class=\"attachment-full size-full\" alt=\"\" srcset=\"https:\/\/www.cedpe.com\/wp-content\/uploads\/2018\/10\/eventos__item-img.jpg 404w, https:\/\/www.cedpe.com\/wp-content\/uploads\/2018\/10\/eventos__item-img-300x174.jpg 300w\" sizes=\"(max-width: 404px) 100vw, 404px\" \/><\/div><div class=\"vcex-module wpex-slider slider-pro no-margin-thumbnails vcex-image-gallery-slider clr\" data-thumbnails=\"true\" data-thumbnail-height=\"auto\" data-loop=\"true\" data-auto-play-delay=\"5000\" data-buttons=\"false\" data-animation-speed=\"600\"><div class=\"wpex-slider-slides sp-slides\"><div class=\"wpex-slider-slide sp-slide\"><div class=\"wpex-slider-media\"><img width=\"404\" height=\"234\" src=\"https:\/\/www.cedpe.com\/wp-content\/uploads\/2018\/10\/eventos__item-img.jpg\" class=\"attachment-full size-full\" alt=\"\" srcset=\"https:\/\/www.cedpe.com\/wp-content\/uploads\/2018\/10\/eventos__item-img.jpg 404w, https:\/\/www.cedpe.com\/wp-content\/uploads\/2018\/10\/eventos__item-img-300x174.jpg 300w\" sizes=\"(max-width: 404px) 100vw, 404px\" \/><\/div><\/div><\/div><div class=\"wpex-slider-thumbnails sp-nc-thumbnails cols-5\"><img src=\"https:\/\/www.cedpe.com\/wp-content\/uploads\/2018\/10\/eventos__item-img.jpg\" width=\"404\" height=\"234\" class=\"wpex-slider-thumbnail sp-nc-thumbnail\" alt=\"\" data-no-retina=\"\" \/><\/div><\/div>[vc_column_text el_class=&#8221;eventos_fecha&#8221;]JUN<br \/>\n<strong>16\u00a0<\/strong><\/p>\n<h4><a href=\"https:\/\/www.cedpe.com\/portfolio-item\/evento-4\/\">Conversatorio XXXVI<\/a><br \/>\nCONVERSATORIO XXII: <strong>&#8220;LA FUNDAMENTACI\u00d3N DE LA RESPONSABILIDAD PENAL DEL COMPLIANCE OFFICER A TRAV\u00c9S DE SU ESPECIAL POSICI\u00d3N DE GARANTE. A PROP\u00d3SITO DE LA LEY QUE REGULA LA RESPONSABILIDAD ADMINISTRATIVA DE LAS PERSONAS JUR\u00cdDICAS EN EL PER\u00da&#8221;<\/strong><\/h4>\n[\/vc_column_text][vc_column_text el_class=&#8221;eventos_resumen&#8221;]<strong>Organizador(es):<\/strong><br \/>\nCEDPE<\/p>\n<p><strong>Expositor(es):<\/strong><br \/>\nProf. Dr. Thomas Rotsch<br \/>\nMiguel Polaino-Orts<br \/>\nAndy Carri\u00f3n<br \/>\nGustavo Urquizo Videla<\/p>\n<p><strong>Lugar y Fecha:<\/strong>\u00a0NM Lima Hotel, 16 de junio de 2015[\/vc_column_text][\/vc_column_inner][\/vc_row_inner][vc_row_inner el_class=&#8221;eventos__row-items&#8221;][vc_column_inner width=&#8221;1\/2&#8243;]<div class=\"wpex-slider-preloaderimg \"><img width=\"404\" height=\"234\" src=\"https:\/\/www.cedpe.com\/wp-content\/uploads\/2018\/10\/eventos__item-img.jpg\" class=\"attachment-full size-full\" alt=\"\" srcset=\"https:\/\/www.cedpe.com\/wp-content\/uploads\/2018\/10\/eventos__item-img.jpg 404w, https:\/\/www.cedpe.com\/wp-content\/uploads\/2018\/10\/eventos__item-img-300x174.jpg 300w\" sizes=\"(max-width: 404px) 100vw, 404px\" \/><\/div><div class=\"vcex-module wpex-slider slider-pro no-margin-thumbnails vcex-image-gallery-slider clr\" data-thumbnails=\"true\" data-thumbnail-height=\"auto\" data-loop=\"true\" data-auto-play-delay=\"5000\" data-buttons=\"false\" data-animation-speed=\"600\"><div class=\"wpex-slider-slides sp-slides\"><div class=\"wpex-slider-slide sp-slide\"><div class=\"wpex-slider-media\"><img width=\"404\" height=\"234\" src=\"https:\/\/www.cedpe.com\/wp-content\/uploads\/2018\/10\/eventos__item-img.jpg\" class=\"attachment-full size-full\" alt=\"\" srcset=\"https:\/\/www.cedpe.com\/wp-content\/uploads\/2018\/10\/eventos__item-img.jpg 404w, https:\/\/www.cedpe.com\/wp-content\/uploads\/2018\/10\/eventos__item-img-300x174.jpg 300w\" sizes=\"(max-width: 404px) 100vw, 404px\" \/><\/div><\/div><\/div><div class=\"wpex-slider-thumbnails sp-nc-thumbnails cols-5\"><img src=\"https:\/\/www.cedpe.com\/wp-content\/uploads\/2018\/10\/eventos__item-img.jpg\" width=\"404\" height=\"234\" class=\"wpex-slider-thumbnail sp-nc-thumbnail\" alt=\"\" data-no-retina=\"\" \/><\/div><\/div>[vc_column_text el_class=&#8221;eventos_fecha&#8221;]JUN<br \/>\n<strong>16<\/strong><\/p>\n<h4><a href=\"https:\/\/www.cedpe.com\/portfolio-item\/evento-3\/\">Conversatorio XXXVII\u00a0<\/a><br \/>\nC\u00d3CTEL DE PRESENTACI\u00d3N: <strong>&#8220;LA FUNDAMENTACI\u00d3N DE LA RESPONSABILIDAD PENAL DEL COMPLIANCE OFFICER A TRAV\u00c9S DE SU ESPECIAL POSICI\u00d3N DE GARANTE. A PROP\u00d3SITO DE LA LEY QUE REGULA LA RESPONSABILIDAD ADMINISTRATIVA DE LAS PERSONAS JUR\u00cdDICAS EN EL PER\u00da&#8221;<\/strong><\/h4>\n[\/vc_column_text][vc_column_text el_class=&#8221;eventos_resumen&#8221;]<strong>Organizador(es):<\/strong><br \/>\nCaro &amp; Asociados<br \/>\nCEDPE<\/p>\n<p><strong>Expositor(es):<\/strong><br \/>\nProf. Dr. Thomas Rotsch<br \/>\nProf. Dr. Dino Carlos Caro Coria &#8211; CEDPE<\/p>\n<p><strong>Lugar y Fecha:<\/strong>\u00a0Swiss\u00f4tel Lima, 16 de junio de 2015[\/vc_column_text][vc_btn title=&#8221;VER VIDEO&#8221; style=&#8221;flat&#8221; size=&#8221;sm&#8221; align=&#8221;center&#8221; link=&#8221;url:https%3A%2F%2Fwww.cedpe.com%2Fdocumentos%2Factualidad%2Fcurso_de_verano_corrupcion_%2520justicia_y_derecho_penal.pdf||target:%20_blank|&#8221; el_class=&#8221;evento_btns eventos_btn2&#8243;][\/vc_column_inner][vc_column_inner width=&#8221;1\/2&#8243;]<div class=\"wpex-slider-preloaderimg \"><img width=\"404\" height=\"234\" src=\"https:\/\/www.cedpe.com\/wp-content\/uploads\/2018\/10\/eventos__item-img.jpg\" class=\"attachment-full size-full\" alt=\"\" srcset=\"https:\/\/www.cedpe.com\/wp-content\/uploads\/2018\/10\/eventos__item-img.jpg 404w, https:\/\/www.cedpe.com\/wp-content\/uploads\/2018\/10\/eventos__item-img-300x174.jpg 300w\" sizes=\"(max-width: 404px) 100vw, 404px\" \/><\/div><div class=\"vcex-module wpex-slider slider-pro no-margin-thumbnails vcex-image-gallery-slider clr\" data-thumbnails=\"true\" data-thumbnail-height=\"auto\" data-loop=\"true\" data-auto-play-delay=\"5000\" data-buttons=\"false\" data-animation-speed=\"600\"><div class=\"wpex-slider-slides sp-slides\"><div class=\"wpex-slider-slide sp-slide\"><div class=\"wpex-slider-media\"><img width=\"404\" height=\"234\" src=\"https:\/\/www.cedpe.com\/wp-content\/uploads\/2018\/10\/eventos__item-img.jpg\" class=\"attachment-full size-full\" alt=\"\" srcset=\"https:\/\/www.cedpe.com\/wp-content\/uploads\/2018\/10\/eventos__item-img.jpg 404w, https:\/\/www.cedpe.com\/wp-content\/uploads\/2018\/10\/eventos__item-img-300x174.jpg 300w\" sizes=\"(max-width: 404px) 100vw, 404px\" \/><\/div><\/div><\/div><div class=\"wpex-slider-thumbnails sp-nc-thumbnails cols-5\"><img src=\"https:\/\/www.cedpe.com\/wp-content\/uploads\/2018\/10\/eventos__item-img.jpg\" width=\"404\" height=\"234\" class=\"wpex-slider-thumbnail sp-nc-thumbnail\" alt=\"\" data-no-retina=\"\" \/><\/div><\/div>[vc_column_text el_class=&#8221;eventos_fecha&#8221;]JUN<br \/>\n<strong>15\u00a0<\/strong><\/p>\n<h4><a href=\"https:\/\/www.cedpe.com\/portfolio-item\/evento-4\/\">Conversatorio XXXVI<\/a><br \/>\nPRESENTACI\u00d3N DE LIBRO: <strong>&#8220;LA FUNDAMENTACI\u00d3N DE LA RESPONSABILIDAD PENAL DEL COMPLIANCE OFFICER A TRAV\u00c9S DE SU ESPECIAL POSICI\u00d3N DE GARANTE. A PROP\u00d3SITO DE LA LEY QUE REGULA LA RESPONSABILIDAD ADMINISTRATIVA DE LAS PERSONAS JUR\u00cdDICAS EN EL PER\u00da&#8221;<\/strong><\/h4>\n[\/vc_column_text][vc_column_text el_class=&#8221;eventos_resumen&#8221;]<strong>Organizador(es):<\/strong><br \/>\nCaro &amp; Asociados<br \/>\nCEDPE<\/p>\n<p><strong>Expositor(es):<\/strong><br \/>\nProf. Dr. Thomas Rotsch<br \/>\nC\u00e9sar San Mart\u00edn Castro &#8211; Poder Judicial del Per\u00fa<br \/>\nPablo S\u00e1nchez Velarde &#8211; Ministerio P\u00fablico del Per\u00fa<br \/>\nJoel Segura Alania &#8211; Ministerio de Justicia y Derechos Humanos del Per\u00fa<br \/>\nMiguel Polaino-Orts &#8211; Caro &amp; Asocidos (Profesor en la Universidad de Sevilla\/Espa\u00f1a)<br \/>\nDr. Carlos Caro &#8211; CEDPE<\/p>\n<p><strong>Lugar y Fecha:<\/strong>\u00a0Ministerio de Justicia y Derechos Humanos, 15 de junio de 2015[\/vc_column_text][\/vc_column_inner][\/vc_row_inner][vc_row_inner el_class=&#8221;eventos__row-items&#8221;][vc_column_inner width=&#8221;1\/2&#8243;]<div class=\"wpex-slider-preloaderimg \"><img width=\"404\" height=\"234\" src=\"https:\/\/www.cedpe.com\/wp-content\/uploads\/2018\/10\/eventos__item-img.jpg\" class=\"attachment-full size-full\" alt=\"\" srcset=\"https:\/\/www.cedpe.com\/wp-content\/uploads\/2018\/10\/eventos__item-img.jpg 404w, https:\/\/www.cedpe.com\/wp-content\/uploads\/2018\/10\/eventos__item-img-300x174.jpg 300w\" sizes=\"(max-width: 404px) 100vw, 404px\" \/><\/div><div class=\"vcex-module wpex-slider slider-pro no-margin-thumbnails vcex-image-gallery-slider clr\" data-thumbnails=\"true\" data-thumbnail-height=\"auto\" data-loop=\"true\" data-auto-play-delay=\"5000\" data-buttons=\"false\" data-animation-speed=\"600\"><div class=\"wpex-slider-slides sp-slides\"><div class=\"wpex-slider-slide sp-slide\"><div class=\"wpex-slider-media\"><img width=\"404\" height=\"234\" src=\"https:\/\/www.cedpe.com\/wp-content\/uploads\/2018\/10\/eventos__item-img.jpg\" class=\"attachment-full size-full\" alt=\"\" srcset=\"https:\/\/www.cedpe.com\/wp-content\/uploads\/2018\/10\/eventos__item-img.jpg 404w, https:\/\/www.cedpe.com\/wp-content\/uploads\/2018\/10\/eventos__item-img-300x174.jpg 300w\" sizes=\"(max-width: 404px) 100vw, 404px\" \/><\/div><\/div><\/div><div class=\"wpex-slider-thumbnails sp-nc-thumbnails cols-5\"><img src=\"https:\/\/www.cedpe.com\/wp-content\/uploads\/2018\/10\/eventos__item-img.jpg\" width=\"404\" height=\"234\" class=\"wpex-slider-thumbnail sp-nc-thumbnail\" alt=\"\" data-no-retina=\"\" \/><\/div><\/div>[vc_column_text el_class=&#8221;eventos_fecha&#8221;]MAY<br \/>\n<strong>22<\/strong><\/p>\n<h4><a href=\"https:\/\/www.cedpe.com\/portfolio-item\/evento-3\/\">Conversatorio XXXVII\u00a0<\/a><br \/>\nCONVERSATORIO XXI: <strong>&#8220;LA FUNDAMENTACI\u00d3N DE LA RESPONSABILIDAD PENAL DEL COMPLIANCE OFFICER A TRAV\u00c9S DE SU ESPECIAL POSICI\u00d3N DE GARANTE. A PROP\u00d3SITO DE LA LEY QUE REGULA LA RESPONSABILIDAD ADMINISTRATIVA DE LAS PERSONAS JUR\u00cdDICAS EN EL PER\u00da&#8221;<\/strong><\/h4>\n[\/vc_column_text][vc_column_text el_class=&#8221;eventos_resumen&#8221;]<strong>Organizador(es):<\/strong><br \/>\nCaro &amp; Asociados<br \/>\nCEDPE<\/p>\n<p><strong>Expositor(es):<\/strong><br \/>\nProf. Dr. Dino Carlos Caro Coria &#8211; CEDPE<br \/>\nProf. Dr. Andr\u00e9 Luis Callegari<br \/>\nAriel Barazetti Weber<\/p>\n<p><strong>Lugar y Fecha:<\/strong>\u00a0NM Lima Hotel, 22 de mayo de 2015[\/vc_column_text][vc_btn title=&#8221;VER VIDEO&#8221; style=&#8221;flat&#8221; size=&#8221;sm&#8221; align=&#8221;center&#8221; link=&#8221;url:https%3A%2F%2Fwww.cedpe.com%2Fdocumentos%2Factualidad%2Fprograma_conversatorio_xxi_alcances_dogmatico_lavado_activos_brasil.pdf||target:%20_blank|&#8221; el_class=&#8221;evento_btns eventos_btn2&#8243;][\/vc_column_inner][vc_column_inner width=&#8221;1\/2&#8243;]<div class=\"wpex-slider-preloaderimg \"><img width=\"404\" height=\"234\" src=\"https:\/\/www.cedpe.com\/wp-content\/uploads\/2018\/10\/eventos__item-img.jpg\" class=\"attachment-full size-full\" alt=\"\" srcset=\"https:\/\/www.cedpe.com\/wp-content\/uploads\/2018\/10\/eventos__item-img.jpg 404w, https:\/\/www.cedpe.com\/wp-content\/uploads\/2018\/10\/eventos__item-img-300x174.jpg 300w\" sizes=\"(max-width: 404px) 100vw, 404px\" \/><\/div><div class=\"vcex-module wpex-slider slider-pro no-margin-thumbnails vcex-image-gallery-slider clr\" data-thumbnails=\"true\" data-thumbnail-height=\"auto\" data-loop=\"true\" data-auto-play-delay=\"5000\" data-buttons=\"false\" data-animation-speed=\"600\"><div class=\"wpex-slider-slides sp-slides\"><div class=\"wpex-slider-slide sp-slide\"><div class=\"wpex-slider-media\"><img width=\"404\" height=\"234\" src=\"https:\/\/www.cedpe.com\/wp-content\/uploads\/2018\/10\/eventos__item-img.jpg\" class=\"attachment-full size-full\" alt=\"\" srcset=\"https:\/\/www.cedpe.com\/wp-content\/uploads\/2018\/10\/eventos__item-img.jpg 404w, https:\/\/www.cedpe.com\/wp-content\/uploads\/2018\/10\/eventos__item-img-300x174.jpg 300w\" sizes=\"(max-width: 404px) 100vw, 404px\" \/><\/div><\/div><\/div><div class=\"wpex-slider-thumbnails sp-nc-thumbnails cols-5\"><img src=\"https:\/\/www.cedpe.com\/wp-content\/uploads\/2018\/10\/eventos__item-img.jpg\" width=\"404\" height=\"234\" class=\"wpex-slider-thumbnail sp-nc-thumbnail\" alt=\"\" data-no-retina=\"\" \/><\/div><\/div>[vc_column_text el_class=&#8221;eventos_fecha&#8221;]ABR<br \/>\n<strong>22\u00a0<\/strong><\/p>\n<h4><a href=\"https:\/\/www.cedpe.com\/portfolio-item\/evento-4\/\">Conversatorio XXXVI<\/a><br \/>\nSEMINARIO: <strong>&#8220;LA FUNDAMENTACI\u00d3N DE LA RESPONSABILIDAD PENAL DEL COMPLIANCE OFFICER A TRAV\u00c9S DE SU ESPECIAL POSICI\u00d3N DE GARANTE. A PROP\u00d3SITO DE LA LEY QUE REGULA LA RESPONSABILIDAD ADMINISTRATIVA DE LAS PERSONAS JUR\u00cdDICAS EN EL PER\u00da&#8221;<\/strong><\/h4>\n[\/vc_column_text][vc_column_text el_class=&#8221;eventos_resumen&#8221;]<strong>Organizador(es):<\/strong><br \/>\nCEDPE<\/p>\n<p><strong>Expositor(es):<\/strong><br \/>\nDino Carlos Caro Coria &#8211; CEDPE<br \/>\nLuis Miguel Reyna Alfaro &#8211; CEDPE<br \/>\nJos\u00e9 Farf\u00e1n Estrada &#8211; Comisi\u00f3n de Energ\u00eda y Minas<br \/>\nMartin Mijichich Loli &#8211; Ministerio del Ambiente-MINAM<br \/>\nJorge Adrianz\u00e9n &#8211; Estudio Puente-Arnao Tiravanti y Roberto Noriega, de Linares Abogados.<\/p>\n<p><strong>Lugar y Fecha:<\/strong>\u00a0CEDPE, 22 de abril de 2015[\/vc_column_text][\/vc_column_inner][\/vc_row_inner][vc_row_inner el_class=&#8221;eventos__row-items&#8221;][vc_column_inner width=&#8221;1\/2&#8243;]<div class=\"wpex-slider-preloaderimg \"><img width=\"404\" height=\"234\" src=\"https:\/\/www.cedpe.com\/wp-content\/uploads\/2018\/10\/eventos__item-img.jpg\" class=\"attachment-full size-full\" alt=\"\" srcset=\"https:\/\/www.cedpe.com\/wp-content\/uploads\/2018\/10\/eventos__item-img.jpg 404w, https:\/\/www.cedpe.com\/wp-content\/uploads\/2018\/10\/eventos__item-img-300x174.jpg 300w\" sizes=\"(max-width: 404px) 100vw, 404px\" \/><\/div><div class=\"vcex-module wpex-slider slider-pro no-margin-thumbnails vcex-image-gallery-slider clr\" data-thumbnails=\"true\" data-thumbnail-height=\"auto\" data-loop=\"true\" data-auto-play-delay=\"5000\" data-buttons=\"false\" data-animation-speed=\"600\"><div class=\"wpex-slider-slides sp-slides\"><div class=\"wpex-slider-slide sp-slide\"><div class=\"wpex-slider-media\"><img width=\"404\" height=\"234\" src=\"https:\/\/www.cedpe.com\/wp-content\/uploads\/2018\/10\/eventos__item-img.jpg\" class=\"attachment-full size-full\" alt=\"\" srcset=\"https:\/\/www.cedpe.com\/wp-content\/uploads\/2018\/10\/eventos__item-img.jpg 404w, https:\/\/www.cedpe.com\/wp-content\/uploads\/2018\/10\/eventos__item-img-300x174.jpg 300w\" sizes=\"(max-width: 404px) 100vw, 404px\" \/><\/div><\/div><\/div><div class=\"wpex-slider-thumbnails sp-nc-thumbnails cols-5\"><img src=\"https:\/\/www.cedpe.com\/wp-content\/uploads\/2018\/10\/eventos__item-img.jpg\" width=\"404\" height=\"234\" class=\"wpex-slider-thumbnail sp-nc-thumbnail\" alt=\"\" data-no-retina=\"\" \/><\/div><\/div>[vc_column_text el_class=&#8221;eventos_fecha&#8221;]MAR<br \/>\n<strong>25\u00a0<\/strong><\/p>\n<h4><a href=\"https:\/\/www.cedpe.com\/portfolio-item\/evento-4\/\">Conversatorio XXXVI<\/a><br \/>\nCONVERSATORIO XX: <strong>&#8220;LA FUNDAMENTACI\u00d3N DE LA RESPONSABILIDAD PENAL DEL COMPLIANCE OFFICER A TRAV\u00c9S DE SU ESPECIAL POSICI\u00d3N DE GARANTE. A PROP\u00d3SITO DE LA LEY QUE REGULA LA RESPONSABILIDAD ADMINISTRATIVA DE LAS PERSONAS JUR\u00cdDICAS EN EL PER\u00da&#8221;<\/strong><\/h4>\n[\/vc_column_text][vc_column_text el_class=&#8221;eventos_resumen&#8221;]<strong>Organizador(es):<\/strong><br \/>\nCaro &amp; Asociados<br \/>\nCEDPE<\/p>\n<p><strong>Expositor(es):<\/strong><br \/>\nDino Carlos Caro Coria<\/p>\n<p><strong>Lugar y Fecha:<\/strong>\u00a0Caro &amp; Asociados, 25 de marzo de 2015[\/vc_column_text][vc_btn title=&#8221;VER VIDEO&#8221; style=&#8221;flat&#8221; size=&#8221;sm&#8221; align=&#8221;center&#8221; link=&#8221;url:https%3A%2F%2Fwww.cedpe.com%2Fdocumentos%2Factualidad%2Fprograma_conversatorio_xx_dirigido_a_periodistas.pdf||target:%20_blank|&#8221; el_class=&#8221;evento_btns eventos_btn2&#8243;][\/vc_column_inner][\/vc_row_inner][vc_row_inner el_class=&#8221;eventos__row-items&#8221;][vc_column_inner width=&#8221;1\/2&#8243;]<div class=\"wpex-slider-preloaderimg \"><img width=\"404\" height=\"234\" src=\"https:\/\/www.cedpe.com\/wp-content\/uploads\/2018\/10\/eventos__item-img.jpg\" class=\"attachment-full size-full\" alt=\"\" srcset=\"https:\/\/www.cedpe.com\/wp-content\/uploads\/2018\/10\/eventos__item-img.jpg 404w, https:\/\/www.cedpe.com\/wp-content\/uploads\/2018\/10\/eventos__item-img-300x174.jpg 300w\" sizes=\"(max-width: 404px) 100vw, 404px\" \/><\/div><div class=\"vcex-module wpex-slider slider-pro no-margin-thumbnails vcex-image-gallery-slider clr\" data-thumbnails=\"true\" data-thumbnail-height=\"auto\" data-loop=\"true\" data-auto-play-delay=\"5000\" data-buttons=\"false\" data-animation-speed=\"600\"><div class=\"wpex-slider-slides sp-slides\"><div class=\"wpex-slider-slide sp-slide\"><div class=\"wpex-slider-media\"><img width=\"404\" height=\"234\" src=\"https:\/\/www.cedpe.com\/wp-content\/uploads\/2018\/10\/eventos__item-img.jpg\" class=\"attachment-full size-full\" alt=\"\" srcset=\"https:\/\/www.cedpe.com\/wp-content\/uploads\/2018\/10\/eventos__item-img.jpg 404w, https:\/\/www.cedpe.com\/wp-content\/uploads\/2018\/10\/eventos__item-img-300x174.jpg 300w\" sizes=\"(max-width: 404px) 100vw, 404px\" \/><\/div><\/div><\/div><div class=\"wpex-slider-thumbnails sp-nc-thumbnails cols-5\"><img src=\"https:\/\/www.cedpe.com\/wp-content\/uploads\/2018\/10\/eventos__item-img.jpg\" width=\"404\" height=\"234\" class=\"wpex-slider-thumbnail sp-nc-thumbnail\" alt=\"\" data-no-retina=\"\" \/><\/div><\/div>[vc_column_text el_class=&#8221;eventos_fecha&#8221;]ENE<br \/>\n<strong>12\u00a0<\/strong><\/p>\n<h4><a href=\"https:\/\/www.cedpe.com\/portfolio-item\/evento-4\/\">Conversatorio XXXVI<\/a><br \/>\nCURSO INTERNACIONAL: <strong>&#8220;LA FUNDAMENTACI\u00d3N DE LA RESPONSABILIDAD PENAL DEL COMPLIANCE OFFICER A TRAV\u00c9S DE SU ESPECIAL POSICI\u00d3N DE GARANTE. A PROP\u00d3SITO DE LA LEY QUE REGULA LA RESPONSABILIDAD ADMINISTRATIVA DE LAS PERSONAS JUR\u00cdDICAS EN EL PER\u00da&#8221;<\/strong><\/h4>\n[\/vc_column_text][vc_column_text el_class=&#8221;eventos_resumen&#8221;]<strong>Organizador(es):<\/strong><br \/>\nUniversidad de Castilla-La Mancha (Toledo &#8211; Espa\u00f1a)<\/p>\n<p><strong>Expositor(es):<\/strong><br \/>\nMiguel Abel Souto<br \/>\nIgnacio Berdugo G\u00f3mez de la Torre<br \/>\nDemelsa Benito S\u00e1nchez<br \/>\nEmilio Cortes Bechiarelli<br \/>\nMiriam Cugat Mart\u00edn<br \/>\nEduardo Demetrio Crespo<br \/>\nJulio Diaz Maroto<br \/>\nJuan Carlos Ferr\u00e9 Oliv\u00e9<br \/>\nCarlos Gomez Jara<br \/>\nManuel Maroto Calatayud<br \/>\nJos\u00e9 Antonio Moreno Molina<br \/>\nFrancisco Mu\u00f1oz Conde<br \/>\nMarta Mu\u00f1oz de Morales Romero<br \/>\nAd\u00e1n Nieto Mart\u00edn<br \/>\nAna Isabel P\u00e9rez Cepeda<br \/>\nJuan Mar\u00eda Terradillo Basoco<br \/>\nManuel Villoria Mendieta<br \/>\nRaquel Castillejo Manzanares<br \/>\nAndr\u00e9s Doig D\u00edaz<br \/>\nJordi Gimeo Bevi\u00e1<br \/>\nJavier G\u00f3mez Merm\u00fadez<br \/>\nNicol\u00e1s Gonz\u00e1lez-Cuerllar Serrano<br \/>\nVincenzo Militello<br \/>\nLourdes Noya Ferreiro<br \/>\nManuel Ortellls Ramos<br \/>\n\u00c1ngeles P\u00e9rez Cebadera<br \/>\nJavier Vecina Cifuentes<br \/>\nJavier Zaragoza<\/p>\n<p><strong>Lugar y Fecha:<\/strong>\u00a0Universidad de Castilla-La Mancha (Toledo &#8211; Espa\u00f1a), 12 de enero de 2015[\/vc_column_text][vc_btn title=&#8221;VER VIDEO&#8221; style=&#8221;flat&#8221; size=&#8221;sm&#8221; align=&#8221;center&#8221; link=&#8221;url:https%3A%2F%2Fissuu.com%2Fccfirma%2Fdocs%2Ftriptico||target:%20_blank|&#8221; el_class=&#8221;evento_btns eventos_btn2&#8243;][\/vc_column_inner][\/vc_row_inner][\/vc_tta_section][vc_tta_section title=&#8221;2014&#8243; tab_id=&#8221;2014&#8243; el_class=&#8221;eventos_tab-title&#8221;]<div class=\"vcex-spacing\" style=\"height:35px\"><\/div>[vc_row_inner el_class=&#8221;eventos__row-items&#8221;][vc_column_inner width=&#8221;1\/2&#8243;]<div class=\"wpex-slider-preloaderimg \"><img width=\"404\" height=\"234\" src=\"https:\/\/www.cedpe.com\/wp-content\/uploads\/2018\/10\/eventos__item-img.jpg\" class=\"attachment-full size-full\" alt=\"\" srcset=\"https:\/\/www.cedpe.com\/wp-content\/uploads\/2018\/10\/eventos__item-img.jpg 404w, https:\/\/www.cedpe.com\/wp-content\/uploads\/2018\/10\/eventos__item-img-300x174.jpg 300w\" sizes=\"(max-width: 404px) 100vw, 404px\" \/><\/div><div class=\"vcex-module wpex-slider slider-pro no-margin-thumbnails vcex-image-gallery-slider clr\" data-thumbnails=\"true\" data-thumbnail-height=\"auto\" data-loop=\"true\" data-auto-play-delay=\"5000\" data-buttons=\"false\" data-animation-speed=\"600\"><div class=\"wpex-slider-slides sp-slides\"><div class=\"wpex-slider-slide sp-slide\"><div class=\"wpex-slider-media\"><img width=\"404\" height=\"234\" src=\"https:\/\/www.cedpe.com\/wp-content\/uploads\/2018\/10\/eventos__item-img.jpg\" class=\"attachment-full size-full\" alt=\"\" srcset=\"https:\/\/www.cedpe.com\/wp-content\/uploads\/2018\/10\/eventos__item-img.jpg 404w, https:\/\/www.cedpe.com\/wp-content\/uploads\/2018\/10\/eventos__item-img-300x174.jpg 300w\" sizes=\"(max-width: 404px) 100vw, 404px\" \/><\/div><\/div><\/div><div class=\"wpex-slider-thumbnails sp-nc-thumbnails cols-5\"><img src=\"https:\/\/www.cedpe.com\/wp-content\/uploads\/2018\/10\/eventos__item-img.jpg\" width=\"404\" height=\"234\" class=\"wpex-slider-thumbnail sp-nc-thumbnail\" alt=\"\" data-no-retina=\"\" \/><\/div><\/div>[vc_column_text el_class=&#8221;eventos_fecha&#8221;]DIC<br \/>\n<strong>23<\/strong><\/p>\n<h4><a href=\"https:\/\/www.cedpe.com\/portfolio-item\/evento-1\/\">Conversatorio XL <\/a><br \/>\nXIX CONVERSATORIO: <strong>&#8220;LA FUNDAMENTACI\u00d3N DE LA RESPONSABILIDAD PENAL DEL COMPLIANCE OFFICER A TRAV\u00c9S DE SU ESPECIAL POSICI\u00d3N DE GARANTE. A PROP\u00d3SITO DE LA LEY QUE REGULA LA RESPONSABILIDAD ADMINISTRATIVA DE LAS PERSONAS JUR\u00cdDICAS EN EL PER\u00da&#8221;<\/strong><\/h4>\n[\/vc_column_text][vc_column_text el_class=&#8221;eventos_resumen&#8221;]<strong>Organizador(es):<\/strong><br \/>\nCEDPE<\/p>\n<p><strong>Expositor(es):<\/strong><br \/>\nAndy Carri\u00f3n Zenteno &#8211; CEDPE<br \/>\nDiana Asmat Coello &#8211; CEDPE<br \/>\nAna Cecilia Hurtado Huailla &#8211; CEDPE<\/p>\n<p><strong>Lugar y Fecha:<\/strong>\u00a0Estudio Caro &amp; Asociados, 23 de diciembre de 2014[\/vc_column_text][\/vc_column_inner][vc_column_inner width=&#8221;1\/2&#8243;]<div class=\"wpex-slider-preloaderimg \"><img width=\"404\" height=\"234\" src=\"https:\/\/www.cedpe.com\/wp-content\/uploads\/2018\/10\/eventos__item-img.jpg\" class=\"attachment-full size-full\" alt=\"\" srcset=\"https:\/\/www.cedpe.com\/wp-content\/uploads\/2018\/10\/eventos__item-img.jpg 404w, https:\/\/www.cedpe.com\/wp-content\/uploads\/2018\/10\/eventos__item-img-300x174.jpg 300w\" sizes=\"(max-width: 404px) 100vw, 404px\" \/><\/div><div class=\"vcex-module wpex-slider slider-pro no-margin-thumbnails vcex-image-gallery-slider clr\" data-thumbnails=\"true\" data-thumbnail-height=\"auto\" data-loop=\"true\" data-auto-play-delay=\"5000\" data-buttons=\"false\" data-animation-speed=\"600\"><div class=\"wpex-slider-slides sp-slides\"><div class=\"wpex-slider-slide sp-slide\"><div class=\"wpex-slider-media\"><img width=\"404\" height=\"234\" src=\"https:\/\/www.cedpe.com\/wp-content\/uploads\/2018\/10\/eventos__item-img.jpg\" class=\"attachment-full size-full\" alt=\"\" srcset=\"https:\/\/www.cedpe.com\/wp-content\/uploads\/2018\/10\/eventos__item-img.jpg 404w, https:\/\/www.cedpe.com\/wp-content\/uploads\/2018\/10\/eventos__item-img-300x174.jpg 300w\" sizes=\"(max-width: 404px) 100vw, 404px\" \/><\/div><\/div><\/div><div class=\"wpex-slider-thumbnails sp-nc-thumbnails cols-5\"><img src=\"https:\/\/www.cedpe.com\/wp-content\/uploads\/2018\/10\/eventos__item-img.jpg\" width=\"404\" height=\"234\" class=\"wpex-slider-thumbnail sp-nc-thumbnail\" alt=\"\" data-no-retina=\"\" \/><\/div><\/div>[vc_column_text el_class=&#8221;eventos_fecha&#8221;]NOV<br \/>\n<strong>27<\/strong><\/p>\n<h4><a href=\"https:\/\/www.cedpe.com\/portfolio-item\/evento-2\/\">Conversatorio XXXIX<\/a><br \/>\nXVII CONVERSATORIO: <strong>&#8220;LA FUNDAMENTACI\u00d3N DE LA RESPONSABILIDAD PENAL DEL COMPLIANCE OFFICER A TRAV\u00c9S DE SU ESPECIAL POSICI\u00d3N DE GARANTE. A PROP\u00d3SITO DE LA LEY QUE REGULA LA RESPONSABILIDAD ADMINISTRATIVA DE LAS PERSONAS JUR\u00cdDICAS EN EL PER\u00da&#8221;<\/strong><\/h4>\n[\/vc_column_text][vc_column_text el_class=&#8221;eventos_resumen&#8221;]<strong>Organizador(es):<\/strong><br \/>\nCEDPE<\/p>\n<p><strong>Expositor(es):<\/strong><br \/>\nLuis Miguel Reyna Alfaro &#8211; CEDPE<br \/>\nAndy Carri\u00f3n Zenteno &#8211; CEDPE<br \/>\nDino Carlos Caro Coria &#8211; CEDPE<br \/>\nMiguel Polaino-Orts (Espa\u00f1a)<br \/>\nHenrique Abia-Ackel Torres<br \/>\nLuis Fernando Iberico Casta\u00f1eda &#8211; CEDPE<\/p>\n<p><strong>Lugar y Fecha:<\/strong>\u00a0Lima, 27 de noviembre de 2014[\/vc_column_text][\/vc_column_inner][\/vc_row_inner][vc_row_inner el_class=&#8221;eventos__row-items&#8221;][vc_column_inner width=&#8221;1\/2&#8243;]<div class=\"wpex-slider-preloaderimg \"><img width=\"404\" height=\"234\" src=\"https:\/\/www.cedpe.com\/wp-content\/uploads\/2018\/10\/eventos__item-img.jpg\" class=\"attachment-full size-full\" alt=\"\" srcset=\"https:\/\/www.cedpe.com\/wp-content\/uploads\/2018\/10\/eventos__item-img.jpg 404w, https:\/\/www.cedpe.com\/wp-content\/uploads\/2018\/10\/eventos__item-img-300x174.jpg 300w\" sizes=\"(max-width: 404px) 100vw, 404px\" \/><\/div><div class=\"vcex-module wpex-slider slider-pro no-margin-thumbnails vcex-image-gallery-slider clr\" data-thumbnails=\"true\" data-thumbnail-height=\"auto\" data-loop=\"true\" data-auto-play-delay=\"5000\" data-buttons=\"false\" data-animation-speed=\"600\"><div class=\"wpex-slider-slides sp-slides\"><div class=\"wpex-slider-slide sp-slide\"><div class=\"wpex-slider-media\"><img width=\"404\" height=\"234\" src=\"https:\/\/www.cedpe.com\/wp-content\/uploads\/2018\/10\/eventos__item-img.jpg\" class=\"attachment-full size-full\" alt=\"\" srcset=\"https:\/\/www.cedpe.com\/wp-content\/uploads\/2018\/10\/eventos__item-img.jpg 404w, https:\/\/www.cedpe.com\/wp-content\/uploads\/2018\/10\/eventos__item-img-300x174.jpg 300w\" sizes=\"(max-width: 404px) 100vw, 404px\" \/><\/div><\/div><\/div><div class=\"wpex-slider-thumbnails sp-nc-thumbnails cols-5\"><img src=\"https:\/\/www.cedpe.com\/wp-content\/uploads\/2018\/10\/eventos__item-img.jpg\" width=\"404\" height=\"234\" class=\"wpex-slider-thumbnail sp-nc-thumbnail\" alt=\"\" data-no-retina=\"\" \/><\/div><\/div>[vc_column_text el_class=&#8221;eventos_fecha&#8221;]OCT<br \/>\n<strong>30<\/strong><\/p>\n<h4><a href=\"https:\/\/www.cedpe.com\/portfolio-item\/evento-1\/\">Conversatorio XL <\/a><br \/>\nCONVERSATORIO: <strong>&#8220;LA FUNDAMENTACI\u00d3N DE LA RESPONSABILIDAD PENAL DEL COMPLIANCE OFFICER A TRAV\u00c9S DE SU ESPECIAL POSICI\u00d3N DE GARANTE. A PROP\u00d3SITO DE LA LEY QUE REGULA LA RESPONSABILIDAD ADMINISTRATIVA DE LAS PERSONAS JUR\u00cdDICAS EN EL PER\u00da&#8221;<\/strong><\/h4>\n[\/vc_column_text][vc_column_text el_class=&#8221;eventos_resumen&#8221;]<strong>Organizador(es):<\/strong><br \/>\nCEDPE<br \/>\nauspiciado por el Centro de Estudios de Derecho Penal y Procesal Penal Latinoamericano &#8211; CEDPAL<br \/>\nKonrad Adenauer Stiftung.<\/p>\n<p><strong>Expositor(es):<\/strong><br \/>\nDr. h.c. Kai Ambos (Alemania)<br \/>\nDra. Alicia Gil (Espa\u00f1a)<br \/>\nDr. Alejandro Aponte (Colombia)<\/p>\n<p><strong>Lugar y Fecha:<\/strong>\u00a0Lima, 30 de octubre de 2014[\/vc_column_text][\/vc_column_inner][vc_column_inner width=&#8221;1\/2&#8243;]<div class=\"wpex-slider-preloaderimg \"><img width=\"404\" height=\"234\" src=\"https:\/\/www.cedpe.com\/wp-content\/uploads\/2018\/10\/eventos__item-img.jpg\" class=\"attachment-full size-full\" alt=\"\" srcset=\"https:\/\/www.cedpe.com\/wp-content\/uploads\/2018\/10\/eventos__item-img.jpg 404w, https:\/\/www.cedpe.com\/wp-content\/uploads\/2018\/10\/eventos__item-img-300x174.jpg 300w\" sizes=\"(max-width: 404px) 100vw, 404px\" \/><\/div><div class=\"vcex-module wpex-slider slider-pro no-margin-thumbnails vcex-image-gallery-slider clr\" data-thumbnails=\"true\" data-thumbnail-height=\"auto\" data-loop=\"true\" data-auto-play-delay=\"5000\" data-buttons=\"false\" data-animation-speed=\"600\"><div class=\"wpex-slider-slides sp-slides\"><div class=\"wpex-slider-slide sp-slide\"><div class=\"wpex-slider-media\"><img width=\"404\" height=\"234\" src=\"https:\/\/www.cedpe.com\/wp-content\/uploads\/2018\/10\/eventos__item-img.jpg\" class=\"attachment-full size-full\" alt=\"\" srcset=\"https:\/\/www.cedpe.com\/wp-content\/uploads\/2018\/10\/eventos__item-img.jpg 404w, https:\/\/www.cedpe.com\/wp-content\/uploads\/2018\/10\/eventos__item-img-300x174.jpg 300w\" sizes=\"(max-width: 404px) 100vw, 404px\" \/><\/div><\/div><\/div><div class=\"wpex-slider-thumbnails sp-nc-thumbnails cols-5\"><img src=\"https:\/\/www.cedpe.com\/wp-content\/uploads\/2018\/10\/eventos__item-img.jpg\" width=\"404\" height=\"234\" class=\"wpex-slider-thumbnail sp-nc-thumbnail\" alt=\"\" data-no-retina=\"\" \/><\/div><\/div>[vc_column_text el_class=&#8221;eventos_fecha&#8221;]OCT<br \/>\n<strong>29\u00a0<\/strong><\/p>\n<h4>CONVERSATORIO: <strong>&#8220;LA FUNDAMENTACI\u00d3N DE LA RESPONSABILIDAD PENAL DEL COMPLIANCE OFFICER A TRAV\u00c9S DE SU ESPECIAL POSICI\u00d3N DE GARANTE. A PROP\u00d3SITO DE LA LEY QUE REGULA LA RESPONSABILIDAD ADMINISTRATIVA DE LAS PERSONAS JUR\u00cdDICAS EN EL PER\u00da&#8221;<\/strong><\/h4>\n[\/vc_column_text][vc_column_text el_class=&#8221;eventos_resumen&#8221;]<strong>Organizador(es):<\/strong><br \/>\nCEDPE<br \/>\nCentro de Investigaciones Judiciales del Poder Judicial<br \/>\nauspiciado por el Centro de Estudios de Derecho Penal y Procesal Penal Latinoamericano, Georg August Universit\u00e4t G\u00f6ttingen, Alemania y Konrad Adenauer Stiftung- Programa Estado de Derecho para Latinoam\u00e9rica.<\/p>\n<p><strong>Expositor(es):<\/strong><br \/>\nDra. Alicia Gil Gil &#8211; Universidad Nacional de Educaci\u00f3n a Distancia- UNED (Espa\u00f1a)<br \/>\nDra. Emanuela Fronza &#8211; Universit\u00e0 degli Studi di Trento (Italia)<br \/>\nDr. Ezequiel Malarino &#8211; Universidad de Buenas Aires (Argentina) &#8211; Instituto de Criminolog\u00eda de la Universidad de Cambridge (Reino Unido)<br \/>\nDr. Kai Ambos &#8211; Georg August Universit\u00e4t G\u00f6ttingen (Alemania)<br \/>\nDr. Duberly Rodriguez<br \/>\nNicol\u00e1s Guzm\u00e1n<br \/>\nPablo Galain<br \/>\nJavier Dond\u00e9<\/p>\n<p><strong>Lugar y Fecha:<\/strong>\u00a0Sala de Juramentos del Palacio de Justicia, 29 de octubre de 2014[\/vc_column_text][vc_btn title=&#8221;VER VIDEO&#8221; style=&#8221;flat&#8221; size=&#8221;sm&#8221; align=&#8221;center&#8221; link=&#8221;url:https%3A%2F%2Fwww.cedpe.com%2Fprogramas%2Fc1407.pdf||target:%20_blank|&#8221; el_class=&#8221;evento_btns eventos_btn2&#8243;][\/vc_column_inner][\/vc_row_inner][vc_row_inner el_class=&#8221;eventos__row-items&#8221;][vc_column_inner width=&#8221;1\/2&#8243;]<div class=\"wpex-slider-preloaderimg \"><img width=\"404\" height=\"234\" src=\"https:\/\/www.cedpe.com\/wp-content\/uploads\/2018\/10\/eventos__item-img.jpg\" class=\"attachment-full size-full\" alt=\"\" srcset=\"https:\/\/www.cedpe.com\/wp-content\/uploads\/2018\/10\/eventos__item-img.jpg 404w, https:\/\/www.cedpe.com\/wp-content\/uploads\/2018\/10\/eventos__item-img-300x174.jpg 300w\" sizes=\"(max-width: 404px) 100vw, 404px\" \/><\/div><div class=\"vcex-module wpex-slider slider-pro no-margin-thumbnails vcex-image-gallery-slider clr\" data-thumbnails=\"true\" data-thumbnail-height=\"auto\" data-loop=\"true\" data-auto-play-delay=\"5000\" data-buttons=\"false\" data-animation-speed=\"600\"><div class=\"wpex-slider-slides sp-slides\"><div class=\"wpex-slider-slide sp-slide\"><div class=\"wpex-slider-media\"><img width=\"404\" height=\"234\" src=\"https:\/\/www.cedpe.com\/wp-content\/uploads\/2018\/10\/eventos__item-img.jpg\" class=\"attachment-full size-full\" alt=\"\" srcset=\"https:\/\/www.cedpe.com\/wp-content\/uploads\/2018\/10\/eventos__item-img.jpg 404w, https:\/\/www.cedpe.com\/wp-content\/uploads\/2018\/10\/eventos__item-img-300x174.jpg 300w\" sizes=\"(max-width: 404px) 100vw, 404px\" \/><\/div><\/div><\/div><div class=\"wpex-slider-thumbnails sp-nc-thumbnails cols-5\"><img src=\"https:\/\/www.cedpe.com\/wp-content\/uploads\/2018\/10\/eventos__item-img.jpg\" width=\"404\" height=\"234\" class=\"wpex-slider-thumbnail sp-nc-thumbnail\" alt=\"\" data-no-retina=\"\" \/><\/div><\/div>[vc_column_text el_class=&#8221;eventos_fecha&#8221;]OCT<br \/>\n<strong>29<\/strong><\/p>\n<h4><a href=\"https:\/\/www.cedpe.com\/portfolio-item\/evento-3\/\">Conversatorio XXXVII\u00a0<\/a><br \/>\nCONVERSATORIO: <strong>&#8220;LA FUNDAMENTACI\u00d3N DE LA RESPONSABILIDAD PENAL DEL COMPLIANCE OFFICER A TRAV\u00c9S DE SU ESPECIAL POSICI\u00d3N DE GARANTE. A PROP\u00d3SITO DE LA LEY QUE REGULA LA RESPONSABILIDAD ADMINISTRATIVA DE LAS PERSONAS JUR\u00cdDICAS EN EL PER\u00da&#8221;<\/strong><\/h4>\n[\/vc_column_text][vc_column_text el_class=&#8221;eventos_resumen&#8221;]<strong>Organizador(es):<\/strong><br \/>\nCEDPE<br \/>\nCedpal (Georg-August-Universit\u00e4t G\u00f6ttingen-Alemania)<br \/>\nPrograma de Estado de Derecho de la Fundaci\u00f3n Konrad Adenauer-Alemania<\/p>\n<p><strong>Expositor(es):<\/strong><br \/>\nJose Luis Guzm\u00e1n<br \/>\nJaime Mart\u00ednez<br \/>\nMarcos Zilli<br \/>\nFabiola Girao Montecorrado<br \/>\nMaria Thereza Rocha de Assis Moura<br \/>\nAlejandro Aponte<br \/>\nAlicia Gil<br \/>\nEmanuela Fronza<br \/>\nJuan Luis Modolel<br \/>\nRamiro Garc\u00eda<br \/>\nAlfredo Chirino<br \/>\nNicol\u00e1s Guzm\u00e1n<br \/>\nPablo Galain<br \/>\nJavier Dond\u00e9<br \/>\nElizabeth Santalla<br \/>\nC\u00e9sar Alfonso<br \/>\nDino Carlos Caro Coria<br \/>\nJulio Alexei<br \/>\nGabriela Pacheco<\/p>\n<p><strong>Lugar y Fecha:<\/strong>\u00a0Lima, 29 de octubre de 2014[\/vc_column_text][vc_btn title=&#8221;VER VIDEO&#8221; style=&#8221;flat&#8221; size=&#8221;sm&#8221; align=&#8221;center&#8221; link=&#8221;url:http%3A%2F%2Fcedpal.uni-goettingen.de%2Fdata%2Finvestigacion%2FGLEDPI%2F2014%2FDeclaracionGLEDPI.pdf||target:%20_blank|&#8221; el_class=&#8221;evento_btns eventos_btn2&#8243;][\/vc_column_inner][vc_column_inner width=&#8221;1\/2&#8243;]<div class=\"wpex-slider-preloaderimg \"><img width=\"404\" height=\"234\" src=\"https:\/\/www.cedpe.com\/wp-content\/uploads\/2018\/10\/eventos__item-img.jpg\" class=\"attachment-full size-full\" alt=\"\" srcset=\"https:\/\/www.cedpe.com\/wp-content\/uploads\/2018\/10\/eventos__item-img.jpg 404w, https:\/\/www.cedpe.com\/wp-content\/uploads\/2018\/10\/eventos__item-img-300x174.jpg 300w\" sizes=\"(max-width: 404px) 100vw, 404px\" \/><\/div><div class=\"vcex-module wpex-slider slider-pro no-margin-thumbnails vcex-image-gallery-slider clr\" data-thumbnails=\"true\" data-thumbnail-height=\"auto\" data-loop=\"true\" data-auto-play-delay=\"5000\" data-buttons=\"false\" data-animation-speed=\"600\"><div class=\"wpex-slider-slides sp-slides\"><div class=\"wpex-slider-slide sp-slide\"><div class=\"wpex-slider-media\"><img width=\"404\" height=\"234\" src=\"https:\/\/www.cedpe.com\/wp-content\/uploads\/2018\/10\/eventos__item-img.jpg\" class=\"attachment-full size-full\" alt=\"\" srcset=\"https:\/\/www.cedpe.com\/wp-content\/uploads\/2018\/10\/eventos__item-img.jpg 404w, https:\/\/www.cedpe.com\/wp-content\/uploads\/2018\/10\/eventos__item-img-300x174.jpg 300w\" sizes=\"(max-width: 404px) 100vw, 404px\" \/><\/div><\/div><\/div><div class=\"wpex-slider-thumbnails sp-nc-thumbnails cols-5\"><img src=\"https:\/\/www.cedpe.com\/wp-content\/uploads\/2018\/10\/eventos__item-img.jpg\" width=\"404\" height=\"234\" class=\"wpex-slider-thumbnail sp-nc-thumbnail\" alt=\"\" data-no-retina=\"\" \/><\/div><\/div>[vc_column_text el_class=&#8221;eventos_fecha&#8221;]SET<br \/>\n<strong>19\u00a0<\/strong><\/p>\n<h4><a href=\"https:\/\/www.cedpe.com\/portfolio-item\/evento-4\/\">Conversatorio XXXVI<\/a><br \/>\nCONVERSATORIO: <strong>&#8220;LA FUNDAMENTACI\u00d3N DE LA RESPONSABILIDAD PENAL DEL COMPLIANCE OFFICER A TRAV\u00c9S DE SU ESPECIAL POSICI\u00d3N DE GARANTE. A PROP\u00d3SITO DE LA LEY QUE REGULA LA RESPONSABILIDAD ADMINISTRATIVA DE LAS PERSONAS JUR\u00cdDICAS EN EL PER\u00da&#8221;<\/strong><\/h4>\n[\/vc_column_text][vc_column_text el_class=&#8221;eventos_resumen&#8221;]<strong>Organizador(es):<\/strong><br \/>\nCEDPE<br \/>\nauspiciado por el Centro de Estudios de Derecho Penal y Procesal Penal Latinoamericano &#8211; CEDPAL<br \/>\nKonrad Adenauer Stiftung.<\/p>\n<p><strong>Expositor(es):<\/strong><br \/>\nDr. h.c. Kai Ambos (Alemania)<br \/>\nEzequiel Malarino<br \/>\nManuel Abanto<br \/>\nJaime Winter<br \/>\nDino Carlos Caro Coria &#8211; CEDPE<br \/>\nJos\u00e9 Caro<br \/>\nMiguel Polaino-Orts (Espa\u00f1a)<br \/>\nAndy Carri\u00f3n &#8211; CEDPE<br \/>\nGustavo Urquizo &#8211; CEDPE<br \/>\nDiana Marisela Asmat Coello &#8211; CEDPE<br \/>\nLuis Miguel Reyna Alfaro &#8211; CEDPE<\/p>\n<p><strong>Lugar y Fecha:<\/strong>\u00a0G\u00f6ttingen (Alemania), 19 de setiembre de 2014[\/vc_column_text][\/vc_column_inner][\/vc_row_inner][vc_row_inner el_class=&#8221;eventos__row-items&#8221;][vc_column_inner width=&#8221;1\/2&#8243;]<div class=\"wpex-slider-preloaderimg \"><img width=\"404\" height=\"234\" src=\"https:\/\/www.cedpe.com\/wp-content\/uploads\/2018\/10\/eventos__item-img.jpg\" class=\"attachment-full size-full\" alt=\"\" srcset=\"https:\/\/www.cedpe.com\/wp-content\/uploads\/2018\/10\/eventos__item-img.jpg 404w, https:\/\/www.cedpe.com\/wp-content\/uploads\/2018\/10\/eventos__item-img-300x174.jpg 300w\" sizes=\"(max-width: 404px) 100vw, 404px\" \/><\/div><div class=\"vcex-module wpex-slider slider-pro no-margin-thumbnails vcex-image-gallery-slider clr\" data-thumbnails=\"true\" data-thumbnail-height=\"auto\" data-loop=\"true\" data-auto-play-delay=\"5000\" data-buttons=\"false\" data-animation-speed=\"600\"><div class=\"wpex-slider-slides sp-slides\"><div class=\"wpex-slider-slide sp-slide\"><div class=\"wpex-slider-media\"><img width=\"404\" height=\"234\" src=\"https:\/\/www.cedpe.com\/wp-content\/uploads\/2018\/10\/eventos__item-img.jpg\" class=\"attachment-full size-full\" alt=\"\" srcset=\"https:\/\/www.cedpe.com\/wp-content\/uploads\/2018\/10\/eventos__item-img.jpg 404w, https:\/\/www.cedpe.com\/wp-content\/uploads\/2018\/10\/eventos__item-img-300x174.jpg 300w\" sizes=\"(max-width: 404px) 100vw, 404px\" \/><\/div><\/div><\/div><div class=\"wpex-slider-thumbnails sp-nc-thumbnails cols-5\"><img src=\"https:\/\/www.cedpe.com\/wp-content\/uploads\/2018\/10\/eventos__item-img.jpg\" width=\"404\" height=\"234\" class=\"wpex-slider-thumbnail sp-nc-thumbnail\" alt=\"\" data-no-retina=\"\" \/><\/div><\/div>[vc_column_text el_class=&#8221;eventos_fecha&#8221;]SET<br \/>\n<strong>02<\/strong><\/p>\n<h4><a href=\"https:\/\/www.cedpe.com\/portfolio-item\/evento-3\/\">Conversatorio XXXVII\u00a0<\/a><br \/>\nI SEMINARIO INTERNACIONAL: <strong>&#8220;LA FUNDAMENTACI\u00d3N DE LA RESPONSABILIDAD PENAL DEL COMPLIANCE OFFICER A TRAV\u00c9S DE SU ESPECIAL POSICI\u00d3N DE GARANTE. A PROP\u00d3SITO DE LA LEY QUE REGULA LA RESPONSABILIDAD ADMINISTRATIVA DE LAS PERSONAS JUR\u00cdDICAS EN EL PER\u00da&#8221;<\/strong><\/h4>\n[\/vc_column_text][vc_column_text el_class=&#8221;eventos_resumen&#8221;]<strong>Organizador(es):<\/strong><br \/>\nCEDPE<br \/>\nSoluciones Integrales para Riesgos Empresariales \u2013 AOF Consultores<br \/>\nauspiciado por la Superintendencia de Banca, Seguros y AFP, Ministerio de Energ\u00eda y Minas<br \/>\nFlorida International Bankers Association \u2013 FIBA.<\/p>\n<p><strong>Expositor(es):<\/strong><br \/>\nDino Carlos Caro Coria &#8211; CEDPE<br \/>\nDr. Percy Garc\u00eda Cavero &#8211; Estudio Loli &amp; Garc\u00eda Cavero<br \/>\nDra. Xenia Forno Castro Pozo &#8211; Estudio Rubio, Legu\u00eda, Normand<br \/>\nDr. Walter Hoflich Cueto &#8211; Oficina de las Naciones Unidas contra la Droga y el Delito para Per\u00fa y Ecuador \u2013 UNODC<br \/>\nDr. Leonardo Calder\u00f3n Valverde &#8211; Estudio Garc\u00eda Say\u00e1n Abogados<br \/>\nDr. Walter Delgado Tovar &#8211; Fiscal Provincial Especializado en Corrupci\u00f3n de Funcionarios<br \/>\nDr. Juan Pablo Rodr\u00edguez C\u00e1rdenas &#8211; Rics Management<br \/>\nLic. Leandro Garc\u00eda Raggio &#8211; Minas Buenaventura<br \/>\nLic. Daniel Linares Ruesta &#8211; Unidad de Inteligencia Financiera de la Superintendencia de Banca, Seguros y AFP<br \/>\nDr. C\u00e9sar San Mart\u00edn Castro &#8211; Vocal de la Sala Penal Transitoria Corte Suprema de Justicia de la Rep\u00fablica<br \/>\nIng. Edgardo Alva Baz\u00e1n &#8211; Ministerio de Energ\u00eda y Minas<br \/>\nDr. Mariano Castro S\u00e1nchez\u2013Moreno &#8211; Ministerio del Ambiente<br \/>\nLic. Alejandro Montes de Oca &#8211; Consultor Internacional (Uruguay)<br \/>\nIng. Alfredo Dammert Lira &#8211; Pontifica Universidad Cat\u00f3lica del Per\u00fa<br \/>\nDr. David Sifuentes Mendoza &#8211; Unidad de Inteligencia Financiera de la Superintendencia de Banca, Seguros y AFP<br \/>\nDr. Luis Felipe Harman Vargas &#8211; Vicepresidencia Legal y de Cumplimiento de Compa\u00f1\u00eda Minera Antamina SA.<br \/>\nDr. Dany Baca &#8211; Gerente Advisory Services Ernst &amp; Young<br \/>\nDr. Rafael Huam\u00e1n &#8211; Socio Ernst &amp; Young<br \/>\nLic. Rosa Borjas &#8211; Consultor Independiente<br \/>\nDra. Mar\u00eda Fernanda Garc\u00eda\u2013Irigoyen Ma\u00fartua &#8211; Unidad de Inteligencia Financiera de la Superintendencia de Banca, Seguros y AFP<br \/>\nDr. Hans A. Flury Royle &#8211; outhern Per\u00fa Cooper Corporation<br \/>\nDr. Eduardo Casta\u00f1eda Garay &#8211; Fiscal Provincial Especializado en Crimen Organizado<br \/>\nLic. Luddy Roa &#8211; Especialista de la Interpol de Colombia<\/p>\n<p><strong>Lugar y Fecha:<\/strong>\u00a0C\u00e1mara de Comercio de Lima, 02 de setiembre de 2014[\/vc_column_text][\/vc_column_inner][vc_column_inner width=&#8221;1\/2&#8243;]<div class=\"wpex-slider-preloaderimg \"><img width=\"404\" height=\"234\" src=\"https:\/\/www.cedpe.com\/wp-content\/uploads\/2018\/10\/eventos__item-img.jpg\" class=\"attachment-full size-full\" alt=\"\" srcset=\"https:\/\/www.cedpe.com\/wp-content\/uploads\/2018\/10\/eventos__item-img.jpg 404w, https:\/\/www.cedpe.com\/wp-content\/uploads\/2018\/10\/eventos__item-img-300x174.jpg 300w\" sizes=\"(max-width: 404px) 100vw, 404px\" \/><\/div><div class=\"vcex-module wpex-slider slider-pro no-margin-thumbnails vcex-image-gallery-slider clr\" data-thumbnails=\"true\" data-thumbnail-height=\"auto\" data-loop=\"true\" data-auto-play-delay=\"5000\" data-buttons=\"false\" data-animation-speed=\"600\"><div class=\"wpex-slider-slides sp-slides\"><div class=\"wpex-slider-slide sp-slide\"><div class=\"wpex-slider-media\"><img width=\"404\" height=\"234\" src=\"https:\/\/www.cedpe.com\/wp-content\/uploads\/2018\/10\/eventos__item-img.jpg\" class=\"attachment-full size-full\" alt=\"\" srcset=\"https:\/\/www.cedpe.com\/wp-content\/uploads\/2018\/10\/eventos__item-img.jpg 404w, https:\/\/www.cedpe.com\/wp-content\/uploads\/2018\/10\/eventos__item-img-300x174.jpg 300w\" sizes=\"(max-width: 404px) 100vw, 404px\" \/><\/div><\/div><\/div><div class=\"wpex-slider-thumbnails sp-nc-thumbnails cols-5\"><img src=\"https:\/\/www.cedpe.com\/wp-content\/uploads\/2018\/10\/eventos__item-img.jpg\" width=\"404\" height=\"234\" class=\"wpex-slider-thumbnail sp-nc-thumbnail\" alt=\"\" data-no-retina=\"\" \/><\/div><\/div>[vc_column_text el_class=&#8221;eventos_fecha&#8221;]JUL<br \/>\n<strong>22\u00a0<\/strong><\/p>\n<h4><a href=\"https:\/\/www.cedpe.com\/portfolio-item\/evento-4\/\">Conversatorio XXXVI<\/a><br \/>\nCONVERSATORIO CERRADO: <strong>&#8220;LA FUNDAMENTACI\u00d3N DE LA RESPONSABILIDAD PENAL DEL COMPLIANCE OFFICER A TRAV\u00c9S DE SU ESPECIAL POSICI\u00d3N DE GARANTE. A PROP\u00d3SITO DE LA LEY QUE REGULA LA RESPONSABILIDAD ADMINISTRATIVA DE LAS PERSONAS JUR\u00cdDICAS EN EL PER\u00da&#8221;<\/strong><\/h4>\n[\/vc_column_text][vc_column_text el_class=&#8221;eventos_resumen&#8221;]<strong>Organizador(es):<\/strong><br \/>\nCEDPE<\/p>\n<p><strong>Expositor(es):<\/strong><br \/>\nDino Carlos Caro Coria &#8211; CEDPE<br \/>\nDra. Roc\u00edo del Pilar Salcedo Machado &#8211; CEDPE<br \/>\nIng. Juan Carlos Medina Carruitero &#8211; Gerente de Divisi\u00f3n de Cumplimiento en Banco Financiero del Per\u00fa<\/p>\n<p><strong>Lugar y Fecha:<\/strong>\u00a0Swiss\u00f4tel Lima, 22 de julio de 2014[\/vc_column_text][\/vc_column_inner][\/vc_row_inner][vc_row_inner el_class=&#8221;eventos__row-items&#8221;][vc_column_inner width=&#8221;1\/2&#8243;]<div class=\"wpex-slider-preloaderimg \"><img width=\"404\" height=\"234\" src=\"https:\/\/www.cedpe.com\/wp-content\/uploads\/2018\/10\/eventos__item-img.jpg\" class=\"attachment-full size-full\" alt=\"\" srcset=\"https:\/\/www.cedpe.com\/wp-content\/uploads\/2018\/10\/eventos__item-img.jpg 404w, https:\/\/www.cedpe.com\/wp-content\/uploads\/2018\/10\/eventos__item-img-300x174.jpg 300w\" sizes=\"(max-width: 404px) 100vw, 404px\" \/><\/div><div class=\"vcex-module wpex-slider slider-pro no-margin-thumbnails vcex-image-gallery-slider clr\" data-thumbnails=\"true\" data-thumbnail-height=\"auto\" data-loop=\"true\" data-auto-play-delay=\"5000\" data-buttons=\"false\" data-animation-speed=\"600\"><div class=\"wpex-slider-slides sp-slides\"><div class=\"wpex-slider-slide sp-slide\"><div class=\"wpex-slider-media\"><img width=\"404\" height=\"234\" src=\"https:\/\/www.cedpe.com\/wp-content\/uploads\/2018\/10\/eventos__item-img.jpg\" class=\"attachment-full size-full\" alt=\"\" srcset=\"https:\/\/www.cedpe.com\/wp-content\/uploads\/2018\/10\/eventos__item-img.jpg 404w, https:\/\/www.cedpe.com\/wp-content\/uploads\/2018\/10\/eventos__item-img-300x174.jpg 300w\" sizes=\"(max-width: 404px) 100vw, 404px\" \/><\/div><\/div><\/div><div class=\"wpex-slider-thumbnails sp-nc-thumbnails cols-5\"><img src=\"https:\/\/www.cedpe.com\/wp-content\/uploads\/2018\/10\/eventos__item-img.jpg\" width=\"404\" height=\"234\" class=\"wpex-slider-thumbnail sp-nc-thumbnail\" alt=\"\" data-no-retina=\"\" \/><\/div><\/div>[vc_column_text el_class=&#8221;eventos_fecha&#8221;]JUL<br \/>\n<strong>11<\/strong><\/p>\n<h4><a href=\"https:\/\/www.cedpe.com\/portfolio-item\/evento-3\/\">Conversatorio XXXVII<\/a><br \/>\nCONVERSATORIO CERRADO: <strong>&#8220;LA FUNDAMENTACI\u00d3N DE LA RESPONSABILIDAD PENAL DEL COMPLIANCE OFFICER A TRAV\u00c9S DE SU ESPECIAL POSICI\u00d3N DE GARANTE. A PROP\u00d3SITO DE LA LEY QUE REGULA LA RESPONSABILIDAD ADMINISTRATIVA DE LAS PERSONAS JUR\u00cdDICAS EN EL PER\u00da&#8221;<\/strong><\/h4>\n[\/vc_column_text][vc_column_text el_class=&#8221;eventos_resumen&#8221;]<strong>Organizador(es):<\/strong><br \/>\nCEDPE<\/p>\n<p><strong>Expositor(es):<\/strong><br \/>\nDr. Carlos Shikara V\u00e1squez Shimajuko &#8211; CEDPE<\/p>\n<p><strong>Lugar y Fecha:<\/strong>\u00a0Estudio Caro &amp; Asociados, 11 de julio de 2014[\/vc_column_text][\/vc_column_inner][vc_column_inner width=&#8221;1\/2&#8243;]<div class=\"wpex-slider-preloaderimg \"><img width=\"404\" height=\"234\" src=\"https:\/\/www.cedpe.com\/wp-content\/uploads\/2018\/10\/eventos__item-img.jpg\" class=\"attachment-full size-full\" alt=\"\" srcset=\"https:\/\/www.cedpe.com\/wp-content\/uploads\/2018\/10\/eventos__item-img.jpg 404w, https:\/\/www.cedpe.com\/wp-content\/uploads\/2018\/10\/eventos__item-img-300x174.jpg 300w\" sizes=\"(max-width: 404px) 100vw, 404px\" \/><\/div><div class=\"vcex-module wpex-slider slider-pro no-margin-thumbnails vcex-image-gallery-slider clr\" data-thumbnails=\"true\" data-thumbnail-height=\"auto\" data-loop=\"true\" data-auto-play-delay=\"5000\" data-buttons=\"false\" data-animation-speed=\"600\"><div class=\"wpex-slider-slides sp-slides\"><div class=\"wpex-slider-slide sp-slide\"><div class=\"wpex-slider-media\"><img width=\"404\" height=\"234\" src=\"https:\/\/www.cedpe.com\/wp-content\/uploads\/2018\/10\/eventos__item-img.jpg\" class=\"attachment-full size-full\" alt=\"\" srcset=\"https:\/\/www.cedpe.com\/wp-content\/uploads\/2018\/10\/eventos__item-img.jpg 404w, https:\/\/www.cedpe.com\/wp-content\/uploads\/2018\/10\/eventos__item-img-300x174.jpg 300w\" sizes=\"(max-width: 404px) 100vw, 404px\" \/><\/div><\/div><\/div><div class=\"wpex-slider-thumbnails sp-nc-thumbnails cols-5\"><img src=\"https:\/\/www.cedpe.com\/wp-content\/uploads\/2018\/10\/eventos__item-img.jpg\" width=\"404\" height=\"234\" class=\"wpex-slider-thumbnail sp-nc-thumbnail\" alt=\"\" data-no-retina=\"\" \/><\/div><\/div>[vc_column_text el_class=&#8221;eventos_fecha&#8221;]JUN<br \/>\n<strong>24\u00a0<\/strong><\/p>\n<h4><a href=\"https:\/\/www.cedpe.com\/portfolio-item\/evento-4\/\">Conversatorio XXXVI<\/a><br \/>\nCONVERSATORIO: <strong>&#8220;LA FUNDAMENTACI\u00d3N DE LA RESPONSABILIDAD PENAL DEL COMPLIANCE OFFICER A TRAV\u00c9S DE SU ESPECIAL POSICI\u00d3N DE GARANTE. A PROP\u00d3SITO DE LA LEY QUE REGULA LA RESPONSABILIDAD ADMINISTRATIVA DE LAS PERSONAS JUR\u00cdDICAS EN EL PER\u00da&#8221;<\/strong><\/h4>\n[\/vc_column_text][vc_column_text el_class=&#8221;eventos_resumen&#8221;]<strong>Organizador(es):<\/strong><br \/>\nCEDPE<\/p>\n<p><strong>Expositor(es):<\/strong><br \/>\nDr. Miguel Polaino Navarrete\u00a0&#8211; Universidad de Sevilla (Espa\u00f1a)<br \/>\nDr. Miguel Polaino-Orts &#8211; Universidad de Sevilla (Espa\u00f1a)<br \/>\nDr. Alonso Castro Cuadrividio &#8211; Universidad de Sevilla (Espa\u00f1a)<br \/>\nDra. Myriam Herrera Moreno &#8211; Universidad de Sevilla (Espa\u00f1a)<\/p>\n<p><strong>Lugar y Fecha:<\/strong>\u00a0Country Club Lima Hotel, 24 de junio de 2014[\/vc_column_text][\/vc_column_inner][\/vc_row_inner][vc_row_inner el_class=&#8221;eventos__row-items&#8221;][vc_column_inner width=&#8221;1\/2&#8243;]<div class=\"wpex-slider-preloaderimg \"><img width=\"404\" height=\"234\" src=\"https:\/\/www.cedpe.com\/wp-content\/uploads\/2018\/10\/eventos__item-img.jpg\" class=\"attachment-full size-full\" alt=\"\" srcset=\"https:\/\/www.cedpe.com\/wp-content\/uploads\/2018\/10\/eventos__item-img.jpg 404w, https:\/\/www.cedpe.com\/wp-content\/uploads\/2018\/10\/eventos__item-img-300x174.jpg 300w\" sizes=\"(max-width: 404px) 100vw, 404px\" \/><\/div><div class=\"vcex-module wpex-slider slider-pro no-margin-thumbnails vcex-image-gallery-slider clr\" data-thumbnails=\"true\" data-thumbnail-height=\"auto\" data-loop=\"true\" data-auto-play-delay=\"5000\" data-buttons=\"false\" data-animation-speed=\"600\"><div class=\"wpex-slider-slides sp-slides\"><div class=\"wpex-slider-slide sp-slide\"><div class=\"wpex-slider-media\"><img width=\"404\" height=\"234\" src=\"https:\/\/www.cedpe.com\/wp-content\/uploads\/2018\/10\/eventos__item-img.jpg\" class=\"attachment-full size-full\" alt=\"\" srcset=\"https:\/\/www.cedpe.com\/wp-content\/uploads\/2018\/10\/eventos__item-img.jpg 404w, https:\/\/www.cedpe.com\/wp-content\/uploads\/2018\/10\/eventos__item-img-300x174.jpg 300w\" sizes=\"(max-width: 404px) 100vw, 404px\" \/><\/div><\/div><\/div><div class=\"wpex-slider-thumbnails sp-nc-thumbnails cols-5\"><img src=\"https:\/\/www.cedpe.com\/wp-content\/uploads\/2018\/10\/eventos__item-img.jpg\" width=\"404\" height=\"234\" class=\"wpex-slider-thumbnail sp-nc-thumbnail\" alt=\"\" data-no-retina=\"\" \/><\/div><\/div>[vc_column_text el_class=&#8221;eventos_fecha&#8221;]MAR<br \/>\n<strong>10<\/strong><\/p>\n<h4><a href=\"https:\/\/www.cedpe.com\/portfolio-item\/evento-3\/\">Conversatorio XXXVII<\/a><br \/>\nCONVERSATORIO CERRADO: <strong>&#8220;LA FUNDAMENTACI\u00d3N DE LA RESPONSABILIDAD PENAL DEL COMPLIANCE OFFICER A TRAV\u00c9S DE SU ESPECIAL POSICI\u00d3N DE GARANTE. A PROP\u00d3SITO DE LA LEY QUE REGULA LA RESPONSABILIDAD ADMINISTRATIVA DE LAS PERSONAS JUR\u00cdDICAS EN EL PER\u00da&#8221;<\/strong><\/h4>\n[\/vc_column_text][vc_column_text el_class=&#8221;eventos_resumen&#8221;]<strong>Organizador(es):<\/strong><br \/>\nCEDPE<\/p>\n<p><strong>Expositor(es):<\/strong><br \/>\nDr. Carlos Ar\u00e1nguez S\u00e1nchez &#8211; Universidad de Granada (Espa\u00f1a)<\/p>\n<p><strong>Lugar y Fecha:<\/strong>\u00a0Estudio Caro &amp; Asociados, 10 de marzo de 2014[\/vc_column_text][\/vc_column_inner][\/vc_row_inner][\/vc_tta_section][vc_tta_section title=&#8221;2013&#8243; tab_id=&#8221;2013&#8243; el_class=&#8221;eventos_tab-title&#8221;]<div class=\"vcex-spacing\" style=\"height:35px\"><\/div>[vc_row_inner el_class=&#8221;eventos__row-items&#8221;][vc_column_inner width=&#8221;1\/2&#8243;]<div class=\"wpex-slider-preloaderimg \"><img width=\"404\" height=\"234\" src=\"https:\/\/www.cedpe.com\/wp-content\/uploads\/2018\/10\/eventos__item-img.jpg\" class=\"attachment-full size-full\" alt=\"\" srcset=\"https:\/\/www.cedpe.com\/wp-content\/uploads\/2018\/10\/eventos__item-img.jpg 404w, https:\/\/www.cedpe.com\/wp-content\/uploads\/2018\/10\/eventos__item-img-300x174.jpg 300w\" sizes=\"(max-width: 404px) 100vw, 404px\" \/><\/div><div class=\"vcex-module wpex-slider slider-pro no-margin-thumbnails vcex-image-gallery-slider clr\" data-thumbnails=\"true\" data-thumbnail-height=\"auto\" data-loop=\"true\" data-auto-play-delay=\"5000\" data-buttons=\"false\" data-animation-speed=\"600\"><div class=\"wpex-slider-slides sp-slides\"><div class=\"wpex-slider-slide sp-slide\"><div class=\"wpex-slider-media\"><img width=\"404\" height=\"234\" src=\"https:\/\/www.cedpe.com\/wp-content\/uploads\/2018\/10\/eventos__item-img.jpg\" class=\"attachment-full size-full\" alt=\"\" srcset=\"https:\/\/www.cedpe.com\/wp-content\/uploads\/2018\/10\/eventos__item-img.jpg 404w, https:\/\/www.cedpe.com\/wp-content\/uploads\/2018\/10\/eventos__item-img-300x174.jpg 300w\" sizes=\"(max-width: 404px) 100vw, 404px\" \/><\/div><\/div><\/div><div class=\"wpex-slider-thumbnails sp-nc-thumbnails cols-5\"><img src=\"https:\/\/www.cedpe.com\/wp-content\/uploads\/2018\/10\/eventos__item-img.jpg\" width=\"404\" height=\"234\" class=\"wpex-slider-thumbnail sp-nc-thumbnail\" alt=\"\" data-no-retina=\"\" \/><\/div><\/div>[vc_column_text el_class=&#8221;eventos_fecha&#8221;]DIC<br \/>\n<strong>04<\/strong><\/p>\n<h4><a href=\"https:\/\/www.cedpe.com\/portfolio-item\/evento-1\/\">Conversatorio XL<\/a><br \/>\nCONVERSATORIO CERRADO: <strong>&#8220;LA FUNDAMENTACI\u00d3N DE LA RESPONSABILIDAD PENAL DEL COMPLIANCE OFFICER A TRAV\u00c9S DE SU ESPECIAL POSICI\u00d3N DE GARANTE. A PROP\u00d3SITO DE LA LEY QUE REGULA LA RESPONSABILIDAD ADMINISTRATIVA DE LAS PERSONAS JUR\u00cdDICAS EN EL PER\u00da&#8221;<\/strong><\/h4>\n[\/vc_column_text][vc_column_text el_class=&#8221;eventos_resumen&#8221;]<strong>Organizador(es):<\/strong><br \/>\nCEDPE<br \/>\nCorte Superior de Justicia de Pasco<\/p>\n<p><strong>Expositor(es):<\/strong><br \/>\nDino Carlos Caro Coria &#8211; CEDPE<br \/>\nDr. H\u00e9ctor Hern\u00e1ndez Basualdo &#8211; Universidad Diego Portales (Chile)<br \/>\nDr. Julio Guzm\u00e1n Mendoza &#8211; Procurador\u00eda P\u00fablica del Medio Ambiente<\/p>\n<p><strong>Lugar y Fecha:<\/strong>\u00a0Sal\u00f3n Imperial del Country Club Lima Hotel, 04 de diciembre de 2013[\/vc_column_text][\/vc_column_inner][vc_column_inner width=&#8221;1\/2&#8243;]<div class=\"wpex-slider-preloaderimg \"><img width=\"404\" height=\"234\" src=\"https:\/\/www.cedpe.com\/wp-content\/uploads\/2018\/10\/eventos__item-img.jpg\" class=\"attachment-full size-full\" alt=\"\" srcset=\"https:\/\/www.cedpe.com\/wp-content\/uploads\/2018\/10\/eventos__item-img.jpg 404w, https:\/\/www.cedpe.com\/wp-content\/uploads\/2018\/10\/eventos__item-img-300x174.jpg 300w\" sizes=\"(max-width: 404px) 100vw, 404px\" \/><\/div><div class=\"vcex-module wpex-slider slider-pro no-margin-thumbnails vcex-image-gallery-slider clr\" data-thumbnails=\"true\" data-thumbnail-height=\"auto\" data-loop=\"true\" data-auto-play-delay=\"5000\" data-buttons=\"false\" data-animation-speed=\"600\"><div class=\"wpex-slider-slides sp-slides\"><div class=\"wpex-slider-slide sp-slide\"><div class=\"wpex-slider-media\"><img width=\"404\" height=\"234\" src=\"https:\/\/www.cedpe.com\/wp-content\/uploads\/2018\/10\/eventos__item-img.jpg\" class=\"attachment-full size-full\" alt=\"\" srcset=\"https:\/\/www.cedpe.com\/wp-content\/uploads\/2018\/10\/eventos__item-img.jpg 404w, https:\/\/www.cedpe.com\/wp-content\/uploads\/2018\/10\/eventos__item-img-300x174.jpg 300w\" sizes=\"(max-width: 404px) 100vw, 404px\" \/><\/div><\/div><\/div><div class=\"wpex-slider-thumbnails sp-nc-thumbnails cols-5\"><img src=\"https:\/\/www.cedpe.com\/wp-content\/uploads\/2018\/10\/eventos__item-img.jpg\" width=\"404\" height=\"234\" class=\"wpex-slider-thumbnail sp-nc-thumbnail\" alt=\"\" data-no-retina=\"\" \/><\/div><\/div>[vc_column_text el_class=&#8221;eventos_fecha&#8221;]NOV<br \/>\n<strong>28<\/strong><\/p>\n<h4><a href=\"https:\/\/www.cedpe.com\/portfolio-item\/evento-2\/\">Conversatorio XXXIX<\/a><br \/>\nCONVERSATORIO CERRADO: <strong>&#8220;LA FUNDAMENTACI\u00d3N DE LA RESPONSABILIDAD PENAL DEL COMPLIANCE OFFICER A TRAV\u00c9S DE SU ESPECIAL POSICI\u00d3N DE GARANTE. A PROP\u00d3SITO DE LA LEY QUE REGULA LA RESPONSABILIDAD ADMINISTRATIVA DE LAS PERSONAS JUR\u00cdDICAS EN EL PER\u00da&#8221;<\/strong><\/h4>\n[\/vc_column_text][vc_column_text el_class=&#8221;eventos_resumen&#8221;]<strong>Organizador(es):<\/strong><br \/>\nCEDPE<br \/>\nCorte Superior de Justicia de Pasco<\/p>\n<p><strong>Expositor(es):<\/strong><br \/>\nLuis Fernando Iberico Caste\u00f1eda &#8211; CEDPE<\/p>\n<p><strong>Lugar y Fecha:<\/strong>\u00a0Auditorio de la Corte Superior de Justicia de Pasco, 28 de noviembre de 2013[\/vc_column_text][\/vc_column_inner][\/vc_row_inner][vc_row_inner el_class=&#8221;eventos__row-items&#8221;][vc_column_inner width=&#8221;1\/2&#8243;]<div class=\"wpex-slider-preloaderimg \"><img width=\"404\" height=\"234\" src=\"https:\/\/www.cedpe.com\/wp-content\/uploads\/2018\/10\/eventos__item-img.jpg\" class=\"attachment-full size-full\" alt=\"\" srcset=\"https:\/\/www.cedpe.com\/wp-content\/uploads\/2018\/10\/eventos__item-img.jpg 404w, https:\/\/www.cedpe.com\/wp-content\/uploads\/2018\/10\/eventos__item-img-300x174.jpg 300w\" sizes=\"(max-width: 404px) 100vw, 404px\" \/><\/div><div class=\"vcex-module wpex-slider slider-pro no-margin-thumbnails vcex-image-gallery-slider clr\" data-thumbnails=\"true\" data-thumbnail-height=\"auto\" data-loop=\"true\" data-auto-play-delay=\"5000\" data-buttons=\"false\" data-animation-speed=\"600\"><div class=\"wpex-slider-slides sp-slides\"><div class=\"wpex-slider-slide sp-slide\"><div class=\"wpex-slider-media\"><img width=\"404\" height=\"234\" src=\"https:\/\/www.cedpe.com\/wp-content\/uploads\/2018\/10\/eventos__item-img.jpg\" class=\"attachment-full size-full\" alt=\"\" srcset=\"https:\/\/www.cedpe.com\/wp-content\/uploads\/2018\/10\/eventos__item-img.jpg 404w, https:\/\/www.cedpe.com\/wp-content\/uploads\/2018\/10\/eventos__item-img-300x174.jpg 300w\" sizes=\"(max-width: 404px) 100vw, 404px\" \/><\/div><\/div><\/div><div class=\"wpex-slider-thumbnails sp-nc-thumbnails cols-5\"><img src=\"https:\/\/www.cedpe.com\/wp-content\/uploads\/2018\/10\/eventos__item-img.jpg\" width=\"404\" height=\"234\" class=\"wpex-slider-thumbnail sp-nc-thumbnail\" alt=\"\" data-no-retina=\"\" \/><\/div><\/div>[vc_column_text el_class=&#8221;eventos_fecha&#8221;]NOV<br \/>\n<strong>19<\/strong><\/p>\n<h4><a href=\"https:\/\/www.cedpe.com\/portfolio-item\/evento-3\/\">Conversatorio XXXVII<\/a><br \/>\nCONVERSATORIO CERRADO: <strong>&#8220;LA FUNDAMENTACI\u00d3N DE LA RESPONSABILIDAD PENAL DEL COMPLIANCE OFFICER A TRAV\u00c9S DE SU ESPECIAL POSICI\u00d3N DE GARANTE. A PROP\u00d3SITO DE LA LEY QUE REGULA LA RESPONSABILIDAD ADMINISTRATIVA DE LAS PERSONAS JUR\u00cdDICAS EN EL PER\u00da&#8221;<\/strong><\/h4>\n[\/vc_column_text][vc_column_text el_class=&#8221;eventos_resumen&#8221;]<strong>Organizador(es):<\/strong><br \/>\nCEDPE<\/p>\n<p><strong>Expositor(es):<\/strong><br \/>\nDr. Jos\u00e9 Luis Gonz\u00e1lez Cussac &#8211; Universidad Jaume I (Espa\u00f1a)<br \/>\nDr. Miguel \u00c1ngel N\u00fa\u00f1ez Paz &#8211; Universidad de Huelva (Espa\u00f1a)<\/p>\n<p><strong>Lugar y Fecha:<\/strong>\u00a0Estudio Caro &amp; Asociados, 19 de noviembre de 2013[\/vc_column_text][\/vc_column_inner][vc_column_inner width=&#8221;1\/2&#8243;]<div class=\"wpex-slider-preloaderimg \"><img width=\"404\" height=\"234\" src=\"https:\/\/www.cedpe.com\/wp-content\/uploads\/2018\/10\/eventos__item-img.jpg\" class=\"attachment-full size-full\" alt=\"\" srcset=\"https:\/\/www.cedpe.com\/wp-content\/uploads\/2018\/10\/eventos__item-img.jpg 404w, https:\/\/www.cedpe.com\/wp-content\/uploads\/2018\/10\/eventos__item-img-300x174.jpg 300w\" sizes=\"(max-width: 404px) 100vw, 404px\" \/><\/div><div class=\"vcex-module wpex-slider slider-pro no-margin-thumbnails vcex-image-gallery-slider clr\" data-thumbnails=\"true\" data-thumbnail-height=\"auto\" data-loop=\"true\" data-auto-play-delay=\"5000\" data-buttons=\"false\" data-animation-speed=\"600\"><div class=\"wpex-slider-slides sp-slides\"><div class=\"wpex-slider-slide sp-slide\"><div class=\"wpex-slider-media\"><img width=\"404\" height=\"234\" src=\"https:\/\/www.cedpe.com\/wp-content\/uploads\/2018\/10\/eventos__item-img.jpg\" class=\"attachment-full size-full\" alt=\"\" srcset=\"https:\/\/www.cedpe.com\/wp-content\/uploads\/2018\/10\/eventos__item-img.jpg 404w, https:\/\/www.cedpe.com\/wp-content\/uploads\/2018\/10\/eventos__item-img-300x174.jpg 300w\" sizes=\"(max-width: 404px) 100vw, 404px\" \/><\/div><\/div><\/div><div class=\"wpex-slider-thumbnails sp-nc-thumbnails cols-5\"><img src=\"https:\/\/www.cedpe.com\/wp-content\/uploads\/2018\/10\/eventos__item-img.jpg\" width=\"404\" height=\"234\" class=\"wpex-slider-thumbnail sp-nc-thumbnail\" alt=\"\" data-no-retina=\"\" \/><\/div><\/div>[vc_column_text el_class=&#8221;eventos_fecha&#8221;]NOV<br \/>\n<strong>10\u00a0<\/strong><\/p>\n<h4><a href=\"https:\/\/www.cedpe.com\/portfolio-item\/evento-4\/\">Conversatorio XXXVI<\/a><br \/>\nCONVERSATORIO LIBRE: <strong>&#8220;LA FUNDAMENTACI\u00d3N DE LA RESPONSABILIDAD PENAL DEL COMPLIANCE OFFICER A TRAV\u00c9S DE SU ESPECIAL POSICI\u00d3N DE GARANTE. A PROP\u00d3SITO DE LA LEY QUE REGULA LA RESPONSABILIDAD ADMINISTRATIVA DE LAS PERSONAS JUR\u00cdDICAS EN EL PER\u00da&#8221;<\/strong><\/h4>\n[\/vc_column_text][vc_column_text el_class=&#8221;eventos_resumen&#8221;]<strong>Organizador(es):<\/strong><br \/>\nCEDPE<\/p>\n<p><strong>Expositor(es):<\/strong><br \/>\nDr. Hc. Mult. Claus Roxin &#8211; Ludwig Maximilians Universit\u00e4t (Alemania)<br \/>\nDr. Miguel Polaino-Orts &#8211; Universidad de Sevilla (Espa\u00f1a)<\/p>\n<p><strong>Lugar y Fecha:<\/strong>\u00a0LM Hotel de Miraflores, 10 de noviembre de 2013[\/vc_column_text][\/vc_column_inner][\/vc_row_inner][vc_row_inner el_class=&#8221;eventos__row-items&#8221;][vc_column_inner width=&#8221;1\/2&#8243;]<div class=\"wpex-slider-preloaderimg \"><img width=\"404\" height=\"234\" src=\"https:\/\/www.cedpe.com\/wp-content\/uploads\/2018\/10\/eventos__item-img.jpg\" class=\"attachment-full size-full\" alt=\"\" srcset=\"https:\/\/www.cedpe.com\/wp-content\/uploads\/2018\/10\/eventos__item-img.jpg 404w, https:\/\/www.cedpe.com\/wp-content\/uploads\/2018\/10\/eventos__item-img-300x174.jpg 300w\" sizes=\"(max-width: 404px) 100vw, 404px\" \/><\/div><div class=\"vcex-module wpex-slider slider-pro no-margin-thumbnails vcex-image-gallery-slider clr\" data-thumbnails=\"true\" data-thumbnail-height=\"auto\" data-loop=\"true\" data-auto-play-delay=\"5000\" data-buttons=\"false\" data-animation-speed=\"600\"><div class=\"wpex-slider-slides sp-slides\"><div class=\"wpex-slider-slide sp-slide\"><div class=\"wpex-slider-media\"><img width=\"404\" height=\"234\" src=\"https:\/\/www.cedpe.com\/wp-content\/uploads\/2018\/10\/eventos__item-img.jpg\" class=\"attachment-full size-full\" alt=\"\" srcset=\"https:\/\/www.cedpe.com\/wp-content\/uploads\/2018\/10\/eventos__item-img.jpg 404w, https:\/\/www.cedpe.com\/wp-content\/uploads\/2018\/10\/eventos__item-img-300x174.jpg 300w\" sizes=\"(max-width: 404px) 100vw, 404px\" \/><\/div><\/div><\/div><div class=\"wpex-slider-thumbnails sp-nc-thumbnails cols-5\"><img src=\"https:\/\/www.cedpe.com\/wp-content\/uploads\/2018\/10\/eventos__item-img.jpg\" width=\"404\" height=\"234\" class=\"wpex-slider-thumbnail sp-nc-thumbnail\" alt=\"\" data-no-retina=\"\" \/><\/div><\/div>[vc_column_text el_class=&#8221;eventos_fecha&#8221;]NOV<br \/>\n<strong>04<\/strong><\/p>\n<h4><a href=\"https:\/\/www.cedpe.com\/portfolio-item\/evento-3\/\">Conversatorio XXXVII\u00a0<\/a><br \/>\nCONVERSATORIO: <strong>&#8220;LA FUNDAMENTACI\u00d3N DE LA RESPONSABILIDAD PENAL DEL COMPLIANCE OFFICER A TRAV\u00c9S DE SU ESPECIAL POSICI\u00d3N DE GARANTE. A PROP\u00d3SITO DE LA LEY QUE REGULA LA RESPONSABILIDAD ADMINISTRATIVA DE LAS PERSONAS JUR\u00cdDICAS EN EL PER\u00da&#8221;<\/strong><\/h4>\n[\/vc_column_text][vc_column_text el_class=&#8221;eventos_resumen&#8221;]<strong>Organizador(es):<\/strong><br \/>\nCEDPE<\/p>\n<p><strong>Expositor(es):<\/strong><br \/>\nDr. Manuel Cancio Meli\u00e1 &#8211; Universidad Complutense de Madrid (Espa\u00f1a)<\/p>\n<p><strong>Lugar y Fecha:<\/strong>\u00a0Estudio Caro &amp; Asociados, 04 de noviembre de 2013[\/vc_column_text][\/vc_column_inner][vc_column_inner width=&#8221;1\/2&#8243;]<div class=\"wpex-slider-preloaderimg \"><img width=\"404\" height=\"234\" src=\"https:\/\/www.cedpe.com\/wp-content\/uploads\/2018\/10\/eventos__item-img.jpg\" class=\"attachment-full size-full\" alt=\"\" srcset=\"https:\/\/www.cedpe.com\/wp-content\/uploads\/2018\/10\/eventos__item-img.jpg 404w, https:\/\/www.cedpe.com\/wp-content\/uploads\/2018\/10\/eventos__item-img-300x174.jpg 300w\" sizes=\"(max-width: 404px) 100vw, 404px\" \/><\/div><div class=\"vcex-module wpex-slider slider-pro no-margin-thumbnails vcex-image-gallery-slider clr\" data-thumbnails=\"true\" data-thumbnail-height=\"auto\" data-loop=\"true\" data-auto-play-delay=\"5000\" data-buttons=\"false\" data-animation-speed=\"600\"><div class=\"wpex-slider-slides sp-slides\"><div class=\"wpex-slider-slide sp-slide\"><div class=\"wpex-slider-media\"><img width=\"404\" height=\"234\" src=\"https:\/\/www.cedpe.com\/wp-content\/uploads\/2018\/10\/eventos__item-img.jpg\" class=\"attachment-full size-full\" alt=\"\" srcset=\"https:\/\/www.cedpe.com\/wp-content\/uploads\/2018\/10\/eventos__item-img.jpg 404w, https:\/\/www.cedpe.com\/wp-content\/uploads\/2018\/10\/eventos__item-img-300x174.jpg 300w\" sizes=\"(max-width: 404px) 100vw, 404px\" \/><\/div><\/div><\/div><div class=\"wpex-slider-thumbnails sp-nc-thumbnails cols-5\"><img src=\"https:\/\/www.cedpe.com\/wp-content\/uploads\/2018\/10\/eventos__item-img.jpg\" width=\"404\" height=\"234\" class=\"wpex-slider-thumbnail sp-nc-thumbnail\" alt=\"\" data-no-retina=\"\" \/><\/div><\/div>[vc_column_text el_class=&#8221;eventos_fecha&#8221;]OCT<br \/>\n<strong>29\u00a0<\/strong><\/p>\n<h4><a href=\"https:\/\/www.cedpe.com\/portfolio-item\/evento-4\/\">Conversatorio XXXVI<\/a><br \/>\nTALLER: <strong>&#8220;LA FUNDAMENTACI\u00d3N DE LA RESPONSABILIDAD PENAL DEL COMPLIANCE OFFICER A TRAV\u00c9S DE SU ESPECIAL POSICI\u00d3N DE GARANTE. A PROP\u00d3SITO DE LA LEY QUE REGULA LA RESPONSABILIDAD ADMINISTRATIVA DE LAS PERSONAS JUR\u00cdDICAS EN EL PER\u00da&#8221;<\/strong><\/h4>\n[\/vc_column_text][vc_column_text el_class=&#8221;eventos_resumen&#8221;]<strong>Organizador(es):<\/strong><br \/>\nCEDPE<\/p>\n<p><strong>Expositor(es):<\/strong><br \/>\nDino Carlos Caro Coria &#8211; CEDPE<\/p>\n<p><strong>Lugar y Fecha:<\/strong>\u00a0Komatsu\u2013Mitsui Maquinarias del Per\u00fa, 29 de octubre de 2013[\/vc_column_text][\/vc_column_inner][\/vc_row_inner][vc_row_inner el_class=&#8221;eventos__row-items&#8221;][vc_column_inner width=&#8221;1\/2&#8243;]<div class=\"wpex-slider-preloaderimg \"><img width=\"404\" height=\"234\" src=\"https:\/\/www.cedpe.com\/wp-content\/uploads\/2018\/10\/eventos__item-img.jpg\" class=\"attachment-full size-full\" alt=\"\" srcset=\"https:\/\/www.cedpe.com\/wp-content\/uploads\/2018\/10\/eventos__item-img.jpg 404w, https:\/\/www.cedpe.com\/wp-content\/uploads\/2018\/10\/eventos__item-img-300x174.jpg 300w\" sizes=\"(max-width: 404px) 100vw, 404px\" \/><\/div><div class=\"vcex-module wpex-slider slider-pro no-margin-thumbnails vcex-image-gallery-slider clr\" data-thumbnails=\"true\" data-thumbnail-height=\"auto\" data-loop=\"true\" data-auto-play-delay=\"5000\" data-buttons=\"false\" data-animation-speed=\"600\"><div class=\"wpex-slider-slides sp-slides\"><div class=\"wpex-slider-slide sp-slide\"><div class=\"wpex-slider-media\"><img width=\"404\" height=\"234\" src=\"https:\/\/www.cedpe.com\/wp-content\/uploads\/2018\/10\/eventos__item-img.jpg\" class=\"attachment-full size-full\" alt=\"\" srcset=\"https:\/\/www.cedpe.com\/wp-content\/uploads\/2018\/10\/eventos__item-img.jpg 404w, https:\/\/www.cedpe.com\/wp-content\/uploads\/2018\/10\/eventos__item-img-300x174.jpg 300w\" sizes=\"(max-width: 404px) 100vw, 404px\" \/><\/div><\/div><\/div><div class=\"wpex-slider-thumbnails sp-nc-thumbnails cols-5\"><img src=\"https:\/\/www.cedpe.com\/wp-content\/uploads\/2018\/10\/eventos__item-img.jpg\" width=\"404\" height=\"234\" class=\"wpex-slider-thumbnail sp-nc-thumbnail\" alt=\"\" data-no-retina=\"\" \/><\/div><\/div>[vc_column_text el_class=&#8221;eventos_fecha&#8221;]OCT<br \/>\n<strong>19<\/strong><\/p>\n<h4><a href=\"https:\/\/www.cedpe.com\/portfolio-item\/evento-3\/\">Conversatorio XXXVII<\/a><br \/>\nCONVERSATORIO CERRADO: <strong>&#8220;LA FUNDAMENTACI\u00d3N DE LA RESPONSABILIDAD PENAL DEL COMPLIANCE OFFICER A TRAV\u00c9S DE SU ESPECIAL POSICI\u00d3N DE GARANTE. A PROP\u00d3SITO DE LA LEY QUE REGULA LA RESPONSABILIDAD ADMINISTRATIVA DE LAS PERSONAS JUR\u00cdDICAS EN EL PER\u00da&#8221;<\/strong><\/h4>\n[\/vc_column_text][vc_column_text el_class=&#8221;eventos_resumen&#8221;]<strong>Organizador(es):<\/strong><br \/>\nCEDPE<\/p>\n<p><strong>Expositor(es):<\/strong><br \/>\nDr. Alex Van Weezel\u00a0&#8211; Universidad Cat\u00f3lica (Chile)<br \/>\nDr. H\u00e9ctor Hern\u00e1ndez Basualdo &#8211; Universidad Diego Portales (Chile)<\/p>\n<p><strong>Lugar y Fecha:<\/strong>\u00a0Country Club Lima Hotel, 19 de octubre de 2013[\/vc_column_text][\/vc_column_inner][vc_column_inner width=&#8221;1\/2&#8243;]<div class=\"wpex-slider-preloaderimg \"><img width=\"404\" height=\"234\" src=\"https:\/\/www.cedpe.com\/wp-content\/uploads\/2018\/10\/eventos__item-img.jpg\" class=\"attachment-full size-full\" alt=\"\" srcset=\"https:\/\/www.cedpe.com\/wp-content\/uploads\/2018\/10\/eventos__item-img.jpg 404w, https:\/\/www.cedpe.com\/wp-content\/uploads\/2018\/10\/eventos__item-img-300x174.jpg 300w\" sizes=\"(max-width: 404px) 100vw, 404px\" \/><\/div><div class=\"vcex-module wpex-slider slider-pro no-margin-thumbnails vcex-image-gallery-slider clr\" data-thumbnails=\"true\" data-thumbnail-height=\"auto\" data-loop=\"true\" data-auto-play-delay=\"5000\" data-buttons=\"false\" data-animation-speed=\"600\"><div class=\"wpex-slider-slides sp-slides\"><div class=\"wpex-slider-slide sp-slide\"><div class=\"wpex-slider-media\"><img width=\"404\" height=\"234\" src=\"https:\/\/www.cedpe.com\/wp-content\/uploads\/2018\/10\/eventos__item-img.jpg\" class=\"attachment-full size-full\" alt=\"\" srcset=\"https:\/\/www.cedpe.com\/wp-content\/uploads\/2018\/10\/eventos__item-img.jpg 404w, https:\/\/www.cedpe.com\/wp-content\/uploads\/2018\/10\/eventos__item-img-300x174.jpg 300w\" sizes=\"(max-width: 404px) 100vw, 404px\" \/><\/div><\/div><\/div><div class=\"wpex-slider-thumbnails sp-nc-thumbnails cols-5\"><img src=\"https:\/\/www.cedpe.com\/wp-content\/uploads\/2018\/10\/eventos__item-img.jpg\" width=\"404\" height=\"234\" class=\"wpex-slider-thumbnail sp-nc-thumbnail\" alt=\"\" data-no-retina=\"\" \/><\/div><\/div>[vc_column_text el_class=&#8221;eventos_fecha&#8221;]OCT<br \/>\n<strong>07\u00a0<\/strong><\/p>\n<h4><a href=\"https:\/\/www.cedpe.com\/portfolio-item\/evento-4\/\">Conversatorio XXXVI<\/a><br \/>\nCONVERSATORIO LIBRE: <strong>&#8220;LA FUNDAMENTACI\u00d3N DE LA RESPONSABILIDAD PENAL DEL COMPLIANCE OFFICER A TRAV\u00c9S DE SU ESPECIAL POSICI\u00d3N DE GARANTE. A PROP\u00d3SITO DE LA LEY QUE REGULA LA RESPONSABILIDAD ADMINISTRATIVA DE LAS PERSONAS JUR\u00cdDICAS EN EL PER\u00da&#8221;<\/strong><\/h4>\n[\/vc_column_text][vc_column_text el_class=&#8221;eventos_resumen&#8221;]<strong>Organizador(es):<\/strong><br \/>\nCEDPE<\/p>\n<p><strong>Expositor(es):<\/strong><br \/>\nDr. Hc. Mult. Claus Roxin &#8211; Ludwig Maximilians Universit\u00e4t (Alemania)<br \/>\nDr. Miguel Polaino-Orts &#8211; Universidad de Sevilla (Espa\u00f1a)<\/p>\n<p><strong>Lugar y Fecha:<\/strong>\u00a0LM Hotel de Miraflores, 10 de noviembre de 2013[\/vc_column_text][\/vc_column_inner][\/vc_row_inner][vc_row_inner el_class=&#8221;eventos__row-items&#8221;][vc_column_inner width=&#8221;1\/2&#8243;]<div class=\"wpex-slider-preloaderimg \"><img width=\"404\" height=\"234\" src=\"https:\/\/www.cedpe.com\/wp-content\/uploads\/2018\/10\/eventos__item-img.jpg\" class=\"attachment-full size-full\" alt=\"\" srcset=\"https:\/\/www.cedpe.com\/wp-content\/uploads\/2018\/10\/eventos__item-img.jpg 404w, https:\/\/www.cedpe.com\/wp-content\/uploads\/2018\/10\/eventos__item-img-300x174.jpg 300w\" sizes=\"(max-width: 404px) 100vw, 404px\" \/><\/div><div class=\"vcex-module wpex-slider slider-pro no-margin-thumbnails vcex-image-gallery-slider clr\" data-thumbnails=\"true\" data-thumbnail-height=\"auto\" data-loop=\"true\" data-auto-play-delay=\"5000\" data-buttons=\"false\" data-animation-speed=\"600\"><div class=\"wpex-slider-slides sp-slides\"><div class=\"wpex-slider-slide sp-slide\"><div class=\"wpex-slider-media\"><img width=\"404\" height=\"234\" src=\"https:\/\/www.cedpe.com\/wp-content\/uploads\/2018\/10\/eventos__item-img.jpg\" class=\"attachment-full size-full\" alt=\"\" srcset=\"https:\/\/www.cedpe.com\/wp-content\/uploads\/2018\/10\/eventos__item-img.jpg 404w, https:\/\/www.cedpe.com\/wp-content\/uploads\/2018\/10\/eventos__item-img-300x174.jpg 300w\" sizes=\"(max-width: 404px) 100vw, 404px\" \/><\/div><\/div><\/div><div class=\"wpex-slider-thumbnails sp-nc-thumbnails cols-5\"><img src=\"https:\/\/www.cedpe.com\/wp-content\/uploads\/2018\/10\/eventos__item-img.jpg\" width=\"404\" height=\"234\" class=\"wpex-slider-thumbnail sp-nc-thumbnail\" alt=\"\" data-no-retina=\"\" \/><\/div><\/div>[vc_column_text el_class=&#8221;eventos_fecha&#8221;]SET<br \/>\n<strong>10<\/strong><\/p>\n<h4><a href=\"https:\/\/www.cedpe.com\/portfolio-item\/evento-3\/\">Conversatorio XXXVII<\/a><br \/>\nCONVERSATORIO: <strong>&#8220;LA FUNDAMENTACI\u00d3N DE LA RESPONSABILIDAD PENAL DEL COMPLIANCE OFFICER A TRAV\u00c9S DE SU ESPECIAL POSICI\u00d3N DE GARANTE. A PROP\u00d3SITO DE LA LEY QUE REGULA LA RESPONSABILIDAD ADMINISTRATIVA DE LAS PERSONAS JUR\u00cdDICAS EN EL PER\u00da&#8221;<\/strong><\/h4>\n[\/vc_column_text][vc_column_text el_class=&#8221;eventos_resumen&#8221;]<strong>Organizador(es):<\/strong><br \/>\nCEDPE<\/p>\n<p><strong>Expositor(es):<\/strong><br \/>\nDr. Manuel Miranda Estrampes &#8211; Fiscal\u00eda del Tribunal Constitucional Espa\u00f1ol (Espa\u00f1a)<\/p>\n<p><strong>Lugar y Fecha:<\/strong>\u00a0Estudio Caro &amp; Asociados, 10 de setiembre de 2013[\/vc_column_text][\/vc_column_inner][vc_column_inner width=&#8221;1\/2&#8243;]<div class=\"wpex-slider-preloaderimg \"><img width=\"404\" height=\"234\" src=\"https:\/\/www.cedpe.com\/wp-content\/uploads\/2018\/10\/eventos__item-img.jpg\" class=\"attachment-full size-full\" alt=\"\" srcset=\"https:\/\/www.cedpe.com\/wp-content\/uploads\/2018\/10\/eventos__item-img.jpg 404w, https:\/\/www.cedpe.com\/wp-content\/uploads\/2018\/10\/eventos__item-img-300x174.jpg 300w\" sizes=\"(max-width: 404px) 100vw, 404px\" \/><\/div><div class=\"vcex-module wpex-slider slider-pro no-margin-thumbnails vcex-image-gallery-slider clr\" data-thumbnails=\"true\" data-thumbnail-height=\"auto\" data-loop=\"true\" data-auto-play-delay=\"5000\" data-buttons=\"false\" data-animation-speed=\"600\"><div class=\"wpex-slider-slides sp-slides\"><div class=\"wpex-slider-slide sp-slide\"><div class=\"wpex-slider-media\"><img width=\"404\" height=\"234\" src=\"https:\/\/www.cedpe.com\/wp-content\/uploads\/2018\/10\/eventos__item-img.jpg\" class=\"attachment-full size-full\" alt=\"\" srcset=\"https:\/\/www.cedpe.com\/wp-content\/uploads\/2018\/10\/eventos__item-img.jpg 404w, https:\/\/www.cedpe.com\/wp-content\/uploads\/2018\/10\/eventos__item-img-300x174.jpg 300w\" sizes=\"(max-width: 404px) 100vw, 404px\" \/><\/div><\/div><\/div><div class=\"wpex-slider-thumbnails sp-nc-thumbnails cols-5\"><img src=\"https:\/\/www.cedpe.com\/wp-content\/uploads\/2018\/10\/eventos__item-img.jpg\" width=\"404\" height=\"234\" class=\"wpex-slider-thumbnail sp-nc-thumbnail\" alt=\"\" data-no-retina=\"\" \/><\/div><\/div>[vc_column_text el_class=&#8221;eventos_fecha&#8221;]AGO<br \/>\n<strong>27\u00a0<\/strong><\/p>\n<h4><a href=\"https:\/\/www.cedpe.com\/portfolio-item\/evento-4\/\">Conversatorio XXXVI<\/a><br \/>\nI FORO INTERNACIONAL: <strong>&#8220;LA FUNDAMENTACI\u00d3N DE LA RESPONSABILIDAD PENAL DEL COMPLIANCE OFFICER A TRAV\u00c9S DE SU ESPECIAL POSICI\u00d3N DE GARANTE. A PROP\u00d3SITO DE LA LEY QUE REGULA LA RESPONSABILIDAD ADMINISTRATIVA DE LAS PERSONAS JUR\u00cdDICAS EN EL PER\u00da&#8221;<\/strong><\/h4>\n[\/vc_column_text][vc_column_text el_class=&#8221;eventos_resumen&#8221;]<strong>Organizador(es):<\/strong><br \/>\nCEDPE<br \/>\nAsociaci\u00f3n de Instituciones de Microfinanzas del Per\u00fa \u2013 ASOMIF<br \/>\nCentro de Estudios Judiciales<br \/>\nrespaldado institucional de la Superintendencia de Banca, Seguros y AFP<br \/>\nFlorida International Bankers Association \u2013 FIBA<br \/>\nMinisterio de Comercio Exterior y Turismo<\/p>\n<p><strong>Expositor(es):<\/strong><br \/>\nDino Carlos Caro Coria &#8211; CEDPE<br \/>\nLic. Alejandro Medina Moreno &#8211; Superintendencia de Banca, Seguros y AFP<br \/>\nLic. Luis Lepage Callirgos &#8211; Plus Technologies<br \/>\nLic. Ana Mar\u00eda de Alba &#8211; CSMB Consultores<br \/>\nDr. Juan Pablo Rodr\u00edguez C\u00e1rdenas &#8211; RICS Management<br \/>\nLic. Alejandro Laguna Cano &#8211; Fundanci\u00f3n de Microfinanzas del BBVA<br \/>\nDr. Percy Garc\u00eda Cavero &#8211; Estudio Loli &amp; Garc\u00eda Cavero<br \/>\nLic. Wilson Falen Lara &#8211; Superintendencia de Banca, Seguros y AFP<br \/>\nDr. Daniel Ramsay Romero &#8211; Ministerio P\u00fablico<br \/>\nHans Flury Royle &#8211; Sociedad Nacional de Miner\u00eda, Petr\u00f3leo y Energ\u00eda<br \/>\nDr. Manuel San Rom\u00e1n Benavente &#8211; Mincetur<br \/>\nLic. Claudia Canales &#8211; UIF de la Superintendencia de Banca, Seguros y AFP<br \/>\nLic. Marleny Moreno Oscanoa &#8211; UIF de la Superintendencia de Banca, Seguros y AFP<br \/>\nLic. James Shaw &#8211; Oficina de las Naciones Unidas contra el Delito y las Drogas \u2013 UMPDC<br \/>\nDr. Luis Miguel Reyna Alfaro &#8211; CEPDE<br \/>\nDr. Giancarlo Mart\u00ednez S\u00e1nchez &#8211; UIF de la Superintendencia de Banca, Seguros y AFP<br \/>\nDr. Andr\u00e9 Luis Callegari &#8211; Callegari Advogados (Brasil)<br \/>\nDra. Pilar Salcedo Machado &#8211; ASOMIF<\/p>\n<p><strong>Lugar y Fecha:<\/strong>\u00a0NM Hotel de San Isidro, 27 de agosto de 2013[\/vc_column_text][\/vc_column_inner][\/vc_row_inner][vc_row_inner el_class=&#8221;eventos__row-items&#8221;][vc_column_inner width=&#8221;1\/2&#8243;]<div class=\"wpex-slider-preloaderimg \"><img width=\"404\" height=\"234\" src=\"https:\/\/www.cedpe.com\/wp-content\/uploads\/2018\/10\/eventos__item-img.jpg\" class=\"attachment-full size-full\" alt=\"\" srcset=\"https:\/\/www.cedpe.com\/wp-content\/uploads\/2018\/10\/eventos__item-img.jpg 404w, https:\/\/www.cedpe.com\/wp-content\/uploads\/2018\/10\/eventos__item-img-300x174.jpg 300w\" sizes=\"(max-width: 404px) 100vw, 404px\" \/><\/div><div class=\"vcex-module wpex-slider slider-pro no-margin-thumbnails vcex-image-gallery-slider clr\" data-thumbnails=\"true\" data-thumbnail-height=\"auto\" data-loop=\"true\" data-auto-play-delay=\"5000\" data-buttons=\"false\" data-animation-speed=\"600\"><div class=\"wpex-slider-slides sp-slides\"><div class=\"wpex-slider-slide sp-slide\"><div class=\"wpex-slider-media\"><img width=\"404\" height=\"234\" src=\"https:\/\/www.cedpe.com\/wp-content\/uploads\/2018\/10\/eventos__item-img.jpg\" class=\"attachment-full size-full\" alt=\"\" srcset=\"https:\/\/www.cedpe.com\/wp-content\/uploads\/2018\/10\/eventos__item-img.jpg 404w, https:\/\/www.cedpe.com\/wp-content\/uploads\/2018\/10\/eventos__item-img-300x174.jpg 300w\" sizes=\"(max-width: 404px) 100vw, 404px\" \/><\/div><\/div><\/div><div class=\"wpex-slider-thumbnails sp-nc-thumbnails cols-5\"><img src=\"https:\/\/www.cedpe.com\/wp-content\/uploads\/2018\/10\/eventos__item-img.jpg\" width=\"404\" height=\"234\" class=\"wpex-slider-thumbnail sp-nc-thumbnail\" alt=\"\" data-no-retina=\"\" \/><\/div><\/div>[vc_column_text el_class=&#8221;eventos_fecha&#8221;]AGO<br \/>\n<strong>13<\/strong><\/p>\n<h4><a href=\"https:\/\/www.cedpe.com\/portfolio-item\/evento-3\/\">Conversatorio XXXVII\u00a0<\/a><br \/>\nCONFERENCIA: <strong>&#8220;LA FUNDAMENTACI\u00d3N DE LA RESPONSABILIDAD PENAL DEL COMPLIANCE OFFICER A TRAV\u00c9S DE SU ESPECIAL POSICI\u00d3N DE GARANTE. A PROP\u00d3SITO DE LA LEY QUE REGULA LA RESPONSABILIDAD ADMINISTRATIVA DE LAS PERSONAS JUR\u00cdDICAS EN EL PER\u00da&#8221;<\/strong><\/h4>\n[\/vc_column_text][vc_column_text el_class=&#8221;eventos_resumen&#8221;]<strong>Organizador(es):<\/strong><br \/>\nCEDPE<\/p>\n<p><strong>Expositor(es):<\/strong><br \/>\nDino Carlos Caro Coria &#8211; CEDPE<\/p>\n<p><strong>Lugar y Fecha:<\/strong>\u00a0Komatsu\u2013Mitsui Maquinarias del Per\u00fa, 13 de agosto de 2013[\/vc_column_text][\/vc_column_inner][vc_column_inner width=&#8221;1\/2&#8243;]<div class=\"wpex-slider-preloaderimg \"><img width=\"404\" height=\"234\" src=\"https:\/\/www.cedpe.com\/wp-content\/uploads\/2018\/10\/eventos__item-img.jpg\" class=\"attachment-full size-full\" alt=\"\" srcset=\"https:\/\/www.cedpe.com\/wp-content\/uploads\/2018\/10\/eventos__item-img.jpg 404w, https:\/\/www.cedpe.com\/wp-content\/uploads\/2018\/10\/eventos__item-img-300x174.jpg 300w\" sizes=\"(max-width: 404px) 100vw, 404px\" \/><\/div><div class=\"vcex-module wpex-slider slider-pro no-margin-thumbnails vcex-image-gallery-slider clr\" data-thumbnails=\"true\" data-thumbnail-height=\"auto\" data-loop=\"true\" data-auto-play-delay=\"5000\" data-buttons=\"false\" data-animation-speed=\"600\"><div class=\"wpex-slider-slides sp-slides\"><div class=\"wpex-slider-slide sp-slide\"><div class=\"wpex-slider-media\"><img width=\"404\" height=\"234\" src=\"https:\/\/www.cedpe.com\/wp-content\/uploads\/2018\/10\/eventos__item-img.jpg\" class=\"attachment-full size-full\" alt=\"\" srcset=\"https:\/\/www.cedpe.com\/wp-content\/uploads\/2018\/10\/eventos__item-img.jpg 404w, https:\/\/www.cedpe.com\/wp-content\/uploads\/2018\/10\/eventos__item-img-300x174.jpg 300w\" sizes=\"(max-width: 404px) 100vw, 404px\" \/><\/div><\/div><\/div><div class=\"wpex-slider-thumbnails sp-nc-thumbnails cols-5\"><img src=\"https:\/\/www.cedpe.com\/wp-content\/uploads\/2018\/10\/eventos__item-img.jpg\" width=\"404\" height=\"234\" class=\"wpex-slider-thumbnail sp-nc-thumbnail\" alt=\"\" data-no-retina=\"\" \/><\/div><\/div>[vc_column_text el_class=&#8221;eventos_fecha&#8221;]JUN<br \/>\n<strong>24\u00a0<\/strong><\/p>\n<h4><a href=\"https:\/\/www.cedpe.com\/portfolio-item\/evento-4\/\">Conversatorio XXXVI<\/a><br \/>\nCONFERENCIA: <strong>&#8220;LA FUNDAMENTACI\u00d3N DE LA RESPONSABILIDAD PENAL DEL COMPLIANCE OFFICER A TRAV\u00c9S DE SU ESPECIAL POSICI\u00d3N DE GARANTE. A PROP\u00d3SITO DE LA LEY QUE REGULA LA RESPONSABILIDAD ADMINISTRATIVA DE LAS PERSONAS JUR\u00cdDICAS EN EL PER\u00da&#8221;<\/strong><\/h4>\n[\/vc_column_text][vc_column_text el_class=&#8221;eventos_resumen&#8221;]<strong>Organizador(es):<\/strong><br \/>\nCEDPE<br \/>\nEscuela del Ministerio P\u00fablico<br \/>\nCentro de Investigaciones Judiciales<\/p>\n<p><strong>Expositor(es):<\/strong><br \/>\nDra. Laura Z\u00fa\u00f1iga Rodr\u00edguez &#8211; Universidad de Salamanca (Espa\u00f1a)<\/p>\n<p><strong>Lugar y Fecha:<\/strong>\u00a0Escuela del Ministerio P\u00fablico, 24 de junio de 2013[\/vc_column_text][\/vc_column_inner][\/vc_row_inner][vc_row_inner el_class=&#8221;eventos__row-items&#8221;][vc_column_inner width=&#8221;1\/2&#8243;]<div class=\"wpex-slider-preloaderimg \"><img width=\"404\" height=\"234\" src=\"https:\/\/www.cedpe.com\/wp-content\/uploads\/2018\/10\/eventos__item-img.jpg\" class=\"attachment-full size-full\" alt=\"\" srcset=\"https:\/\/www.cedpe.com\/wp-content\/uploads\/2018\/10\/eventos__item-img.jpg 404w, https:\/\/www.cedpe.com\/wp-content\/uploads\/2018\/10\/eventos__item-img-300x174.jpg 300w\" sizes=\"(max-width: 404px) 100vw, 404px\" \/><\/div><div class=\"vcex-module wpex-slider slider-pro no-margin-thumbnails vcex-image-gallery-slider clr\" data-thumbnails=\"true\" data-thumbnail-height=\"auto\" data-loop=\"true\" data-auto-play-delay=\"5000\" data-buttons=\"false\" data-animation-speed=\"600\"><div class=\"wpex-slider-slides sp-slides\"><div class=\"wpex-slider-slide sp-slide\"><div class=\"wpex-slider-media\"><img width=\"404\" height=\"234\" src=\"https:\/\/www.cedpe.com\/wp-content\/uploads\/2018\/10\/eventos__item-img.jpg\" class=\"attachment-full size-full\" alt=\"\" srcset=\"https:\/\/www.cedpe.com\/wp-content\/uploads\/2018\/10\/eventos__item-img.jpg 404w, https:\/\/www.cedpe.com\/wp-content\/uploads\/2018\/10\/eventos__item-img-300x174.jpg 300w\" sizes=\"(max-width: 404px) 100vw, 404px\" \/><\/div><\/div><\/div><div class=\"wpex-slider-thumbnails sp-nc-thumbnails cols-5\"><img src=\"https:\/\/www.cedpe.com\/wp-content\/uploads\/2018\/10\/eventos__item-img.jpg\" width=\"404\" height=\"234\" class=\"wpex-slider-thumbnail sp-nc-thumbnail\" alt=\"\" data-no-retina=\"\" \/><\/div><\/div>[vc_column_text el_class=&#8221;eventos_fecha&#8221;]JUN<br \/>\n<strong>20<\/strong><\/p>\n<h4><a href=\"https:\/\/www.cedpe.com\/portfolio-item\/evento-3\/\">Conversatorio XXXVII\u00a0<\/a><br \/>\nCONFERENCIA: <strong>&#8220;LA FUNDAMENTACI\u00d3N DE LA RESPONSABILIDAD PENAL DEL COMPLIANCE OFFICER A TRAV\u00c9S DE SU ESPECIAL POSICI\u00d3N DE GARANTE. A PROP\u00d3SITO DE LA LEY QUE REGULA LA RESPONSABILIDAD ADMINISTRATIVA DE LAS PERSONAS JUR\u00cdDICAS EN EL PER\u00da&#8221;<\/strong><\/h4>\n[\/vc_column_text][vc_column_text el_class=&#8221;eventos_resumen&#8221;]<strong>Organizador(es):<\/strong><br \/>\nCEDPE<\/p>\n<p><strong>Expositor(es):<\/strong><br \/>\nDino Carlos Caro Coria &#8211; CEDPE<\/p>\n<p><strong>Lugar y Fecha:<\/strong>\u00a0Corporaci\u00f3n Financiera de Desarrollo SA &#8211; COFIDE, 20 de junio de 2013[\/vc_column_text][\/vc_column_inner][vc_column_inner width=&#8221;1\/2&#8243;]<div class=\"wpex-slider-preloaderimg \"><img width=\"404\" height=\"234\" src=\"https:\/\/www.cedpe.com\/wp-content\/uploads\/2018\/10\/eventos__item-img.jpg\" class=\"attachment-full size-full\" alt=\"\" srcset=\"https:\/\/www.cedpe.com\/wp-content\/uploads\/2018\/10\/eventos__item-img.jpg 404w, https:\/\/www.cedpe.com\/wp-content\/uploads\/2018\/10\/eventos__item-img-300x174.jpg 300w\" sizes=\"(max-width: 404px) 100vw, 404px\" \/><\/div><div class=\"vcex-module wpex-slider slider-pro no-margin-thumbnails vcex-image-gallery-slider clr\" data-thumbnails=\"true\" data-thumbnail-height=\"auto\" data-loop=\"true\" data-auto-play-delay=\"5000\" data-buttons=\"false\" data-animation-speed=\"600\"><div class=\"wpex-slider-slides sp-slides\"><div class=\"wpex-slider-slide sp-slide\"><div class=\"wpex-slider-media\"><img width=\"404\" height=\"234\" src=\"https:\/\/www.cedpe.com\/wp-content\/uploads\/2018\/10\/eventos__item-img.jpg\" class=\"attachment-full size-full\" alt=\"\" srcset=\"https:\/\/www.cedpe.com\/wp-content\/uploads\/2018\/10\/eventos__item-img.jpg 404w, https:\/\/www.cedpe.com\/wp-content\/uploads\/2018\/10\/eventos__item-img-300x174.jpg 300w\" sizes=\"(max-width: 404px) 100vw, 404px\" \/><\/div><\/div><\/div><div class=\"wpex-slider-thumbnails sp-nc-thumbnails cols-5\"><img src=\"https:\/\/www.cedpe.com\/wp-content\/uploads\/2018\/10\/eventos__item-img.jpg\" width=\"404\" height=\"234\" class=\"wpex-slider-thumbnail sp-nc-thumbnail\" alt=\"\" data-no-retina=\"\" \/><\/div><\/div>[vc_column_text el_class=&#8221;eventos_fecha&#8221;]JUN<br \/>\n<strong>06\u00a0<\/strong><\/p>\n<h4><a href=\"https:\/\/www.cedpe.com\/portfolio-item\/evento-4\/\">Conversatorio XXXVI<\/a><br \/>\nSEMINARIO: <strong>&#8220;LA FUNDAMENTACI\u00d3N DE LA RESPONSABILIDAD PENAL DEL COMPLIANCE OFFICER A TRAV\u00c9S DE SU ESPECIAL POSICI\u00d3N DE GARANTE. A PROP\u00d3SITO DE LA LEY QUE REGULA LA RESPONSABILIDAD ADMINISTRATIVA DE LAS PERSONAS JUR\u00cdDICAS EN EL PER\u00da&#8221;<\/strong><\/h4>\n[\/vc_column_text][vc_column_text el_class=&#8221;eventos_resumen&#8221;]<strong>Organizador(es):<\/strong><br \/>\nCEDPE<br \/>\nCorte Superior de Justicia de Pasco<\/p>\n<p><strong>Expositor(es):<\/strong><br \/>\nLuis Fernando Iberico Casta\u00f1eda &#8211; CEDPE<br \/>\nLuis Miguel Reyna Alfaro &#8211; CEDPE<\/p>\n<p><strong>Lugar y Fecha:<\/strong>\u00a0Auditorio de la Corte Superior de Justicia de Pasco, 06 de junio de 2013[\/vc_column_text][\/vc_column_inner][\/vc_row_inner][\/vc_tta_section][vc_tta_section title=&#8221;2012&#8243; tab_id=&#8221;2012&#8243; el_class=&#8221;eventos_tab-title&#8221;]<div class=\"vcex-spacing\" style=\"height:35px\"><\/div>[vc_row_inner el_class=&#8221;eventos__row-items&#8221;][vc_column_inner width=&#8221;1\/2&#8243;]<div class=\"wpex-slider-preloaderimg \"><img width=\"404\" height=\"234\" src=\"https:\/\/www.cedpe.com\/wp-content\/uploads\/2018\/10\/eventos__item-img.jpg\" class=\"attachment-full size-full\" alt=\"\" srcset=\"https:\/\/www.cedpe.com\/wp-content\/uploads\/2018\/10\/eventos__item-img.jpg 404w, https:\/\/www.cedpe.com\/wp-content\/uploads\/2018\/10\/eventos__item-img-300x174.jpg 300w\" sizes=\"(max-width: 404px) 100vw, 404px\" \/><\/div><div class=\"vcex-module wpex-slider slider-pro no-margin-thumbnails vcex-image-gallery-slider clr\" data-thumbnails=\"true\" data-thumbnail-height=\"auto\" data-loop=\"true\" data-auto-play-delay=\"5000\" data-buttons=\"false\" data-animation-speed=\"600\"><div class=\"wpex-slider-slides sp-slides\"><div class=\"wpex-slider-slide sp-slide\"><div class=\"wpex-slider-media\"><img width=\"404\" height=\"234\" src=\"https:\/\/www.cedpe.com\/wp-content\/uploads\/2018\/10\/eventos__item-img.jpg\" class=\"attachment-full size-full\" alt=\"\" srcset=\"https:\/\/www.cedpe.com\/wp-content\/uploads\/2018\/10\/eventos__item-img.jpg 404w, https:\/\/www.cedpe.com\/wp-content\/uploads\/2018\/10\/eventos__item-img-300x174.jpg 300w\" sizes=\"(max-width: 404px) 100vw, 404px\" \/><\/div><\/div><\/div><div class=\"wpex-slider-thumbnails sp-nc-thumbnails cols-5\"><img src=\"https:\/\/www.cedpe.com\/wp-content\/uploads\/2018\/10\/eventos__item-img.jpg\" width=\"404\" height=\"234\" class=\"wpex-slider-thumbnail sp-nc-thumbnail\" alt=\"\" data-no-retina=\"\" \/><\/div><\/div>[vc_column_text el_class=&#8221;eventos_fecha&#8221;]JUL<br \/>\n<strong>14<\/strong><\/p>\n<h4><a href=\"https:\/\/www.cedpe.com\/portfolio-item\/evento-1\/\">Conversatorio XL <\/a><br \/>\nSEMINARIO TALLER: <strong>&#8220;LA FUNDAMENTACI\u00d3N DE LA RESPONSABILIDAD PENAL DEL COMPLIANCE OFFICER A TRAV\u00c9S DE SU ESPECIAL POSICI\u00d3N DE GARANTE. A PROP\u00d3SITO DE LA LEY QUE REGULA LA RESPONSABILIDAD ADMINISTRATIVA DE LAS PERSONAS JUR\u00cdDICAS EN EL PER\u00da&#8221;<\/strong><\/h4>\n[\/vc_column_text][vc_column_text el_class=&#8221;eventos_resumen&#8221;]<strong>Organizador(es):<\/strong><br \/>\nCEDPE<br \/>\nPoder Judicial del Per\u00fa<\/p>\n<p><strong>Expositor(es):<\/strong><br \/>\nDino Carlos Caro Coria &#8211; CEDPE<br \/>\nLuis Miguel Reyna Alfaro &#8211; CEDPE<\/p>\n<p><strong>Lugar y Fecha:<\/strong>\u00a0Sala Penal Nacional, 14 de julio de 2012[\/vc_column_text][\/vc_column_inner][vc_column_inner width=&#8221;1\/2&#8243;]<div class=\"wpex-slider-preloaderimg \"><img width=\"404\" height=\"234\" src=\"https:\/\/www.cedpe.com\/wp-content\/uploads\/2018\/10\/eventos__item-img.jpg\" class=\"attachment-full size-full\" alt=\"\" srcset=\"https:\/\/www.cedpe.com\/wp-content\/uploads\/2018\/10\/eventos__item-img.jpg 404w, https:\/\/www.cedpe.com\/wp-content\/uploads\/2018\/10\/eventos__item-img-300x174.jpg 300w\" sizes=\"(max-width: 404px) 100vw, 404px\" \/><\/div><div class=\"vcex-module wpex-slider slider-pro no-margin-thumbnails vcex-image-gallery-slider clr\" data-thumbnails=\"true\" data-thumbnail-height=\"auto\" data-loop=\"true\" data-auto-play-delay=\"5000\" data-buttons=\"false\" data-animation-speed=\"600\"><div class=\"wpex-slider-slides sp-slides\"><div class=\"wpex-slider-slide sp-slide\"><div class=\"wpex-slider-media\"><img width=\"404\" height=\"234\" src=\"https:\/\/www.cedpe.com\/wp-content\/uploads\/2018\/10\/eventos__item-img.jpg\" class=\"attachment-full size-full\" alt=\"\" srcset=\"https:\/\/www.cedpe.com\/wp-content\/uploads\/2018\/10\/eventos__item-img.jpg 404w, https:\/\/www.cedpe.com\/wp-content\/uploads\/2018\/10\/eventos__item-img-300x174.jpg 300w\" sizes=\"(max-width: 404px) 100vw, 404px\" \/><\/div><\/div><\/div><div class=\"wpex-slider-thumbnails sp-nc-thumbnails cols-5\"><img src=\"https:\/\/www.cedpe.com\/wp-content\/uploads\/2018\/10\/eventos__item-img.jpg\" width=\"404\" height=\"234\" class=\"wpex-slider-thumbnail sp-nc-thumbnail\" alt=\"\" data-no-retina=\"\" \/><\/div><\/div>[vc_column_text el_class=&#8221;eventos_fecha&#8221;]JUN<br \/>\n<strong>14<\/strong><\/p>\n<h4><a href=\"https:\/\/www.cedpe.com\/portfolio-item\/evento-2\/\">Conversatorio XXXIX<\/a><br \/>\nSEMINARIO INTERNACIONAL: <strong>&#8220;LA FUNDAMENTACI\u00d3N DE LA RESPONSABILIDAD PENAL DEL COMPLIANCE OFFICER A TRAV\u00c9S DE SU ESPECIAL POSICI\u00d3N DE GARANTE. A PROP\u00d3SITO DE LA LEY QUE REGULA LA RESPONSABILIDAD ADMINISTRATIVA DE LAS PERSONAS JUR\u00cdDICAS EN EL PER\u00da&#8221;<\/strong><\/h4>\n[\/vc_column_text][vc_column_text el_class=&#8221;eventos_resumen&#8221;]<strong>Organizador(es):<\/strong><br \/>\nCEDPE<\/p>\n<p><strong>Expositor(es):<\/strong><br \/>\nDr. Miguel Polaino-Orts (Espa\u00f1a)<br \/>\nMiguel Romero Santos<\/p>\n<p><strong>Lugar y Fecha:<\/strong>\u00a0Sala Penal Nacional, 14 de junio de 2012[\/vc_column_text][\/vc_column_inner][\/vc_row_inner][\/vc_tta_section][vc_tta_section title=&#8221;2011&#8243; tab_id=&#8221;2011&#8243; el_class=&#8221;eventos_tab-title&#8221;]<div class=\"vcex-spacing\" style=\"height:35px\"><\/div>[vc_row_inner el_class=&#8221;eventos__row-items&#8221;][vc_column_inner width=&#8221;1\/2&#8243;]<div class=\"wpex-slider-preloaderimg \"><img width=\"404\" height=\"234\" src=\"https:\/\/www.cedpe.com\/wp-content\/uploads\/2018\/10\/eventos__item-img.jpg\" class=\"attachment-full size-full\" alt=\"\" srcset=\"https:\/\/www.cedpe.com\/wp-content\/uploads\/2018\/10\/eventos__item-img.jpg 404w, https:\/\/www.cedpe.com\/wp-content\/uploads\/2018\/10\/eventos__item-img-300x174.jpg 300w\" sizes=\"(max-width: 404px) 100vw, 404px\" \/><\/div><div class=\"vcex-module wpex-slider slider-pro no-margin-thumbnails vcex-image-gallery-slider clr\" data-thumbnails=\"true\" data-thumbnail-height=\"auto\" data-loop=\"true\" data-auto-play-delay=\"5000\" data-buttons=\"false\" data-animation-speed=\"600\"><div class=\"wpex-slider-slides sp-slides\"><div class=\"wpex-slider-slide sp-slide\"><div class=\"wpex-slider-media\"><img width=\"404\" height=\"234\" src=\"https:\/\/www.cedpe.com\/wp-content\/uploads\/2018\/10\/eventos__item-img.jpg\" class=\"attachment-full size-full\" alt=\"\" srcset=\"https:\/\/www.cedpe.com\/wp-content\/uploads\/2018\/10\/eventos__item-img.jpg 404w, https:\/\/www.cedpe.com\/wp-content\/uploads\/2018\/10\/eventos__item-img-300x174.jpg 300w\" sizes=\"(max-width: 404px) 100vw, 404px\" \/><\/div><\/div><\/div><div class=\"wpex-slider-thumbnails sp-nc-thumbnails cols-5\"><img src=\"https:\/\/www.cedpe.com\/wp-content\/uploads\/2018\/10\/eventos__item-img.jpg\" width=\"404\" height=\"234\" class=\"wpex-slider-thumbnail sp-nc-thumbnail\" alt=\"\" data-no-retina=\"\" \/><\/div><\/div>[vc_column_text el_class=&#8221;eventos_fecha&#8221;]SEP<br \/>\n<strong>14<\/strong><\/p>\n<h4><a href=\"https:\/\/www.cedpe.com\/portfolio-item\/evento-1\/\">Conversatorio XL<\/a><br \/>\nCONFERENCIAS DIRIGIDAS A MAGISTRADOS Y AUXILIARES JURISDICCIONALES: <strong>&#8220;LA FUNDAMENTACI\u00d3N DE LA RESPONSABILIDAD PENAL DEL COMPLIANCE OFFICER A TRAV\u00c9S DE SU ESPECIAL POSICI\u00d3N DE GARANTE. A PROP\u00d3SITO DE LA LEY QUE REGULA LA RESPONSABILIDAD ADMINISTRATIVA DE LAS PERSONAS JUR\u00cdDICAS EN EL PER\u00da&#8221;<\/strong><\/h4>\n[\/vc_column_text][vc_column_text el_class=&#8221;eventos_resumen&#8221;]<strong>Organizador(es):<\/strong><br \/>\nCEDPE<\/p>\n<p><strong>Expositor(es):<\/strong><br \/>\nLuis Miguel Reyna Alfaro &#8211; CEDPE<br \/>\nLuis Fernando Iberico Casta\u00f1eda &#8211; CEPDE<br \/>\nDino Carlos Caro Coria &#8211; CEDPE<br \/>\nCarlos Shikara V\u00e1squez Shimajuko &#8211; CEDPE<\/p>\n<p><strong>Lugar y Fecha:<\/strong>\u00a0Corte Superior de Justicia de Lambayeque, 14 de setiembre de 2011[\/vc_column_text][\/vc_column_inner][vc_column_inner width=&#8221;1\/2&#8243;]<div class=\"wpex-slider-preloaderimg \"><img width=\"404\" height=\"234\" src=\"https:\/\/www.cedpe.com\/wp-content\/uploads\/2018\/10\/eventos__item-img.jpg\" class=\"attachment-full size-full\" alt=\"\" srcset=\"https:\/\/www.cedpe.com\/wp-content\/uploads\/2018\/10\/eventos__item-img.jpg 404w, https:\/\/www.cedpe.com\/wp-content\/uploads\/2018\/10\/eventos__item-img-300x174.jpg 300w\" sizes=\"(max-width: 404px) 100vw, 404px\" \/><\/div><div class=\"vcex-module wpex-slider slider-pro no-margin-thumbnails vcex-image-gallery-slider clr\" data-thumbnails=\"true\" data-thumbnail-height=\"auto\" data-loop=\"true\" data-auto-play-delay=\"5000\" data-buttons=\"false\" data-animation-speed=\"600\"><div class=\"wpex-slider-slides sp-slides\"><div class=\"wpex-slider-slide sp-slide\"><div class=\"wpex-slider-media\"><img width=\"404\" height=\"234\" src=\"https:\/\/www.cedpe.com\/wp-content\/uploads\/2018\/10\/eventos__item-img.jpg\" class=\"attachment-full size-full\" alt=\"\" srcset=\"https:\/\/www.cedpe.com\/wp-content\/uploads\/2018\/10\/eventos__item-img.jpg 404w, https:\/\/www.cedpe.com\/wp-content\/uploads\/2018\/10\/eventos__item-img-300x174.jpg 300w\" sizes=\"(max-width: 404px) 100vw, 404px\" \/><\/div><\/div><\/div><div class=\"wpex-slider-thumbnails sp-nc-thumbnails cols-5\"><img src=\"https:\/\/www.cedpe.com\/wp-content\/uploads\/2018\/10\/eventos__item-img.jpg\" width=\"404\" height=\"234\" class=\"wpex-slider-thumbnail sp-nc-thumbnail\" alt=\"\" data-no-retina=\"\" \/><\/div><\/div>[vc_column_text el_class=&#8221;eventos_fecha&#8221;]JUL<br \/>\n<strong>05<\/strong><\/p>\n<h4><a href=\"https:\/\/www.cedpe.com\/portfolio-item\/evento-2\/\">Conversatorio XXXIX<\/a><br \/>\nSEMINARIO INTERNACIONAL: <strong>&#8220;LA FUNDAMENTACI\u00d3N DE LA RESPONSABILIDAD PENAL DEL COMPLIANCE OFFICER A TRAV\u00c9S DE SU ESPECIAL POSICI\u00d3N DE GARANTE. A PROP\u00d3SITO DE LA LEY QUE REGULA LA RESPONSABILIDAD ADMINISTRATIVA DE LAS PERSONAS JUR\u00cdDICAS EN EL PER\u00da&#8221;<\/strong><\/h4>\n[\/vc_column_text][vc_column_text el_class=&#8221;eventos_resumen&#8221;]<strong>Organizador(es):<\/strong><br \/>\nCEDPE<br \/>\nCIJ<\/p>\n<p><strong>Expositor(es):<\/strong><br \/>\nJos\u00e9 Mar\u00eda Asencio Mellado &#8211; Universidad de Alicante (Espa\u00f1a)<br \/>\nManuel Miranda Estrampes &#8211; Escuela Judicial de Barcelona (Espa\u00f1a)<br \/>\nDaniel Pastor &#8211; Universidad de Buenos Aires (Argentina)<br \/>\nCristian Riego &#8211; CEJA<br \/>\nC\u00e9sar San Mart\u00edn Castro &#8211; Poder Judicial<br \/>\nDino Carlos Caro Coria &#8211; CEDPE<br \/>\nFernando Iberico Casta\u00f1eda &#8211; CEDPE<br \/>\nLuis Miguel Reyna Alfaro &#8211; CEDPE<\/p>\n<p><strong>Lugar y Fecha:<\/strong>\u00a0Auditorio de la Universidad Tecnol\u00f3gica del Per\u00fa, 05 de julio de 2011[\/vc_column_text][\/vc_column_inner][\/vc_row_inner][vc_row_inner el_class=&#8221;eventos__row-items&#8221;][vc_column_inner width=&#8221;1\/2&#8243;]<div class=\"wpex-slider-preloaderimg \"><img width=\"404\" height=\"234\" src=\"https:\/\/www.cedpe.com\/wp-content\/uploads\/2018\/10\/eventos__item-img.jpg\" class=\"attachment-full size-full\" alt=\"\" srcset=\"https:\/\/www.cedpe.com\/wp-content\/uploads\/2018\/10\/eventos__item-img.jpg 404w, https:\/\/www.cedpe.com\/wp-content\/uploads\/2018\/10\/eventos__item-img-300x174.jpg 300w\" sizes=\"(max-width: 404px) 100vw, 404px\" \/><\/div><div class=\"vcex-module wpex-slider slider-pro no-margin-thumbnails vcex-image-gallery-slider clr\" data-thumbnails=\"true\" data-thumbnail-height=\"auto\" data-loop=\"true\" data-auto-play-delay=\"5000\" data-buttons=\"false\" data-animation-speed=\"600\"><div class=\"wpex-slider-slides sp-slides\"><div class=\"wpex-slider-slide sp-slide\"><div class=\"wpex-slider-media\"><img width=\"404\" height=\"234\" src=\"https:\/\/www.cedpe.com\/wp-content\/uploads\/2018\/10\/eventos__item-img.jpg\" class=\"attachment-full size-full\" alt=\"\" srcset=\"https:\/\/www.cedpe.com\/wp-content\/uploads\/2018\/10\/eventos__item-img.jpg 404w, https:\/\/www.cedpe.com\/wp-content\/uploads\/2018\/10\/eventos__item-img-300x174.jpg 300w\" sizes=\"(max-width: 404px) 100vw, 404px\" \/><\/div><\/div><\/div><div class=\"wpex-slider-thumbnails sp-nc-thumbnails cols-5\"><img src=\"https:\/\/www.cedpe.com\/wp-content\/uploads\/2018\/10\/eventos__item-img.jpg\" width=\"404\" height=\"234\" class=\"wpex-slider-thumbnail sp-nc-thumbnail\" alt=\"\" data-no-retina=\"\" \/><\/div><\/div>[vc_column_text el_class=&#8221;eventos_fecha&#8221;]JUN<br \/>\n<strong>03<\/strong><\/p>\n<h4><a href=\"https:\/\/www.cedpe.com\/portfolio-item\/evento-3\/\">Conversatorio XXXVII\u00a0<\/a><br \/>\nCAPACITACI\u00d3N A JUECES DE PAZ LETRADOS: <strong>&#8220;LA FUNDAMENTACI\u00d3N DE LA RESPONSABILIDAD PENAL DEL COMPLIANCE OFFICER A TRAV\u00c9S DE SU ESPECIAL POSICI\u00d3N DE GARANTE. A PROP\u00d3SITO DE LA LEY QUE REGULA LA RESPONSABILIDAD ADMINISTRATIVA DE LAS PERSONAS JUR\u00cdDICAS EN EL PER\u00da&#8221;<\/strong><\/h4>\n[\/vc_column_text][vc_column_text el_class=&#8221;eventos_resumen&#8221;]<strong>Organizador(es):<\/strong><br \/>\nCCAP<br \/>\nCIJ<br \/>\nColaboraci\u00f3n del CEDPE<\/p>\n<p><strong>Expositor(es):<\/strong><br \/>\nDino Carlos Caro Coria &#8211; CEDPE<br \/>\nLuis Iberico Casta\u00f1eda &#8211; CEDPE<br \/>\nLuis Miguel Reyna Alfaro &#8211; CEDPE<br \/>\nAldo Figueroa Navarro &#8211; Poder Judicial<\/p>\n<p><strong>Lugar y Fecha:<\/strong>\u00a0Poder Judicial del Per\u00fa, 03 de junio de 2011[\/vc_column_text][\/vc_column_inner][vc_column_inner width=&#8221;1\/2&#8243;]<div class=\"wpex-slider-preloaderimg \"><img width=\"404\" height=\"234\" src=\"https:\/\/www.cedpe.com\/wp-content\/uploads\/2018\/10\/eventos__item-img.jpg\" class=\"attachment-full size-full\" alt=\"\" srcset=\"https:\/\/www.cedpe.com\/wp-content\/uploads\/2018\/10\/eventos__item-img.jpg 404w, https:\/\/www.cedpe.com\/wp-content\/uploads\/2018\/10\/eventos__item-img-300x174.jpg 300w\" sizes=\"(max-width: 404px) 100vw, 404px\" \/><\/div><div class=\"vcex-module wpex-slider slider-pro no-margin-thumbnails vcex-image-gallery-slider clr\" data-thumbnails=\"true\" data-thumbnail-height=\"auto\" data-loop=\"true\" data-auto-play-delay=\"5000\" data-buttons=\"false\" data-animation-speed=\"600\"><div class=\"wpex-slider-slides sp-slides\"><div class=\"wpex-slider-slide sp-slide\"><div class=\"wpex-slider-media\"><img width=\"404\" height=\"234\" src=\"https:\/\/www.cedpe.com\/wp-content\/uploads\/2018\/10\/eventos__item-img.jpg\" class=\"attachment-full size-full\" alt=\"\" srcset=\"https:\/\/www.cedpe.com\/wp-content\/uploads\/2018\/10\/eventos__item-img.jpg 404w, https:\/\/www.cedpe.com\/wp-content\/uploads\/2018\/10\/eventos__item-img-300x174.jpg 300w\" sizes=\"(max-width: 404px) 100vw, 404px\" \/><\/div><\/div><\/div><div class=\"wpex-slider-thumbnails sp-nc-thumbnails cols-5\"><img src=\"https:\/\/www.cedpe.com\/wp-content\/uploads\/2018\/10\/eventos__item-img.jpg\" width=\"404\" height=\"234\" class=\"wpex-slider-thumbnail sp-nc-thumbnail\" alt=\"\" data-no-retina=\"\" \/><\/div><\/div>[vc_column_text el_class=&#8221;eventos_fecha&#8221;]MAY<br \/>\n<strong>23\u00a0<\/strong><\/p>\n<h4><a href=\"https:\/\/www.cedpe.com\/portfolio-item\/evento-4\/\">Conversatorio XXXVI<\/a><br \/>\nCONFERENCIA: <strong>&#8220;LA FUNDAMENTACI\u00d3N DE LA RESPONSABILIDAD PENAL DEL COMPLIANCE OFFICER A TRAV\u00c9S DE SU ESPECIAL POSICI\u00d3N DE GARANTE. A PROP\u00d3SITO DE LA LEY QUE REGULA LA RESPONSABILIDAD ADMINISTRATIVA DE LAS PERSONAS JUR\u00cdDICAS EN EL PER\u00da&#8221;<\/strong><\/h4>\n[\/vc_column_text][vc_column_text el_class=&#8221;eventos_resumen&#8221;]<strong>Organizador(es):<\/strong><br \/>\nCEDPE<\/p>\n<p><strong>Expositor(es):<\/strong><br \/>\nDino Carlos Caro Coria &#8211; CEPDE<\/p>\n<p><strong>Lugar y Fecha:<\/strong>\u00a0COFIDE, 23 de mayo de 2011[\/vc_column_text][\/vc_column_inner][\/vc_row_inner][vc_row_inner el_class=&#8221;eventos__row-items&#8221;][vc_column_inner width=&#8221;1\/2&#8243;]<div class=\"wpex-slider-preloaderimg \"><img width=\"404\" height=\"234\" src=\"https:\/\/www.cedpe.com\/wp-content\/uploads\/2018\/10\/eventos__item-img.jpg\" class=\"attachment-full size-full\" alt=\"\" srcset=\"https:\/\/www.cedpe.com\/wp-content\/uploads\/2018\/10\/eventos__item-img.jpg 404w, https:\/\/www.cedpe.com\/wp-content\/uploads\/2018\/10\/eventos__item-img-300x174.jpg 300w\" sizes=\"(max-width: 404px) 100vw, 404px\" \/><\/div><div class=\"vcex-module wpex-slider slider-pro no-margin-thumbnails vcex-image-gallery-slider clr\" data-thumbnails=\"true\" data-thumbnail-height=\"auto\" data-loop=\"true\" data-auto-play-delay=\"5000\" data-buttons=\"false\" data-animation-speed=\"600\"><div class=\"wpex-slider-slides sp-slides\"><div class=\"wpex-slider-slide sp-slide\"><div class=\"wpex-slider-media\"><img width=\"404\" height=\"234\" src=\"https:\/\/www.cedpe.com\/wp-content\/uploads\/2018\/10\/eventos__item-img.jpg\" class=\"attachment-full size-full\" alt=\"\" srcset=\"https:\/\/www.cedpe.com\/wp-content\/uploads\/2018\/10\/eventos__item-img.jpg 404w, https:\/\/www.cedpe.com\/wp-content\/uploads\/2018\/10\/eventos__item-img-300x174.jpg 300w\" sizes=\"(max-width: 404px) 100vw, 404px\" \/><\/div><\/div><\/div><div class=\"wpex-slider-thumbnails sp-nc-thumbnails cols-5\"><img src=\"https:\/\/www.cedpe.com\/wp-content\/uploads\/2018\/10\/eventos__item-img.jpg\" width=\"404\" height=\"234\" class=\"wpex-slider-thumbnail sp-nc-thumbnail\" alt=\"\" data-no-retina=\"\" \/><\/div><\/div>[vc_column_text el_class=&#8221;eventos_fecha&#8221;]MAY<br \/>\n<strong>18<\/strong><\/p>\n<h4><a href=\"https:\/\/www.cedpe.com\/portfolio-item\/evento-3\/\">Conversatorio XXXVII<\/a><br \/>\nCURSO: <strong>&#8220;LA FUNDAMENTACI\u00d3N DE LA RESPONSABILIDAD PENAL DEL COMPLIANCE OFFICER A TRAV\u00c9S DE SU ESPECIAL POSICI\u00d3N DE GARANTE. A PROP\u00d3SITO DE LA LEY QUE REGULA LA RESPONSABILIDAD ADMINISTRATIVA DE LAS PERSONAS JUR\u00cdDICAS EN EL PER\u00da&#8221;<\/strong><\/h4>\n[\/vc_column_text][vc_column_text el_class=&#8221;eventos_resumen&#8221;]<strong>Organizador(es):<\/strong><br \/>\nCEDPE<\/p>\n<p><strong>Expositor(es):<\/strong><br \/>\nLuis Iberico Casta\u00f1eda &#8211; CEDPE<\/p>\n<p><strong>Lugar y Fecha:<\/strong>\u00a0Sede central del Ministerio P\u00fablico, 18 de mayo de 2011[\/vc_column_text][\/vc_column_inner][\/vc_row_inner][\/vc_tta_section][vc_tta_section title=&#8221;2010&#8243; tab_id=&#8221;2010&#8243; el_class=&#8221;eventos_tab-title&#8221;]<div class=\"vcex-spacing\" style=\"height:35px\"><\/div>[vc_row_inner el_class=&#8221;eventos__row-items&#8221;][vc_column_inner width=&#8221;1\/2&#8243;]<div class=\"wpex-slider-preloaderimg \"><img width=\"404\" height=\"234\" src=\"https:\/\/www.cedpe.com\/wp-content\/uploads\/2018\/10\/eventos__item-img.jpg\" class=\"attachment-full size-full\" alt=\"\" srcset=\"https:\/\/www.cedpe.com\/wp-content\/uploads\/2018\/10\/eventos__item-img.jpg 404w, https:\/\/www.cedpe.com\/wp-content\/uploads\/2018\/10\/eventos__item-img-300x174.jpg 300w\" sizes=\"(max-width: 404px) 100vw, 404px\" \/><\/div><div class=\"vcex-module wpex-slider slider-pro no-margin-thumbnails vcex-image-gallery-slider clr\" data-thumbnails=\"true\" data-thumbnail-height=\"auto\" data-loop=\"true\" data-auto-play-delay=\"5000\" data-buttons=\"false\" data-animation-speed=\"600\"><div class=\"wpex-slider-slides sp-slides\"><div class=\"wpex-slider-slide sp-slide\"><div class=\"wpex-slider-media\"><img width=\"404\" height=\"234\" src=\"https:\/\/www.cedpe.com\/wp-content\/uploads\/2018\/10\/eventos__item-img.jpg\" class=\"attachment-full size-full\" alt=\"\" srcset=\"https:\/\/www.cedpe.com\/wp-content\/uploads\/2018\/10\/eventos__item-img.jpg 404w, https:\/\/www.cedpe.com\/wp-content\/uploads\/2018\/10\/eventos__item-img-300x174.jpg 300w\" sizes=\"(max-width: 404px) 100vw, 404px\" \/><\/div><\/div><\/div><div class=\"wpex-slider-thumbnails sp-nc-thumbnails cols-5\"><img src=\"https:\/\/www.cedpe.com\/wp-content\/uploads\/2018\/10\/eventos__item-img.jpg\" width=\"404\" height=\"234\" class=\"wpex-slider-thumbnail sp-nc-thumbnail\" alt=\"\" data-no-retina=\"\" \/><\/div><\/div>[vc_column_text el_class=&#8221;eventos_fecha&#8221;]NOV<br \/>\n<strong>19<\/strong><\/p>\n<h4>MESA REDONDA: <strong>&#8220;LA FUNDAMENTACI\u00d3N DE LA RESPONSABILIDAD PENAL DEL COMPLIANCE OFFICER A TRAV\u00c9S DE SU ESPECIAL POSICI\u00d3N DE GARANTE. A PROP\u00d3SITO DE LA LEY QUE REGULA LA RESPONSABILIDAD ADMINISTRATIVA DE LAS PERSONAS JUR\u00cdDICAS EN EL PER\u00da&#8221;<\/strong><\/h4>\n[\/vc_column_text][vc_column_text el_class=&#8221;eventos_resumen&#8221;]<strong>Organizador(es):<\/strong><br \/>\nCEDPE<\/p>\n<p><strong>Expositor(es):<\/strong><br \/>\nManuel Cancio Meli\u00e1 &#8211; Universidad Aut\u00f3noma de Madrid (Espa\u00f1a)<\/p>\n<p><strong>Lugar y Fecha:<\/strong>\u00a0Club Empresarial, 19 de noviembre de 2010[\/vc_column_text][\/vc_column_inner][vc_column_inner width=&#8221;1\/2&#8243;]<div class=\"wpex-slider-preloaderimg \"><img width=\"404\" height=\"234\" src=\"https:\/\/www.cedpe.com\/wp-content\/uploads\/2018\/10\/eventos__item-img.jpg\" class=\"attachment-full size-full\" alt=\"\" srcset=\"https:\/\/www.cedpe.com\/wp-content\/uploads\/2018\/10\/eventos__item-img.jpg 404w, https:\/\/www.cedpe.com\/wp-content\/uploads\/2018\/10\/eventos__item-img-300x174.jpg 300w\" sizes=\"(max-width: 404px) 100vw, 404px\" \/><\/div><div class=\"vcex-module wpex-slider slider-pro no-margin-thumbnails vcex-image-gallery-slider clr\" data-thumbnails=\"true\" data-thumbnail-height=\"auto\" data-loop=\"true\" data-auto-play-delay=\"5000\" data-buttons=\"false\" data-animation-speed=\"600\"><div class=\"wpex-slider-slides sp-slides\"><div class=\"wpex-slider-slide sp-slide\"><div class=\"wpex-slider-media\"><img width=\"404\" height=\"234\" src=\"https:\/\/www.cedpe.com\/wp-content\/uploads\/2018\/10\/eventos__item-img.jpg\" class=\"attachment-full size-full\" alt=\"\" srcset=\"https:\/\/www.cedpe.com\/wp-content\/uploads\/2018\/10\/eventos__item-img.jpg 404w, https:\/\/www.cedpe.com\/wp-content\/uploads\/2018\/10\/eventos__item-img-300x174.jpg 300w\" sizes=\"(max-width: 404px) 100vw, 404px\" \/><\/div><\/div><\/div><div class=\"wpex-slider-thumbnails sp-nc-thumbnails cols-5\"><img src=\"https:\/\/www.cedpe.com\/wp-content\/uploads\/2018\/10\/eventos__item-img.jpg\" width=\"404\" height=\"234\" class=\"wpex-slider-thumbnail sp-nc-thumbnail\" alt=\"\" data-no-retina=\"\" \/><\/div><\/div>[vc_column_text el_class=&#8221;eventos_fecha&#8221;]AGO<br \/>\n<strong>09<\/strong><\/p>\n<h4>CURSO: <strong>&#8220;LA FUNDAMENTACI\u00d3N DE LA RESPONSABILIDAD PENAL DEL COMPLIANCE OFFICER A TRAV\u00c9S DE SU ESPECIAL POSICI\u00d3N DE GARANTE. A PROP\u00d3SITO DE LA LEY QUE REGULA LA RESPONSABILIDAD ADMINISTRATIVA DE LAS PERSONAS JUR\u00cdDICAS EN EL PER\u00da&#8221;<\/strong><\/h4>\n[\/vc_column_text][vc_column_text el_class=&#8221;eventos_resumen&#8221;]<strong>Organizador(es):<\/strong><br \/>\nCEDPE<\/p>\n<p><strong>Expositor(es):<\/strong><br \/>\nPablo Talavera Elguera<\/p>\n<p><strong>Lugar y Fecha:<\/strong>\u00a0Estudio Caro &amp; Asociados, 09 de agosto de 2010[\/vc_column_text][\/vc_column_inner][\/vc_row_inner][vc_row_inner el_class=&#8221;eventos__row-items&#8221;][vc_column_inner width=&#8221;1\/2&#8243;]<div class=\"wpex-slider-preloaderimg \"><img width=\"404\" height=\"234\" src=\"https:\/\/www.cedpe.com\/wp-content\/uploads\/2018\/10\/eventos__item-img.jpg\" class=\"attachment-full size-full\" alt=\"\" srcset=\"https:\/\/www.cedpe.com\/wp-content\/uploads\/2018\/10\/eventos__item-img.jpg 404w, https:\/\/www.cedpe.com\/wp-content\/uploads\/2018\/10\/eventos__item-img-300x174.jpg 300w\" sizes=\"(max-width: 404px) 100vw, 404px\" \/><\/div><div class=\"vcex-module wpex-slider slider-pro no-margin-thumbnails vcex-image-gallery-slider clr\" data-thumbnails=\"true\" data-thumbnail-height=\"auto\" data-loop=\"true\" data-auto-play-delay=\"5000\" data-buttons=\"false\" data-animation-speed=\"600\"><div class=\"wpex-slider-slides sp-slides\"><div class=\"wpex-slider-slide sp-slide\"><div class=\"wpex-slider-media\"><img width=\"404\" height=\"234\" src=\"https:\/\/www.cedpe.com\/wp-content\/uploads\/2018\/10\/eventos__item-img.jpg\" class=\"attachment-full size-full\" alt=\"\" srcset=\"https:\/\/www.cedpe.com\/wp-content\/uploads\/2018\/10\/eventos__item-img.jpg 404w, https:\/\/www.cedpe.com\/wp-content\/uploads\/2018\/10\/eventos__item-img-300x174.jpg 300w\" sizes=\"(max-width: 404px) 100vw, 404px\" \/><\/div><\/div><\/div><div class=\"wpex-slider-thumbnails sp-nc-thumbnails cols-5\"><img src=\"https:\/\/www.cedpe.com\/wp-content\/uploads\/2018\/10\/eventos__item-img.jpg\" width=\"404\" height=\"234\" class=\"wpex-slider-thumbnail sp-nc-thumbnail\" alt=\"\" data-no-retina=\"\" \/><\/div><\/div>[vc_column_text el_class=&#8221;eventos_fecha&#8221;]JUL<br \/>\n<strong>15<\/strong><\/p>\n<h4><a href=\"https:\/\/www.cedpe.com\/portfolio-item\/evento-3\/\">Conversatorio XXXVII\u00a0<\/a><br \/>\nSEMINARIO: <strong>&#8220;LA FUNDAMENTACI\u00d3N DE LA RESPONSABILIDAD PENAL DEL COMPLIANCE OFFICER A TRAV\u00c9S DE SU ESPECIAL POSICI\u00d3N DE GARANTE. A PROP\u00d3SITO DE LA LEY QUE REGULA LA RESPONSABILIDAD ADMINISTRATIVA DE LAS PERSONAS JUR\u00cdDICAS EN EL PER\u00da&#8221;<\/strong><\/h4>\n[\/vc_column_text][vc_column_text el_class=&#8221;eventos_resumen&#8221;]<strong>Organizador(es):<\/strong><br \/>\nCEDPE<br \/>\nCorte Superior de Justicia de Huancavelica<\/p>\n<p><strong>Expositor(es):<\/strong><br \/>\nDino Carlos Caro Coria &#8211; CEDPE<br \/>\nLuis Miguel Reyna Alfaro &#8211; CEDPE<br \/>\nAndy Carri\u00f3n Zenteno &#8211; CEDPE<br \/>\nPedro Alva Monge &#8211; CEDPE<\/p>\n<p><strong>Lugar y Fecha:<\/strong>\u00a0Auditorio de la Corte Superior de Justicia de Huancavelica, 15 de julio de 2010[\/vc_column_text][\/vc_column_inner][vc_column_inner width=&#8221;1\/2&#8243;]<div class=\"wpex-slider-preloaderimg \"><img width=\"404\" height=\"234\" src=\"https:\/\/www.cedpe.com\/wp-content\/uploads\/2018\/10\/eventos__item-img.jpg\" class=\"attachment-full size-full\" alt=\"\" srcset=\"https:\/\/www.cedpe.com\/wp-content\/uploads\/2018\/10\/eventos__item-img.jpg 404w, https:\/\/www.cedpe.com\/wp-content\/uploads\/2018\/10\/eventos__item-img-300x174.jpg 300w\" sizes=\"(max-width: 404px) 100vw, 404px\" \/><\/div><div class=\"vcex-module wpex-slider slider-pro no-margin-thumbnails vcex-image-gallery-slider clr\" data-thumbnails=\"true\" data-thumbnail-height=\"auto\" data-loop=\"true\" data-auto-play-delay=\"5000\" data-buttons=\"false\" data-animation-speed=\"600\"><div class=\"wpex-slider-slides sp-slides\"><div class=\"wpex-slider-slide sp-slide\"><div class=\"wpex-slider-media\"><img width=\"404\" height=\"234\" src=\"https:\/\/www.cedpe.com\/wp-content\/uploads\/2018\/10\/eventos__item-img.jpg\" class=\"attachment-full size-full\" alt=\"\" srcset=\"https:\/\/www.cedpe.com\/wp-content\/uploads\/2018\/10\/eventos__item-img.jpg 404w, https:\/\/www.cedpe.com\/wp-content\/uploads\/2018\/10\/eventos__item-img-300x174.jpg 300w\" sizes=\"(max-width: 404px) 100vw, 404px\" \/><\/div><\/div><\/div><div class=\"wpex-slider-thumbnails sp-nc-thumbnails cols-5\"><img src=\"https:\/\/www.cedpe.com\/wp-content\/uploads\/2018\/10\/eventos__item-img.jpg\" width=\"404\" height=\"234\" class=\"wpex-slider-thumbnail sp-nc-thumbnail\" alt=\"\" data-no-retina=\"\" \/><\/div><\/div>[vc_column_text el_class=&#8221;eventos_fecha&#8221;]JUL<br \/>\n<strong>13\u00a0<\/strong><\/p>\n<h4><a href=\"https:\/\/www.cedpe.com\/portfolio-item\/evento-4\/\">Conversatorio XXXVI<\/a><br \/>\nSEMINARIO: <strong>&#8220;LA FUNDAMENTACI\u00d3N DE LA RESPONSABILIDAD PENAL DEL COMPLIANCE OFFICER A TRAV\u00c9S DE SU ESPECIAL POSICI\u00d3N DE GARANTE. A PROP\u00d3SITO DE LA LEY QUE REGULA LA RESPONSABILIDAD ADMINISTRATIVA DE LAS PERSONAS JUR\u00cdDICAS EN EL PER\u00da&#8221;<\/strong><\/h4>\n[\/vc_column_text][vc_column_text el_class=&#8221;eventos_resumen&#8221;]<strong>Organizador(es):<\/strong><br \/>\nCEDPE<br \/>\nEquipo de Ciencias Penales del Taller de Derecho PUCP<\/p>\n<p><strong>Expositor(es):<\/strong><br \/>\nLuis Miguel Reyna Alfaro &#8211; CEDPE<br \/>\nJos\u00e9 Leandro Rea\u00f1o Peschiera &#8211; PUCP<br \/>\nRa\u00fal Pariona Arana &#8211; UNMSM<\/p>\n<p><strong>Lugar y Fecha:<\/strong>\u00a0Auditorio de la Facultad de Derecho de la PUCP, 13 de julio de 2010[\/vc_column_text][\/vc_column_inner][\/vc_row_inner][vc_row_inner el_class=&#8221;eventos__row-items&#8221;][vc_column_inner width=&#8221;1\/2&#8243;]<div class=\"wpex-slider-preloaderimg \"><img width=\"404\" height=\"234\" src=\"https:\/\/www.cedpe.com\/wp-content\/uploads\/2018\/10\/eventos__item-img.jpg\" class=\"attachment-full size-full\" alt=\"\" srcset=\"https:\/\/www.cedpe.com\/wp-content\/uploads\/2018\/10\/eventos__item-img.jpg 404w, https:\/\/www.cedpe.com\/wp-content\/uploads\/2018\/10\/eventos__item-img-300x174.jpg 300w\" sizes=\"(max-width: 404px) 100vw, 404px\" \/><\/div><div class=\"vcex-module wpex-slider slider-pro no-margin-thumbnails vcex-image-gallery-slider clr\" data-thumbnails=\"true\" data-thumbnail-height=\"auto\" data-loop=\"true\" data-auto-play-delay=\"5000\" data-buttons=\"false\" data-animation-speed=\"600\"><div class=\"wpex-slider-slides sp-slides\"><div class=\"wpex-slider-slide sp-slide\"><div class=\"wpex-slider-media\"><img width=\"404\" height=\"234\" src=\"https:\/\/www.cedpe.com\/wp-content\/uploads\/2018\/10\/eventos__item-img.jpg\" class=\"attachment-full size-full\" alt=\"\" srcset=\"https:\/\/www.cedpe.com\/wp-content\/uploads\/2018\/10\/eventos__item-img.jpg 404w, https:\/\/www.cedpe.com\/wp-content\/uploads\/2018\/10\/eventos__item-img-300x174.jpg 300w\" sizes=\"(max-width: 404px) 100vw, 404px\" \/><\/div><\/div><\/div><div class=\"wpex-slider-thumbnails sp-nc-thumbnails cols-5\"><img src=\"https:\/\/www.cedpe.com\/wp-content\/uploads\/2018\/10\/eventos__item-img.jpg\" width=\"404\" height=\"234\" class=\"wpex-slider-thumbnail sp-nc-thumbnail\" alt=\"\" data-no-retina=\"\" \/><\/div><\/div>[vc_column_text el_class=&#8221;eventos_fecha&#8221;]JUL<br \/>\n<strong>05<\/strong><\/p>\n<h4><a href=\"https:\/\/www.cedpe.com\/portfolio-item\/evento-3\/\">Conversatorio XXXVII\u00a0<\/a><br \/>\nSEMINARIO INTERNACIONAL: <strong>&#8220;LA FUNDAMENTACI\u00d3N DE LA RESPONSABILIDAD PENAL DEL COMPLIANCE OFFICER A TRAV\u00c9S DE SU ESPECIAL POSICI\u00d3N DE GARANTE. A PROP\u00d3SITO DE LA LEY QUE REGULA LA RESPONSABILIDAD ADMINISTRATIVA DE LAS PERSONAS JUR\u00cdDICAS EN EL PER\u00da&#8221;<\/strong><\/h4>\n[\/vc_column_text][vc_column_text el_class=&#8221;eventos_resumen&#8221;]<strong>Organizador(es):<\/strong><br \/>\nCEDPE<br \/>\nCentro de Investigaciones Judiciales del Poder Judicial<\/p>\n<p><strong>Expositor(es):<\/strong><br \/>\nJavier Villa Stein &#8211; Presidente del Poder Judicial<br \/>\nC\u00e9sar San Mart\u00edn Castro &#8211; Juez Supremo<br \/>\nJavier Villa Stein &#8211; Presidente del Poder Judicial<br \/>\nC\u00e9sar San Mart\u00edn Castro &#8211; Juez Supremo<br \/>\nJos\u00e9 Miguel Zugald\u00eda Espinar &#8211; Universidad de Granada (Espa\u00f1a)<br \/>\nEsteban P\u00e9rez Alonso &#8211; Universidad de Granada (Espa\u00f1a)<br \/>\nElena Mar\u00edn de Espinosa Ceballos &#8211; Universidad de Granada (Espa\u00f1a)<br \/>\nDino Carlos Caro Coria &#8211; CEDPE<br \/>\nLuis Miguel Reyna Alfaro &#8211; CEDPE<\/p>\n<p><strong>Lugar y Fecha:<\/strong>\u00a0Sala de Juramentos de la Corte Suprema de Justicia de la Rep\u00fablica, 05 de julio de 2010[\/vc_column_text][\/vc_column_inner][vc_column_inner width=&#8221;1\/2&#8243;]<div class=\"wpex-slider-preloaderimg \"><img width=\"404\" height=\"234\" src=\"https:\/\/www.cedpe.com\/wp-content\/uploads\/2018\/10\/eventos__item-img.jpg\" class=\"attachment-full size-full\" alt=\"\" srcset=\"https:\/\/www.cedpe.com\/wp-content\/uploads\/2018\/10\/eventos__item-img.jpg 404w, https:\/\/www.cedpe.com\/wp-content\/uploads\/2018\/10\/eventos__item-img-300x174.jpg 300w\" sizes=\"(max-width: 404px) 100vw, 404px\" \/><\/div><div class=\"vcex-module wpex-slider slider-pro no-margin-thumbnails vcex-image-gallery-slider clr\" data-thumbnails=\"true\" data-thumbnail-height=\"auto\" data-loop=\"true\" data-auto-play-delay=\"5000\" data-buttons=\"false\" data-animation-speed=\"600\"><div class=\"wpex-slider-slides sp-slides\"><div class=\"wpex-slider-slide sp-slide\"><div class=\"wpex-slider-media\"><img width=\"404\" height=\"234\" src=\"https:\/\/www.cedpe.com\/wp-content\/uploads\/2018\/10\/eventos__item-img.jpg\" class=\"attachment-full size-full\" alt=\"\" srcset=\"https:\/\/www.cedpe.com\/wp-content\/uploads\/2018\/10\/eventos__item-img.jpg 404w, https:\/\/www.cedpe.com\/wp-content\/uploads\/2018\/10\/eventos__item-img-300x174.jpg 300w\" sizes=\"(max-width: 404px) 100vw, 404px\" \/><\/div><\/div><\/div><div class=\"wpex-slider-thumbnails sp-nc-thumbnails cols-5\"><img src=\"https:\/\/www.cedpe.com\/wp-content\/uploads\/2018\/10\/eventos__item-img.jpg\" width=\"404\" height=\"234\" class=\"wpex-slider-thumbnail sp-nc-thumbnail\" alt=\"\" data-no-retina=\"\" \/><\/div><\/div>[vc_column_text el_class=&#8221;eventos_fecha&#8221;]JUN<br \/>\n<strong>04\u00a0<\/strong><\/p>\n<h4><a href=\"https:\/\/www.cedpe.com\/portfolio-item\/evento-4\/\">Conversatorio XXXVI<\/a><br \/>\nCONFERENCIA: <strong>&#8220;LA FUNDAMENTACI\u00d3N DE LA RESPONSABILIDAD PENAL DEL COMPLIANCE OFFICER A TRAV\u00c9S DE SU ESPECIAL POSICI\u00d3N DE GARANTE. A PROP\u00d3SITO DE LA LEY QUE REGULA LA RESPONSABILIDAD ADMINISTRATIVA DE LAS PERSONAS JUR\u00cdDICAS EN EL PER\u00da&#8221;<\/strong><\/h4>\n[\/vc_column_text][vc_column_text el_class=&#8221;eventos_resumen&#8221;]<strong>Organizador(es):<\/strong><br \/>\nCEDPE<br \/>\nCorte Superior de Justicia de Ca\u00f1ete<\/p>\n<p><strong>Expositor(es):<\/strong><br \/>\nDino Carlos Caro Coria &#8211; CEDPE<\/p>\n<p><strong>Lugar y Fecha:<\/strong>\u00a0Auditorio de la Corte Superior de Justicia de Ca\u00f1ete, 04 de junio de 2010[\/vc_column_text][\/vc_column_inner][\/vc_row_inner][vc_row_inner el_class=&#8221;eventos__row-items&#8221;][vc_column_inner width=&#8221;1\/2&#8243;]<div class=\"wpex-slider-preloaderimg \"><img width=\"404\" height=\"234\" src=\"https:\/\/www.cedpe.com\/wp-content\/uploads\/2018\/10\/eventos__item-img.jpg\" class=\"attachment-full size-full\" alt=\"\" srcset=\"https:\/\/www.cedpe.com\/wp-content\/uploads\/2018\/10\/eventos__item-img.jpg 404w, https:\/\/www.cedpe.com\/wp-content\/uploads\/2018\/10\/eventos__item-img-300x174.jpg 300w\" sizes=\"(max-width: 404px) 100vw, 404px\" \/><\/div><div class=\"vcex-module wpex-slider slider-pro no-margin-thumbnails vcex-image-gallery-slider clr\" data-thumbnails=\"true\" data-thumbnail-height=\"auto\" data-loop=\"true\" data-auto-play-delay=\"5000\" data-buttons=\"false\" data-animation-speed=\"600\"><div class=\"wpex-slider-slides sp-slides\"><div class=\"wpex-slider-slide sp-slide\"><div class=\"wpex-slider-media\"><img width=\"404\" height=\"234\" src=\"https:\/\/www.cedpe.com\/wp-content\/uploads\/2018\/10\/eventos__item-img.jpg\" class=\"attachment-full size-full\" alt=\"\" srcset=\"https:\/\/www.cedpe.com\/wp-content\/uploads\/2018\/10\/eventos__item-img.jpg 404w, https:\/\/www.cedpe.com\/wp-content\/uploads\/2018\/10\/eventos__item-img-300x174.jpg 300w\" sizes=\"(max-width: 404px) 100vw, 404px\" \/><\/div><\/div><\/div><div class=\"wpex-slider-thumbnails sp-nc-thumbnails cols-5\"><img src=\"https:\/\/www.cedpe.com\/wp-content\/uploads\/2018\/10\/eventos__item-img.jpg\" width=\"404\" height=\"234\" class=\"wpex-slider-thumbnail sp-nc-thumbnail\" alt=\"\" data-no-retina=\"\" \/><\/div><\/div>[vc_column_text el_class=&#8221;eventos_fecha&#8221;]JUL<br \/>\n<strong>15<\/strong><\/p>\n<h4><a href=\"https:\/\/www.cedpe.com\/portfolio-item\/evento-3\/\">Conversatorio XXXVII\u00a0<\/a><br \/>\nSEMINARIO: <strong>&#8220;LA FUNDAMENTACI\u00d3N DE LA RESPONSABILIDAD PENAL DEL COMPLIANCE OFFICER A TRAV\u00c9S DE SU ESPECIAL POSICI\u00d3N DE GARANTE. A PROP\u00d3SITO DE LA LEY QUE REGULA LA RESPONSABILIDAD ADMINISTRATIVA DE LAS PERSONAS JUR\u00cdDICAS EN EL PER\u00da&#8221;<\/strong><\/h4>\n[\/vc_column_text][vc_column_text el_class=&#8221;eventos_resumen&#8221;]<strong>Organizador(es):<\/strong><br \/>\nCEDPE<br \/>\nComisi\u00f3n de Capacitaci\u00f3n del \u00c1rea Penal de la Corte Superior de Justicia de Lima<\/p>\n<p><strong>Expositor(es):<\/strong><br \/>\nRicardo Brousset Salas &#8211; Presidente de la Sala Penal Nacional<br \/>\nAldo Figueroa Navarro &#8211; Vocal Superior Penal<br \/>\nDino Carlos Caro Coria &#8211; CEDPE<br \/>\nFernando Iberico Casta\u00f1eda &#8211; CEDPE<br \/>\nLuis Miguel Reyna Alfaro &#8211; CEDPE<br \/>\nGerman Small Arana<br \/>\nManuel Loyola Flori\u00e1n &#8211; Juez Penal Supraprovincial<\/p>\n<p><strong>Lugar y Fecha:<\/strong>\u00a0Sala de Juramentos de la Corte Suprema de Justicia de la Rep\u00fablica., 12 de mayo de 2010[\/vc_column_text][\/vc_column_inner][\/vc_row_inner][\/vc_tta_section][vc_tta_section title=&#8221;2009&#8243; tab_id=&#8221;2009&#8243; el_class=&#8221;eventos_tab-title&#8221;]<div class=\"vcex-spacing\" style=\"height:35px\"><\/div>[vc_row_inner el_class=&#8221;eventos__row-items&#8221;][vc_column_inner width=&#8221;1\/2&#8243;]<div class=\"wpex-slider-preloaderimg \"><img width=\"404\" height=\"234\" src=\"https:\/\/www.cedpe.com\/wp-content\/uploads\/2018\/10\/eventos__item-img.jpg\" class=\"attachment-full size-full\" alt=\"\" srcset=\"https:\/\/www.cedpe.com\/wp-content\/uploads\/2018\/10\/eventos__item-img.jpg 404w, https:\/\/www.cedpe.com\/wp-content\/uploads\/2018\/10\/eventos__item-img-300x174.jpg 300w\" sizes=\"(max-width: 404px) 100vw, 404px\" \/><\/div><div class=\"vcex-module wpex-slider slider-pro no-margin-thumbnails vcex-image-gallery-slider clr\" data-thumbnails=\"true\" data-thumbnail-height=\"auto\" data-loop=\"true\" data-auto-play-delay=\"5000\" data-buttons=\"false\" data-animation-speed=\"600\"><div class=\"wpex-slider-slides sp-slides\"><div class=\"wpex-slider-slide sp-slide\"><div class=\"wpex-slider-media\"><img width=\"404\" height=\"234\" src=\"https:\/\/www.cedpe.com\/wp-content\/uploads\/2018\/10\/eventos__item-img.jpg\" class=\"attachment-full size-full\" alt=\"\" srcset=\"https:\/\/www.cedpe.com\/wp-content\/uploads\/2018\/10\/eventos__item-img.jpg 404w, https:\/\/www.cedpe.com\/wp-content\/uploads\/2018\/10\/eventos__item-img-300x174.jpg 300w\" sizes=\"(max-width: 404px) 100vw, 404px\" \/><\/div><\/div><\/div><div class=\"wpex-slider-thumbnails sp-nc-thumbnails cols-5\"><img src=\"https:\/\/www.cedpe.com\/wp-content\/uploads\/2018\/10\/eventos__item-img.jpg\" width=\"404\" height=\"234\" class=\"wpex-slider-thumbnail sp-nc-thumbnail\" alt=\"\" data-no-retina=\"\" \/><\/div><\/div>[vc_column_text el_class=&#8221;eventos_fecha&#8221;]NOV<br \/>\n<strong>05<\/strong><\/p>\n<h4>CURSO: <strong>&#8220;LA FUNDAMENTACI\u00d3N DE LA RESPONSABILIDAD PENAL DEL COMPLIANCE OFFICER A TRAV\u00c9S DE SU ESPECIAL POSICI\u00d3N DE GARANTE. A PROP\u00d3SITO DE LA LEY QUE REGULA LA RESPONSABILIDAD ADMINISTRATIVA DE LAS PERSONAS JUR\u00cdDICAS EN EL PER\u00da&#8221;<\/strong><\/h4>\n[\/vc_column_text][vc_column_text el_class=&#8221;eventos_resumen&#8221;]<strong>Organizador(es):<\/strong><br \/>\nCEDPE<\/p>\n<p><strong>Expositor(es):<\/strong><br \/>\nPablo Talavera Elguera<\/p>\n<p><strong>Lugar y Fecha:<\/strong>\u00a0Estudio Caro &amp; Asociados, 15 de febrero de 2009[\/vc_column_text][\/vc_column_inner][vc_column_inner width=&#8221;1\/2&#8243;]<div class=\"wpex-slider-preloaderimg \"><img width=\"404\" height=\"234\" src=\"https:\/\/www.cedpe.com\/wp-content\/uploads\/2018\/10\/eventos__item-img.jpg\" class=\"attachment-full size-full\" alt=\"\" srcset=\"https:\/\/www.cedpe.com\/wp-content\/uploads\/2018\/10\/eventos__item-img.jpg 404w, https:\/\/www.cedpe.com\/wp-content\/uploads\/2018\/10\/eventos__item-img-300x174.jpg 300w\" sizes=\"(max-width: 404px) 100vw, 404px\" \/><\/div><div class=\"vcex-module wpex-slider slider-pro no-margin-thumbnails vcex-image-gallery-slider clr\" data-thumbnails=\"true\" data-thumbnail-height=\"auto\" data-loop=\"true\" data-auto-play-delay=\"5000\" data-buttons=\"false\" data-animation-speed=\"600\"><div class=\"wpex-slider-slides sp-slides\"><div class=\"wpex-slider-slide sp-slide\"><div class=\"wpex-slider-media\"><img width=\"404\" height=\"234\" src=\"https:\/\/www.cedpe.com\/wp-content\/uploads\/2018\/10\/eventos__item-img.jpg\" class=\"attachment-full size-full\" alt=\"\" srcset=\"https:\/\/www.cedpe.com\/wp-content\/uploads\/2018\/10\/eventos__item-img.jpg 404w, https:\/\/www.cedpe.com\/wp-content\/uploads\/2018\/10\/eventos__item-img-300x174.jpg 300w\" sizes=\"(max-width: 404px) 100vw, 404px\" \/><\/div><\/div><\/div><div class=\"wpex-slider-thumbnails sp-nc-thumbnails cols-5\"><img src=\"https:\/\/www.cedpe.com\/wp-content\/uploads\/2018\/10\/eventos__item-img.jpg\" width=\"404\" height=\"234\" class=\"wpex-slider-thumbnail sp-nc-thumbnail\" alt=\"\" data-no-retina=\"\" \/><\/div><\/div>[vc_column_text el_class=&#8221;eventos_fecha&#8221;]NOV<br \/>\n<strong>05<\/strong><\/p>\n<h4>CURSO: <strong>&#8220;LA FUNDAMENTACI\u00d3N DE LA RESPONSABILIDAD PENAL DEL COMPLIANCE OFFICER A TRAV\u00c9S DE SU ESPECIAL POSICI\u00d3N DE GARANTE. A PROP\u00d3SITO DE LA LEY QUE REGULA LA RESPONSABILIDAD ADMINISTRATIVA DE LAS PERSONAS JUR\u00cdDICAS EN EL PER\u00da&#8221;<\/strong><\/h4>\n[\/vc_column_text][vc_column_text el_class=&#8221;eventos_resumen&#8221;]<strong>Organizador(es):<\/strong><br \/>\nCEDPE<\/p>\n<p><strong>Expositor(es):<\/strong><br \/>\nRoc\u00edo del Pilar Salcedo Machado &#8211; CEDPE<\/p>\n<p><strong>Lugar y Fecha:<\/strong>\u00a0Estudio Caro &amp; Asociados, 05 de noviembre de 2009[\/vc_column_text][\/vc_column_inner][\/vc_row_inner][vc_row_inner el_class=&#8221;eventos__row-items&#8221;][vc_column_inner width=&#8221;1\/2&#8243;]<div class=\"wpex-slider-preloaderimg \"><img width=\"404\" height=\"234\" src=\"https:\/\/www.cedpe.com\/wp-content\/uploads\/2018\/10\/eventos__item-img.jpg\" class=\"attachment-full size-full\" alt=\"\" srcset=\"https:\/\/www.cedpe.com\/wp-content\/uploads\/2018\/10\/eventos__item-img.jpg 404w, https:\/\/www.cedpe.com\/wp-content\/uploads\/2018\/10\/eventos__item-img-300x174.jpg 300w\" sizes=\"(max-width: 404px) 100vw, 404px\" \/><\/div><div class=\"vcex-module wpex-slider slider-pro no-margin-thumbnails vcex-image-gallery-slider clr\" data-thumbnails=\"true\" data-thumbnail-height=\"auto\" data-loop=\"true\" data-auto-play-delay=\"5000\" data-buttons=\"false\" data-animation-speed=\"600\"><div class=\"wpex-slider-slides sp-slides\"><div class=\"wpex-slider-slide sp-slide\"><div class=\"wpex-slider-media\"><img width=\"404\" height=\"234\" src=\"https:\/\/www.cedpe.com\/wp-content\/uploads\/2018\/10\/eventos__item-img.jpg\" class=\"attachment-full size-full\" alt=\"\" srcset=\"https:\/\/www.cedpe.com\/wp-content\/uploads\/2018\/10\/eventos__item-img.jpg 404w, https:\/\/www.cedpe.com\/wp-content\/uploads\/2018\/10\/eventos__item-img-300x174.jpg 300w\" sizes=\"(max-width: 404px) 100vw, 404px\" \/><\/div><\/div><\/div><div class=\"wpex-slider-thumbnails sp-nc-thumbnails cols-5\"><img src=\"https:\/\/www.cedpe.com\/wp-content\/uploads\/2018\/10\/eventos__item-img.jpg\" width=\"404\" height=\"234\" class=\"wpex-slider-thumbnail sp-nc-thumbnail\" alt=\"\" data-no-retina=\"\" \/><\/div><\/div>[vc_column_text el_class=&#8221;eventos_fecha&#8221;]OCT<br \/>\n<strong>20<\/strong><\/p>\n<h4>CURSO: <strong>&#8220;LA FUNDAMENTACI\u00d3N DE LA RESPONSABILIDAD PENAL DEL COMPLIANCE OFFICER A TRAV\u00c9S DE SU ESPECIAL POSICI\u00d3N DE GARANTE. A PROP\u00d3SITO DE LA LEY QUE REGULA LA RESPONSABILIDAD ADMINISTRATIVA DE LAS PERSONAS JUR\u00cdDICAS EN EL PER\u00da&#8221;<\/strong><\/h4>\n[\/vc_column_text][vc_column_text el_class=&#8221;eventos_resumen&#8221;]<strong>Organizador(es):<\/strong><br \/>\nCEDPE<\/p>\n<p><strong>Expositor(es):<\/strong><br \/>\nManuel Abanto V\u00e1squez<\/p>\n<p><strong>Lugar y Fecha:<\/strong>\u00a0Estudio Caro &amp; Asociados, 20 de octubre de 2009[\/vc_column_text][\/vc_column_inner][\/vc_row_inner][\/vc_tta_section][\/vc_tta_tabs][\/vc_column][\/vc_row]\n","protected":false},"excerpt":{"rendered":"<p>[vc_row][vc_column][rev_slider_vc alias=&#8221;slider-events-en&#8221;][\/vc_column][\/vc_row][vc_row full_width=&#8221;stretch_row&#8221; css=&#8221;.vc_custom_1539988478834{background-color: #f0f0f0 !important;}&#8221; el_id=&#8221;eventos_tabs-container&#8221;][vc_column][vc_tta_tabs alignment=&#8221;center&#8221; active_section=&#8221;1&#8243; no_fill_content_area=&#8221;true&#8221; el_class=&#8221;eventos_tabs&#8221;][vc_tta_section title=&#8221;2018&#8243; tab_id=&#8221;2018&#8243; el_class=&#8221;eventos_tab-title&#8221;][vc_row_inner el_class=&#8221;eventos__row-items&#8221;][vc_column_inner width=&#8221;1\/2&#8243;][vc_column_text el_class=&#8221;eventos_fecha&#8221;]OCT 19 LII Conversatorio del CEDPE &#8220;Tendencias del Derecho Penal Econ\u00f3mico y el Compliance en Espa\u00f1a y Alemania&#8221; [\/vc_column_text][vc_column_text el_class=&#8221;eventos_resumen&#8221;] Organizador(es): CEDPE Panelista(s): Prof.&hellip;<\/p>\n","protected":false},"author":1,"featured_media":0,"parent":0,"menu_order":0,"comment_status":"closed","ping_status":"closed","template":"","meta":[],"_links":{"self":[{"href":"https:\/\/www.cedpe.com\/en\/wp-json\/wp\/v2\/pages\/1062"}],"collection":[{"href":"https:\/\/www.cedpe.com\/en\/wp-json\/wp\/v2\/pages"}],"about":[{"href":"https:\/\/www.cedpe.com\/en\/wp-json\/wp\/v2\/types\/page"}],"author":[{"embeddable":true,"href":"https:\/\/www.cedpe.com\/en\/wp-json\/wp\/v2\/users\/1"}],"replies":[{"embeddable":true,"href":"https:\/\/www.cedpe.com\/en\/wp-json\/wp\/v2\/comments?post=1062"}],"version-history":[{"count":2,"href":"https:\/\/www.cedpe.com\/en\/wp-json\/wp\/v2\/pages\/1062\/revisions"}],"predecessor-version":[{"id":2117,"href":"https:\/\/www.cedpe.com\/en\/wp-json\/wp\/v2\/pages\/1062\/revisions\/2117"}],"wp:attachment":[{"href":"https:\/\/www.cedpe.com\/en\/wp-json\/wp\/v2\/media?parent=1062"}],"curies":[{"name":"wp","href":"https:\/\/api.w.org\/{rel}","templated":true}]}}